{"id":230757,"date":"2023-05-11T23:41:53","date_gmt":"2023-05-11T23:41:53","guid":{"rendered":"https:\/\/www.afroheritage.ca\/le-projet\/"},"modified":"2024-06-14T22:47:50","modified_gmt":"2024-06-14T22:47:50","slug":"le-projet","status":"publish","type":"page","link":"https:\/\/www.afroheritage.ca\/fr\/le-projet\/","title":{"rendered":"Le Projet"},"content":{"rendered":"<p>[et_pb_section fb_built=\u00a0\u00bb1&Prime; _builder_version=\u00a0\u00bb4.25.1&Prime; background_color=\u00a0\u00bbgcid-929d50d3-7c67-4b13-8919-22366598db4e\u00a0\u00bb custom_padding=\u00a0\u00bb5vw||5vw||true|false\u00a0\u00bb animation_style=\u00a0\u00bbfade\u00a0\u00bb da_disable_devices=\u00a0\u00bboff|off|off\u00a0\u00bb saved_tabs=\u00a0\u00bball\u00a0\u00bb global_colors_info=\u00a0\u00bb{%22gcid-929d50d3-7c67-4b13-8919-22366598db4e%22:%91%22background_color%22%93}\u00a0\u00bb da_is_popup=\u00a0\u00bboff\u00a0\u00bb da_exit_intent=\u00a0\u00bboff\u00a0\u00bb da_has_close=\u00a0\u00bbon\u00a0\u00bb da_alt_close=\u00a0\u00bboff\u00a0\u00bb da_dark_close=\u00a0\u00bboff\u00a0\u00bb da_not_modal=\u00a0\u00bbon\u00a0\u00bb da_is_singular=\u00a0\u00bboff\u00a0\u00bb da_with_loader=\u00a0\u00bboff\u00a0\u00bb da_has_shadow=\u00a0\u00bbon\u00a0\u00bb][et_pb_row _builder_version=\u00a0\u00bb4.16&Prime; custom_padding=\u00a0\u00bb0px||0px|||\u00a0\u00bb global_colors_info=\u00a0\u00bb{}\u00a0\u00bb][et_pb_column type=\u00a0\u00bb4_4&Prime; _builder_version=\u00a0\u00bb4.16&Prime; custom_padding=\u00a0\u00bb|||\u00a0\u00bb global_colors_info=\u00a0\u00bb{}\u00a0\u00bb custom_padding__hover=\u00a0\u00bb|||\u00a0\u00bb][et_pb_post_title meta=\u00a0\u00bboff\u00a0\u00bb featured_image=\u00a0\u00bboff\u00a0\u00bb _builder_version=\u00a0\u00bb4.25.1&Prime; title_font=\u00a0\u00bbPT Serif|700||on|||||\u00a0\u00bb title_text_align=\u00a0\u00bbleft\u00a0\u00bb title_text_color=\u00a0\u00bb#ffffff\u00a0\u00bb title_font_size=\u00a0\u00bb30px\u00a0\u00bb title_font_size_tablet=\u00a0\u00bb\u00a0\u00bb title_font_size_phone=\u00a0\u00bb20px\u00a0\u00bb title_font_size_last_edited=\u00a0\u00bbon|desktop\u00a0\u00bb global_colors_info=\u00a0\u00bb{}\u00a0\u00bb][\/et_pb_post_title][\/et_pb_column][\/et_pb_row][\/et_pb_section][et_pb_section fb_built=\u00a0\u00bb1&Prime; _builder_version=\u00a0\u00bb4.16&Prime; custom_padding=\u00a0\u00bb80px|0px|80px|0px|true|false\u00a0\u00bb da_disable_devices=\u00a0\u00bboff|off|off\u00a0\u00bb global_colors_info=\u00a0\u00bb{}\u00a0\u00bb da_is_popup=\u00a0\u00bboff\u00a0\u00bb da_exit_intent=\u00a0\u00bboff\u00a0\u00bb da_has_close=\u00a0\u00bbon\u00a0\u00bb da_alt_close=\u00a0\u00bboff\u00a0\u00bb da_dark_close=\u00a0\u00bboff\u00a0\u00bb da_not_modal=\u00a0\u00bbon\u00a0\u00bb da_is_singular=\u00a0\u00bboff\u00a0\u00bb da_with_loader=\u00a0\u00bboff\u00a0\u00bb da_has_shadow=\u00a0\u00bbon\u00a0\u00bb][et_pb_row _builder_version=\u00a0\u00bb4.25.1&Prime; custom_padding=\u00a0\u00bb0px|0px|2vw|0px|false|false\u00a0\u00bb global_colors_info=\u00a0\u00bb{}\u00a0\u00bb][et_pb_column type=\u00a0\u00bb4_4&Prime; _builder_version=\u00a0\u00bb4.16&Prime; custom_padding=\u00a0\u00bb|||\u00a0\u00bb global_colors_info=\u00a0\u00bb{}\u00a0\u00bb custom_padding__hover=\u00a0\u00bb|||\u00a0\u00bb][et_pb_text _builder_version=\u00a0\u00bb4.25.1&Prime; _module_preset=\u00a0\u00bbdefault\u00a0\u00bb header_2_font=\u00a0\u00bbPT Serif|700||on|||||\u00a0\u00bb header_2_text_align=\u00a0\u00bbcenter\u00a0\u00bb header_2_text_color=\u00a0\u00bbgcid-929d50d3-7c67-4b13-8919-22366598db4e\u00a0\u00bb width_tablet=\u00a0\u00bb\u00a0\u00bb width_phone=\u00a0\u00bb90%\u00a0\u00bb width_last_edited=\u00a0\u00bbon|phone\u00a0\u00bb max_width_tablet=\u00a0\u00bb\u00a0\u00bb max_width_phone=\u00a0\u00bb100%\u00a0\u00bb max_width_last_edited=\u00a0\u00bbon|phone\u00a0\u00bb custom_margin=\u00a0\u00bb||1vw||false|false\u00a0\u00bb global_colors_info=\u00a0\u00bb{%22gcid-929d50d3-7c67-4b13-8919-22366598db4e%22:%91%22header_2_text_color%22%93}\u00a0\u00bb]<\/p>\n<h2>Avant ce projet, les griots existaient<\/h2>\n<p>[\/et_pb_text][et_pb_text _builder_version=\u00a0\u00bb4.25.1&Prime; text_font=\u00a0\u00bb||||||||\u00a0\u00bb text_text_color=\u00a0\u00bb#000000&Prime; text_orientation=\u00a0\u00bbcenter\u00a0\u00bb max_width=\u00a0\u00bb100%\u00a0\u00bb max_width_tablet=\u00a0\u00bb80%\u00a0\u00bb max_width_phone=\u00a0\u00bb100%\u00a0\u00bb max_width_last_edited=\u00a0\u00bbon|desktop\u00a0\u00bb module_alignment=\u00a0\u00bbcenter\u00a0\u00bb custom_margin=\u00a0\u00bb-5px||\u00a0\u00bb custom_padding=\u00a0\u00bb0px||\u00a0\u00bb text_font_size_tablet=\u00a0\u00bb\u00a0\u00bb text_font_size_phone=\u00a0\u00bb16px\u00a0\u00bb text_font_size_last_edited=\u00a0\u00bbon|phone\u00a0\u00bb global_colors_info=\u00a0\u00bb{}\u00a0\u00bb]<\/p>\n<p>et ils continueront d&rsquo;exister longtemps apr\u00e8s. L&rsquo;essence de ce projet est d&rsquo;explorer l&rsquo;inspiration qui sous-tend l&rsquo;unification des histoires des griots du Canada. Dans les cultures d&rsquo;Afrique de l&rsquo;Ouest, les griots n&rsquo;\u00e9taient pas seulement des conteurs, des musiciens ou des po\u00e8tes ; ils \u00e9taient les gardiens et les transmetteurs du savoir. Ils ont transport\u00e9 nos histoires de l&rsquo;autre c\u00f4t\u00e9 de l&rsquo;Atlantique, comme un phare assurant la continuit\u00e9 de nos r\u00e9cits.<\/p>\n<p>[\/et_pb_text][\/et_pb_column][\/et_pb_row][et_pb_row column_structure=\u00a0\u00bb1_5,3_5,1_5&Prime; use_custom_gutter=\u00a0\u00bbon\u00a0\u00bb gutter_width=\u00a0\u00bb1&Prime; _builder_version=\u00a0\u00bb4.25.1&Prime; background_enable_color=\u00a0\u00bboff\u00a0\u00bb custom_padding=\u00a0\u00bb0px|0px|0px|0px|false|false\u00a0\u00bb border_radii=\u00a0\u00bbon|5px|5px|5px|5px\u00a0\u00bb global_colors_info=\u00a0\u00bb{}\u00a0\u00bb][et_pb_column type=\u00a0\u00bb1_5&Prime; _builder_version=\u00a0\u00bb4.25.1&Prime; global_colors_info=\u00a0\u00bb{}\u00a0\u00bb custom_padding__hover=\u00a0\u00bb|||\u00a0\u00bb][\/et_pb_column][et_pb_column type=\u00a0\u00bb3_5&Prime; _builder_version=\u00a0\u00bb4.25.1&Prime; global_colors_info=\u00a0\u00bb{}\u00a0\u00bb custom_padding__hover=\u00a0\u00bb|||\u00a0\u00bb][aioc_image_carousel cards_per_slide=\u00a0\u00bb1&Prime; space_between_slides=\u00a0\u00bb10px\u00a0\u00bb equalize_slides_height=\u00a0\u00bbon\u00a0\u00bb content_bg_color=\u00a0\u00bb#000000&Prime; _builder_version=\u00a0\u00bb4.25.1&Prime; _module_preset=\u00a0\u00bbdefault\u00a0\u00bb title_font=\u00a0\u00bbPT Serif||||||||\u00a0\u00bb title_text_color=\u00a0\u00bb#FFFFFF\u00a0\u00bb title_font_size=\u00a0\u00bb20px\u00a0\u00bb subtitle_font=\u00a0\u00bbNoto Sans|300|||||||\u00a0\u00bb subtitle_text_color=\u00a0\u00bb#FFFFFF\u00a0\u00bb subtitle_font_size=\u00a0\u00bb18px\u00a0\u00bb global_colors_info=\u00a0\u00bb{}\u00a0\u00bb][aioc_image_carousel_item title=\u00a0\u00bbThis is the title\u00a0\u00bb subtitle=\u00a0\u00bbThis is the sub title\u00a0\u00bb image=\u00a0\u00bbhttps:\/\/www.afroheritage.ca\/wp-content\/uploads\/2024\/06\/4KjvILvBnEk-HD.jpg\u00a0\u00bb _builder_version=\u00a0\u00bb4.25.1&Prime; _module_preset=\u00a0\u00bbdefault\u00a0\u00bb global_colors_info=\u00a0\u00bb{}\u00a0\u00bb][\/aioc_image_carousel_item][aioc_image_carousel_item image=\u00a0\u00bbhttps:\/\/www.afroheritage.ca\/wp-content\/uploads\/2024\/06\/IMG_0882.jpg\u00a0\u00bb _builder_version=\u00a0\u00bb4.25.1&Prime; _module_preset=\u00a0\u00bbdefault\u00a0\u00bb global_colors_info=\u00a0\u00bb{}\u00a0\u00bb][\/aioc_image_carousel_item][aioc_image_carousel_item image=\u00a0\u00bbhttps:\/\/www.afroheritage.ca\/wp-content\/uploads\/2024\/06\/IMG_0882.jpg\u00a0\u00bb _builder_version=\u00a0\u00bb4.25.1&Prime; _module_preset=\u00a0\u00bbdefault\u00a0\u00bb global_colors_info=\u00a0\u00bb{}\u00a0\u00bb][\/aioc_image_carousel_item][aioc_image_carousel_item image=\u00a0\u00bbhttps:\/\/www.afroheritage.ca\/wp-content\/uploads\/2024\/06\/IMG_0947.jpg\u00a0\u00bb _builder_version=\u00a0\u00bb4.25.1&Prime; _module_preset=\u00a0\u00bbdefault\u00a0\u00bb global_colors_info=\u00a0\u00bb{}\u00a0\u00bb][\/aioc_image_carousel_item][aioc_image_carousel_item image=\u00a0\u00bbhttps:\/\/www.afroheritage.ca\/wp-content\/uploads\/2024\/06\/VgZDWGqFXek-HD.jpg\u00a0\u00bb _builder_version=\u00a0\u00bb4.25.1&Prime; _module_preset=\u00a0\u00bbdefault\u00a0\u00bb global_colors_info=\u00a0\u00bb{}\u00a0\u00bb][\/aioc_image_carousel_item][aioc_image_carousel_item image=\u00a0\u00bbhttps:\/\/www.afroheritage.ca\/wp-content\/uploads\/2024\/06\/dr-oliver.jpg\u00a0\u00bb _builder_version=\u00a0\u00bb4.25.1&Prime; _module_preset=\u00a0\u00bbdefault\u00a0\u00bb global_colors_info=\u00a0\u00bb{}\u00a0\u00bb][\/aioc_image_carousel_item][\/aioc_image_carousel][\/et_pb_column][et_pb_column type=\u00a0\u00bb1_5&Prime; _builder_version=\u00a0\u00bb4.25.1&Prime; global_colors_info=\u00a0\u00bb{}\u00a0\u00bb custom_padding__hover=\u00a0\u00bb|||\u00a0\u00bb][\/et_pb_column][\/et_pb_row][\/et_pb_section][et_pb_section fb_built=\u00a0\u00bb1&Prime; _builder_version=\u00a0\u00bb4.16&Prime; background_color=\u00a0\u00bb#ededed\u00a0\u00bb custom_padding=\u00a0\u00bb80px||80px||true|\u00a0\u00bb da_disable_devices=\u00a0\u00bboff|off|off\u00a0\u00bb global_colors_info=\u00a0\u00bb{}\u00a0\u00bb da_is_popup=\u00a0\u00bboff\u00a0\u00bb da_exit_intent=\u00a0\u00bboff\u00a0\u00bb da_has_close=\u00a0\u00bbon\u00a0\u00bb da_alt_close=\u00a0\u00bboff\u00a0\u00bb da_dark_close=\u00a0\u00bboff\u00a0\u00bb da_not_modal=\u00a0\u00bbon\u00a0\u00bb da_is_singular=\u00a0\u00bboff\u00a0\u00bb da_with_loader=\u00a0\u00bboff\u00a0\u00bb da_has_shadow=\u00a0\u00bbon\u00a0\u00bb][et_pb_row column_structure=\u00a0\u00bb1_2,1_2&Prime; _builder_version=\u00a0\u00bb4.16&Prime; custom_margin=\u00a0\u00bb|||\u00a0\u00bb custom_padding=\u00a0\u00bb||0px|||\u00a0\u00bb global_colors_info=\u00a0\u00bb{}\u00a0\u00bb][et_pb_column type=\u00a0\u00bb1_2&Prime; _builder_version=\u00a0\u00bb4.16&Prime; custom_padding=\u00a0\u00bb|||\u00a0\u00bb global_colors_info=\u00a0\u00bb{}\u00a0\u00bb custom_padding__hover=\u00a0\u00bb|||\u00a0\u00bb][et_pb_text _builder_version=\u00a0\u00bb4.25.1&Prime; header_font=\u00a0\u00bb||||||||\u00a0\u00bb header_text_color=\u00a0\u00bb#000000&Prime; header_font_size=\u00a0\u00bb25px\u00a0\u00bb header_line_height=\u00a0\u00bb1.6em\u00a0\u00bb header_3_font=\u00a0\u00bbPT Serif|600|||||||\u00a0\u00bb header_3_text_color=\u00a0\u00bb#000000&Prime; custom_margin=\u00a0\u00bb|||\u00a0\u00bb custom_padding=\u00a0\u00bb10px|||\u00a0\u00bb header_font_size_tablet=\u00a0\u00bb\u00a0\u00bb header_font_size_phone=\u00a0\u00bb22px\u00a0\u00bb header_font_size_last_edited=\u00a0\u00bbon|phone\u00a0\u00bb global_colors_info=\u00a0\u00bb{}\u00a0\u00bb]<\/p>\n<h3>En grandissant \u00e0 Montr\u00e9al, Qu\u00e9bec, Canada,<\/h3>\n<p>[\/et_pb_text][et_pb_text _builder_version=\u00a0\u00bb4.25.1&Prime; text_font=\u00a0\u00bbNoto Sans||||||||\u00a0\u00bb text_text_color=\u00a0\u00bb#000000&Prime; header_font=\u00a0\u00bbRoboto Condensed|300|||||||\u00a0\u00bb header_text_color=\u00a0\u00bb#000000&Prime; header_font_size=\u00a0\u00bb16px\u00a0\u00bb header_line_height=\u00a0\u00bb1.8em\u00a0\u00bb custom_margin=\u00a0\u00bb-22px||\u00a0\u00bb global_colors_info=\u00a0\u00bb{}\u00a0\u00bb]<\/p>\n<p>I, Sabrina, was immersed in the richness of two distinct cultures: Afro-Nova Scotian and Indo-Guyanese. My parents instilled in me a deep pride for both heritages. My late mother, Crystal Ross, possessed a remarkable gift for tracing the genealogical and familial lines of Afro-Nova Scotian families through oral tradition. She would ask two simple questions of anyone from the province: \u00ab\u00a0Where are you from?\u00a0\u00bb and \u00ab\u00a0Who are your people?\u00a0\u00bb With these answers, she could weave together their family history and hometown. As a teacher and someone of mixed heritage, I began to recognize the profound need for belonging among students, particularly those of African descent.<\/p>\n<p>[\/et_pb_text][et_pb_image src=\u00a0\u00bbhttps:\/\/www.afroheritage.ca\/wp-content\/uploads\/2024\/06\/Team-Benton-School-Park.jpg\u00a0\u00bb alt=\u00a0\u00bbTeam-Benton-School-Park\u00a0\u00bb title_text=\u00a0\u00bbTeam-Benton-School-Park\u00a0\u00bb align_tablet=\u00a0\u00bbcenter\u00a0\u00bb align_phone=\u00a0\u00bb\u00a0\u00bb align_last_edited=\u00a0\u00bbon|desktop\u00a0\u00bb _builder_version=\u00a0\u00bb4.25.1&Prime; custom_margin=\u00a0\u00bb||7px|||\u00a0\u00bb border_radii=\u00a0\u00bbon|5px|5px|5px|5px\u00a0\u00bb global_colors_info=\u00a0\u00bb{}\u00a0\u00bb][\/et_pb_image][et_pb_text _builder_version=\u00a0\u00bb4.25.1&Prime; _module_preset=\u00a0\u00bbdefault\u00a0\u00bb text_font=\u00a0\u00bb|700|on||||||\u00a0\u00bb text_font_size=\u00a0\u00bb14px\u00a0\u00bb locked=\u00a0\u00bboff\u00a0\u00bb global_colors_info=\u00a0\u00bb{}\u00a0\u00bb]Griot Team 6[\/et_pb_text][\/et_pb_column][et_pb_column type=\u00a0\u00bb1_2&Prime; _builder_version=\u00a0\u00bb4.16&Prime; custom_padding=\u00a0\u00bb|||\u00a0\u00bb global_colors_info=\u00a0\u00bb{}\u00a0\u00bb custom_padding__hover=\u00a0\u00bb|||\u00a0\u00bb][et_pb_image src=\u00a0\u00bbhttps:\/\/www.afroheritage.ca\/wp-content\/uploads\/2024\/06\/sabrina-and-crystal-1.jpg\u00a0\u00bb alt=\u00a0\u00bbAshley &amp; Debbi B\u00a0\u00bb title_text=\u00a0\u00bbsabrina-and-crystal\u00a0\u00bb align_tablet=\u00a0\u00bbcenter\u00a0\u00bb align_phone=\u00a0\u00bb\u00a0\u00bb align_last_edited=\u00a0\u00bbon|desktop\u00a0\u00bb _builder_version=\u00a0\u00bb4.25.1&Prime; custom_margin=\u00a0\u00bb||6px|||\u00a0\u00bb border_radii=\u00a0\u00bbon|5px|5px|5px|5px\u00a0\u00bb global_colors_info=\u00a0\u00bb{}\u00a0\u00bb][\/et_pb_image][et_pb_text _builder_version=\u00a0\u00bb4.25.1&Prime; _module_preset=\u00a0\u00bbdefault\u00a0\u00bb text_font=\u00a0\u00bb|700|on||||||\u00a0\u00bb text_font_size=\u00a0\u00bb14px\u00a0\u00bb global_colors_info=\u00a0\u00bb{}\u00a0\u00bb]<\/p>\n<p>Dr. Sabrina Jafralie et Crystal Ross<\/p>\n<p>[\/et_pb_text][et_pb_text _builder_version=\u00a0\u00bb4.25.1&Prime; header_font=\u00a0\u00bb||||||||\u00a0\u00bb header_text_color=\u00a0\u00bb#000000&Prime; header_font_size=\u00a0\u00bb25px\u00a0\u00bb header_line_height=\u00a0\u00bb1.6em\u00a0\u00bb header_3_font=\u00a0\u00bbPT Serif|600|||||||\u00a0\u00bb header_3_text_color=\u00a0\u00bb#000000&Prime; custom_margin=\u00a0\u00bb|||\u00a0\u00bb custom_padding=\u00a0\u00bb10px|||\u00a0\u00bb header_font_size_tablet=\u00a0\u00bb\u00a0\u00bb header_font_size_phone=\u00a0\u00bb22px\u00a0\u00bb header_font_size_last_edited=\u00a0\u00bbon|phone\u00a0\u00bb global_colors_info=\u00a0\u00bb{}\u00a0\u00bb]<\/p>\n<h3>Dans une province o\u00f9 le racisme syst\u00e9mique est souvent ni\u00e9,<\/h3>\n<p>[\/et_pb_text][et_pb_text _builder_version=\u00a0\u00bb4.25.1&Prime; text_font=\u00a0\u00bbNoto Sans||||||||\u00a0\u00bb text_text_color=\u00a0\u00bb#000000&Prime; header_font=\u00a0\u00bbRoboto Condensed|300|||||||\u00a0\u00bb header_text_color=\u00a0\u00bb#000000&Prime; header_font_size=\u00a0\u00bb16px\u00a0\u00bb header_line_height=\u00a0\u00bb1.8em\u00a0\u00bb custom_margin=\u00a0\u00bb-22px||\u00a0\u00bb global_colors_info=\u00a0\u00bb{}\u00a0\u00bb]<\/p>\n<p><span style=\"font-weight: 400;\">il est devenu \u00e9vident que de nombreux \u00e9l\u00e8ves \u00e9taient d\u00e9connect\u00e9s de leur riche histoire. Les questions de ma m\u00e8re ont \u00e9t\u00e9 \u00e0 l&rsquo;origine de ce projet : enregistrer les r\u00e9cits des a\u00een\u00e9s noirs pour le b\u00e9n\u00e9fice des jeunes qui avaient besoin de les entendre. Je me suis rendu compte que nous \u00e9tions des griots canadiens et que si nos histoires n&rsquo;\u00e9taient pas pr\u00e9serv\u00e9es, nous risquions de dispara\u00eetre des chroniques de l&rsquo;histoire.<\/span><\/p>\n<p>[\/et_pb_text][\/et_pb_column][\/et_pb_row][\/et_pb_section][et_pb_section fb_built=\u00a0\u00bb1&Prime; _builder_version=\u00a0\u00bb4.16&Prime; custom_padding=\u00a0\u00bb100px||100px||true|\u00a0\u00bb da_disable_devices=\u00a0\u00bboff|off|off\u00a0\u00bb global_colors_info=\u00a0\u00bb{}\u00a0\u00bb da_is_popup=\u00a0\u00bboff\u00a0\u00bb da_exit_intent=\u00a0\u00bboff\u00a0\u00bb da_has_close=\u00a0\u00bbon\u00a0\u00bb da_alt_close=\u00a0\u00bboff\u00a0\u00bb da_dark_close=\u00a0\u00bboff\u00a0\u00bb da_not_modal=\u00a0\u00bbon\u00a0\u00bb da_is_singular=\u00a0\u00bboff\u00a0\u00bb da_with_loader=\u00a0\u00bboff\u00a0\u00bb da_has_shadow=\u00a0\u00bbon\u00a0\u00bb][et_pb_row column_structure=\u00a0\u00bb1_2,1_2&Prime; use_custom_gutter=\u00a0\u00bbon\u00a0\u00bb gutter_width=\u00a0\u00bb1&Prime; make_equal=\u00a0\u00bbon\u00a0\u00bb _builder_version=\u00a0\u00bb4.25.1&Prime; width_tablet=\u00a0\u00bb90%\u00a0\u00bb width_phone=\u00a0\u00bb90%\u00a0\u00bb width_last_edited=\u00a0\u00bboff|desktop\u00a0\u00bb max_width_tablet=\u00a0\u00bb90%\u00a0\u00bb max_width_phone=\u00a0\u00bb90%\u00a0\u00bb max_width_last_edited=\u00a0\u00bboff|desktop\u00a0\u00bb custom_padding=\u00a0\u00bb0px||0px||true|false\u00a0\u00bb box_shadow_style=\u00a0\u00bbpreset1&Prime; box_shadow_vertical=\u00a0\u00bb11px\u00a0\u00bb box_shadow_blur=\u00a0\u00bb58px\u00a0\u00bb box_shadow_color=\u00a0\u00bbrgba(158,158,158,0.3)\u00a0\u00bb global_colors_info=\u00a0\u00bb{}\u00a0\u00bb][et_pb_column type=\u00a0\u00bb1_2&Prime; _builder_version=\u00a0\u00bb4.25.1&Prime; background_image=\u00a0\u00bbhttps:\/\/www.afroheritage.ca\/wp-content\/uploads\/2024\/06\/AfricvilleTeamGriotHowe.jpg\u00a0\u00bb background_last_edited=\u00a0\u00bbon|tablet\u00a0\u00bb background_enable_image_tablet=\u00a0\u00bboff\u00a0\u00bb global_colors_info=\u00a0\u00bb{}\u00a0\u00bb][et_pb_image src=\u00a0\u00bbhttps:\/\/www.afroheritage.ca\/wp-content\/uploads\/2024\/06\/AfricvilleTeamGriotHowe.jpg\u00a0\u00bb title_text=\u00a0\u00bb\u00c9quipe d&apos;Africville Griot Howe\u00a0\u00bb disabled_on=\u00a0\u00bboff|off|on\u00a0\u00bb _builder_version=\u00a0\u00bb4.25.1&Prime; _module_preset=\u00a0\u00bbdefault\u00a0\u00bb global_colors_info=\u00a0\u00bb{}\u00a0\u00bb][\/et_pb_image][et_pb_text disabled_on=\u00a0\u00bboff|off|on\u00a0\u00bb _builder_version=\u00a0\u00bb4.25.1&Prime; _module_preset=\u00a0\u00bbdefault\u00a0\u00bb text_font=\u00a0\u00bb|700|on||||||\u00a0\u00bb text_font_size=\u00a0\u00bb14px\u00a0\u00bb custom_margin=\u00a0\u00bb0.5vw||||false|false\u00a0\u00bb custom_margin_tablet=\u00a0\u00bb1vw||||false|false\u00a0\u00bb custom_margin_phone=\u00a0\u00bb1vw||||false|false\u00a0\u00bb custom_margin_last_edited=\u00a0\u00bbon|tablet\u00a0\u00bb custom_padding_tablet=\u00a0\u00bb|||2vw|false|false\u00a0\u00bb custom_padding_phone=\u00a0\u00bb|||2vw|false|false\u00a0\u00bb custom_padding_last_edited=\u00a0\u00bbon|tablet\u00a0\u00bb locked=\u00a0\u00bboff\u00a0\u00bb global_colors_info=\u00a0\u00bb{}\u00a0\u00bb]<\/p>\n<p>Stephen Hennessey et Dr. Sabrina Jafralie (Gauche)<br \/>Coleman Howe (Assise)<\/p>\n<p>[\/et_pb_text][\/et_pb_column][et_pb_column type=\u00a0\u00bb1_2&Prime; _builder_version=\u00a0\u00bb4.16&Prime; background_color=\u00a0\u00bb#ffffff\u00a0\u00bb custom_padding=\u00a0\u00bb70px|50px|70px|50px|true|true\u00a0\u00bb global_colors_info=\u00a0\u00bb{}\u00a0\u00bb][et_pb_text _builder_version=\u00a0\u00bb4.25.1&Prime; _module_preset=\u00a0\u00bbdefault\u00a0\u00bb header_font=\u00a0\u00bb||||||||\u00a0\u00bb header_text_color=\u00a0\u00bb#000000&Prime; header_font_size=\u00a0\u00bb25px\u00a0\u00bb header_line_height=\u00a0\u00bb1.6em\u00a0\u00bb header_3_font=\u00a0\u00bbPT Serif|600|||||||\u00a0\u00bb header_3_text_color=\u00a0\u00bb#000000&Prime; custom_margin=\u00a0\u00bb|||\u00a0\u00bb custom_padding=\u00a0\u00bb10px|||\u00a0\u00bb header_font_size_tablet=\u00a0\u00bb25px\u00a0\u00bb header_font_size_phone=\u00a0\u00bb22px\u00a0\u00bb header_font_size_last_edited=\u00a0\u00bbon|phone\u00a0\u00bb global_colors_info=\u00a0\u00bb{}\u00a0\u00bb]<\/p>\n<h3>Le parcours de ce projet a \u00e9t\u00e9 jalonn\u00e9 de collaborations et de soutiens.<\/h3>\n<p>[\/et_pb_text][et_pb_text _builder_version=\u00a0\u00bb4.25.1&Prime; _module_preset=\u00a0\u00bbdefault\u00a0\u00bb text_font=\u00a0\u00bbNoto Sans||||||||\u00a0\u00bb text_text_color=\u00a0\u00bb#000000&Prime; header_font=\u00a0\u00bbRoboto Condensed|300|||||||\u00a0\u00bb header_text_color=\u00a0\u00bb#000000&Prime; header_font_size=\u00a0\u00bb16px\u00a0\u00bb header_line_height=\u00a0\u00bb1.8em\u00a0\u00bb global_colors_info=\u00a0\u00bb{}\u00a0\u00bb]<\/p>\n<p>Stephen Hennessey, de la Westhaven Elmhurst Community Recreation Association, un travailleur de jeunesse respect\u00e9, a apport\u00e9 des connaissances inestimables sur la mani\u00e8re d&rsquo;entrer en contact avec les jeunes et de les doter de comp\u00e9tences en mati\u00e8re d&rsquo;entretien. Alice, directrice ex\u00e9cutive du Centre for Civic and Religious Literacy (CCRL) et cofondatrice, a apport\u00e9 son expertise en mati\u00e8re d&rsquo;\u00e9ducation et sa compr\u00e9hension de la mani\u00e8re dont les communaut\u00e9s int\u00e8grent la religiosit\u00e9 dans leur vie. Kemba Mitchell, ancien pr\u00e9sident de la West Island Black Community Association (WIBCA), est apparu comme un partenaire communautaire id\u00e9al en raison de l&rsquo;engagement de longue date de l&rsquo;organisation en faveur des a\u00een\u00e9s noirs. Avec le soutien de la nouvelle pr\u00e9sidente, Joan Lee, le travail s&rsquo;est poursuivi.<\/p>\n<p>[\/et_pb_text][et_pb_text disabled_on=\u00a0\u00bbon|on|off\u00a0\u00bb _builder_version=\u00a0\u00bb4.25.1&Prime; _module_preset=\u00a0\u00bbdefault\u00a0\u00bb text_font=\u00a0\u00bb|700|on||||||\u00a0\u00bb text_font_size=\u00a0\u00bb14px\u00a0\u00bb custom_margin=\u00a0\u00bb0.5vw||||false|false\u00a0\u00bb global_colors_info=\u00a0\u00bb{}\u00a0\u00bb]<\/p>\n<p>Stephen Hennessey et Dr. Sabrina Jafralie (Gauche)<br \/>Coleman Howe (Assise)<\/p>\n<p>[\/et_pb_text][\/et_pb_column][\/et_pb_row][\/et_pb_section][et_pb_section fb_built=\u00a0\u00bb1&Prime; disabled_on=\u00a0\u00bbon|on|off\u00a0\u00bb _builder_version=\u00a0\u00bb4.16&Prime; custom_padding=\u00a0\u00bb0px|0px|52px|0px|false|false\u00a0\u00bb da_disable_devices=\u00a0\u00bboff|off|off\u00a0\u00bb global_colors_info=\u00a0\u00bb{}\u00a0\u00bb da_is_popup=\u00a0\u00bboff\u00a0\u00bb da_exit_intent=\u00a0\u00bboff\u00a0\u00bb da_has_close=\u00a0\u00bbon\u00a0\u00bb da_alt_close=\u00a0\u00bboff\u00a0\u00bb da_dark_close=\u00a0\u00bboff\u00a0\u00bb da_not_modal=\u00a0\u00bbon\u00a0\u00bb da_is_singular=\u00a0\u00bboff\u00a0\u00bb da_with_loader=\u00a0\u00bboff\u00a0\u00bb da_has_shadow=\u00a0\u00bbon\u00a0\u00bb][et_pb_row padding_top_bottom_link_1=\u00a0\u00bbtrue\u00a0\u00bb _builder_version=\u00a0\u00bb4.25.1&Prime; background_enable_color=\u00a0\u00bboff\u00a0\u00bb background_image=\u00a0\u00bbhttps:\/\/dev1.afroheritage.ca\/wp-content\/uploads\/Sabrina-Frantz-Voltaire-Karen-Diop_May-2023.jpg\u00a0\u00bb max_width=\u00a0\u00bb100%\u00a0\u00bb custom_padding=\u00a0\u00bb|0px||0px|false|false\u00a0\u00bb border_radii=\u00a0\u00bbon|5px|5px|5px|5px\u00a0\u00bb global_colors_info=\u00a0\u00bb{}\u00a0\u00bb][et_pb_column type=\u00a0\u00bb4_4&Prime; _builder_version=\u00a0\u00bb4.16&Prime; custom_padding=\u00a0\u00bb270px||270px|\u00a0\u00bb global_colors_info=\u00a0\u00bb{}\u00a0\u00bb custom_padding__hover=\u00a0\u00bb|||\u00a0\u00bb][\/et_pb_column][\/et_pb_row][et_pb_row _builder_version=\u00a0\u00bb4.16&Prime; custom_margin=\u00a0\u00bb||\u00a0\u00bb global_colors_info=\u00a0\u00bb{}\u00a0\u00bb][et_pb_column type=\u00a0\u00bb4_4&Prime; _builder_version=\u00a0\u00bb4.16&Prime; custom_padding=\u00a0\u00bb|||\u00a0\u00bb global_colors_info=\u00a0\u00bb{}\u00a0\u00bb custom_padding__hover=\u00a0\u00bb|||\u00a0\u00bb][et_pb_text _builder_version=\u00a0\u00bb4.25.1&Prime; text_font=\u00a0\u00bb||||||||\u00a0\u00bb text_text_color=\u00a0\u00bb#000000&Prime; header_font=\u00a0\u00bbPoppins||||||||\u00a0\u00bb header_text_color=\u00a0\u00bb#000000&Prime; header_font_size=\u00a0\u00bb25px\u00a0\u00bb header_line_height=\u00a0\u00bb1.6em\u00a0\u00bb header_3_font=\u00a0\u00bbPT Serif||||||||\u00a0\u00bb header_3_text_color=\u00a0\u00bb#000000&Prime; background_color=\u00a0\u00bb#ffffff\u00a0\u00bb transform_translate=\u00a0\u00bb-100px|0px\u00a0\u00bb transform_translate_linked=\u00a0\u00bboff\u00a0\u00bb max_width=\u00a0\u00bb50%\u00a0\u00bb custom_margin=\u00a0\u00bb-549px|||\u00a0\u00bb custom_padding=\u00a0\u00bb50px|50px|50px|50px|true|true\u00a0\u00bb header_font_size_tablet=\u00a0\u00bb\u00a0\u00bb header_font_size_phone=\u00a0\u00bb22px\u00a0\u00bb header_font_size_last_edited=\u00a0\u00bbon|phone\u00a0\u00bb border_radii=\u00a0\u00bbon|5px|5px|5px|5px\u00a0\u00bb box_shadow_style=\u00a0\u00bbpreset2&Prime; box_shadow_color=\u00a0\u00bbrgba(181,181,181,0.3)\u00a0\u00bb global_colors_info=\u00a0\u00bb{}\u00a0\u00bb]<\/p>\n<h3>Pour moi, ce projet repr\u00e9sente l&rsquo;aboutissement de toute une vie de pr\u00e9paration.<\/h3>\n<p>En tant que fille, \u00e9ducatrice, activiste et fi\u00e8re Afro-Canadienne, chaque r\u00f4le que j&rsquo;ai jou\u00e9 m&rsquo;a conduite \u00e0 ce moment. Avec notre \u00e9quipe technique exceptionnelle, <strong>Shawn King<\/strong>, <strong>Chance Howe<\/strong>, <strong>Dee<\/strong> et <strong>Kyristal Marie Andrews<\/strong>, nous avons donn\u00e9 vie \u00e0 notre vision. Le projet \u00e9tait et reste un travail d&rsquo;amour, teint\u00e9 du souvenir doux-amer d&rsquo;avoir perdu des m\u00e8res pendant sa cr\u00e9ation. Ma propre perte m&rsquo;a rappel\u00e9 de fa\u00e7on poignante le don que ma m\u00e8re m&rsquo;a fait, celui d&rsquo;\u00eatre un griot. C&rsquo;est pourquoi ce travail lui est enti\u00e8rement d\u00e9di\u00e9, de ma part.<\/p>\n<p><span style=\"font-weight: 400;\">Il est essentiel d&rsquo;exprimer notre gratitude \u00e0 toutes les personnes qui ont contribu\u00e9, partag\u00e9 leurs histoires et nous ont confi\u00e9 leur temps. Chacun d&rsquo;entre vous a rendu ce projet possible. \u00c0 ceux qui naviguent, notre intention est de vous aider \u00e0 comprendre et \u00e0 combler les lacunes de l&rsquo;histoire canadienne.<\/span><\/p>\n<p style=\"text-align: left; font-size: 14px;\"><em><strong>Karen Diop, Dr. Sabrina Jafralie et Franz Voltaire<\/strong><\/em><\/p>\n<p>[\/et_pb_text][\/et_pb_column][\/et_pb_row][\/et_pb_section][et_pb_section fb_built=\u00a0\u00bb1&Prime; disabled_on=\u00a0\u00bboff|off|on\u00a0\u00bb _builder_version=\u00a0\u00bb4.16&Prime; custom_padding=\u00a0\u00bb0px|0px|52px|0px|false|false\u00a0\u00bb da_disable_devices=\u00a0\u00bboff|off|off\u00a0\u00bb global_colors_info=\u00a0\u00bb{}\u00a0\u00bb da_is_popup=\u00a0\u00bboff\u00a0\u00bb da_exit_intent=\u00a0\u00bboff\u00a0\u00bb da_has_close=\u00a0\u00bbon\u00a0\u00bb da_alt_close=\u00a0\u00bboff\u00a0\u00bb da_dark_close=\u00a0\u00bboff\u00a0\u00bb da_not_modal=\u00a0\u00bbon\u00a0\u00bb da_is_singular=\u00a0\u00bboff\u00a0\u00bb da_with_loader=\u00a0\u00bboff\u00a0\u00bb da_has_shadow=\u00a0\u00bbon\u00a0\u00bb][et_pb_row padding_top_bottom_link_1=\u00a0\u00bbtrue\u00a0\u00bb _builder_version=\u00a0\u00bb4.25.1&Prime; background_enable_color=\u00a0\u00bboff\u00a0\u00bb background_enable_image=\u00a0\u00bboff\u00a0\u00bb max_width=\u00a0\u00bb100%\u00a0\u00bb custom_padding=\u00a0\u00bb|0px||0px|false|false\u00a0\u00bb background_last_edited=\u00a0\u00bbon|phone\u00a0\u00bb background_enable_image_tablet=\u00a0\u00bboff\u00a0\u00bb background_enable_image_phone=\u00a0\u00bboff\u00a0\u00bb border_radii=\u00a0\u00bbon|5px|5px|5px|5px\u00a0\u00bb global_colors_info=\u00a0\u00bb{}\u00a0\u00bb][et_pb_column type=\u00a0\u00bb4_4&Prime; _builder_version=\u00a0\u00bb4.25.1&Prime; custom_padding=\u00a0\u00bb0px||0px||true|false\u00a0\u00bb custom_padding_tablet=\u00a0\u00bb0px||0px||true|false\u00a0\u00bb custom_padding_phone=\u00a0\u00bb0px||0px||true|false\u00a0\u00bb custom_padding_last_edited=\u00a0\u00bbon|tablet\u00a0\u00bb global_colors_info=\u00a0\u00bb{}\u00a0\u00bb custom_padding__hover=\u00a0\u00bb|||\u00a0\u00bb][et_pb_image src=\u00a0\u00bbhttps:\/\/www.afroheritage.ca\/wp-content\/uploads\/2024\/06\/Sabrina-Frantz-Voltaire-Karen-Diop_May-2023.jpg\u00a0\u00bb title_text=\u00a0\u00bbSabrina,-Frantz-Voltaire,-Karen-Diop_May-2023&Prime; align=\u00a0\u00bbcenter\u00a0\u00bb _builder_version=\u00a0\u00bb4.25.1&Prime; _module_preset=\u00a0\u00bbdefault\u00a0\u00bb global_colors_info=\u00a0\u00bb{}\u00a0\u00bb][\/et_pb_image][\/et_pb_column][\/et_pb_row][et_pb_row _builder_version=\u00a0\u00bb4.25.1&Prime; max_width=\u00a0\u00bb100%\u00a0\u00bb custom_margin=\u00a0\u00bb||\u00a0\u00bb custom_padding=\u00a0\u00bb0px|||||\u00a0\u00bb global_colors_info=\u00a0\u00bb{}\u00a0\u00bb][et_pb_column type=\u00a0\u00bb4_4&Prime; _builder_version=\u00a0\u00bb4.16&Prime; custom_padding=\u00a0\u00bb|||\u00a0\u00bb global_colors_info=\u00a0\u00bb{}\u00a0\u00bb custom_padding__hover=\u00a0\u00bb|||\u00a0\u00bb][et_pb_text _builder_version=\u00a0\u00bb4.25.1&Prime; text_font=\u00a0\u00bb||||||||\u00a0\u00bb text_text_color=\u00a0\u00bb#000000&Prime; header_font=\u00a0\u00bbPoppins||||||||\u00a0\u00bb header_text_color=\u00a0\u00bb#000000&Prime; header_font_size=\u00a0\u00bb25px\u00a0\u00bb header_line_height=\u00a0\u00bb1.6em\u00a0\u00bb header_3_font=\u00a0\u00bbPT Serif||||||||\u00a0\u00bb header_3_text_color=\u00a0\u00bb#000000&Prime; background_color=\u00a0\u00bb#ffffff\u00a0\u00bb max_width=\u00a0\u00bb100%\u00a0\u00bb header_font_size_tablet=\u00a0\u00bb\u00a0\u00bb header_font_size_phone=\u00a0\u00bb22px\u00a0\u00bb header_font_size_last_edited=\u00a0\u00bbon|phone\u00a0\u00bb border_radii=\u00a0\u00bbon|5px|5px|5px|5px\u00a0\u00bb global_colors_info=\u00a0\u00bb{}\u00a0\u00bb]<\/p>\n<p style=\"text-align: left; font-size: 14px;\"><em><strong>Karen Diop, Dr. Sabrina Jafralie et Franz Voltaire<\/strong><\/em><\/p>\n<p>[\/et_pb_text][\/et_pb_column][\/et_pb_row][et_pb_row _builder_version=\u00a0\u00bb4.25.1&Prime; max_width=\u00a0\u00bb100%\u00a0\u00bb custom_margin=\u00a0\u00bb||\u00a0\u00bb custom_padding=\u00a0\u00bb0px|||||\u00a0\u00bb global_colors_info=\u00a0\u00bb{}\u00a0\u00bb][et_pb_column type=\u00a0\u00bb4_4&Prime; _builder_version=\u00a0\u00bb4.16&Prime; custom_padding=\u00a0\u00bb|||\u00a0\u00bb global_colors_info=\u00a0\u00bb{}\u00a0\u00bb custom_padding__hover=\u00a0\u00bb|||\u00a0\u00bb][et_pb_text _builder_version=\u00a0\u00bb4.25.1&Prime; text_font=\u00a0\u00bb||||||||\u00a0\u00bb text_text_color=\u00a0\u00bb#000000&Prime; header_font=\u00a0\u00bbPoppins||||||||\u00a0\u00bb header_text_color=\u00a0\u00bb#000000&Prime; header_font_size=\u00a0\u00bb25px\u00a0\u00bb header_line_height=\u00a0\u00bb1.6em\u00a0\u00bb header_3_font=\u00a0\u00bbPT Serif||||||||\u00a0\u00bb header_3_text_color=\u00a0\u00bb#000000&Prime; background_color=\u00a0\u00bb#ffffff\u00a0\u00bb max_width=\u00a0\u00bb100%\u00a0\u00bb header_font_size_tablet=\u00a0\u00bb\u00a0\u00bb header_font_size_phone=\u00a0\u00bb22px\u00a0\u00bb header_font_size_last_edited=\u00a0\u00bbon|phone\u00a0\u00bb border_radii=\u00a0\u00bbon|5px|5px|5px|5px\u00a0\u00bb global_colors_info=\u00a0\u00bb{}\u00a0\u00bb]<\/p>\n<h3>Pour moi, ce projet repr\u00e9sente l&rsquo;aboutissement de toute une vie de pr\u00e9paration.<\/h3>\n<p>En tant que fille, \u00e9ducatrice, activiste et fi\u00e8re Afro-Canadienne, chaque r\u00f4le que j&rsquo;ai jou\u00e9 m&rsquo;a conduite \u00e0 ce moment. Avec notre \u00e9quipe technique exceptionnelle, <strong>Shawn King<\/strong>, <strong>Chance Howe<\/strong>, <strong>Dee<\/strong> et <strong>Kyristal Marie Andrews<\/strong>, nous avons donn\u00e9 vie \u00e0 notre vision. Le projet \u00e9tait et reste un travail d&rsquo;amour, teint\u00e9 du souvenir doux-amer d&rsquo;avoir perdu des m\u00e8res pendant sa cr\u00e9ation. Ma propre perte m&rsquo;a rappel\u00e9 de fa\u00e7on poignante le don que ma m\u00e8re m&rsquo;a fait, celui d&rsquo;\u00eatre un griot. C&rsquo;est pourquoi ce travail lui est enti\u00e8rement d\u00e9di\u00e9, de ma part.<\/p>\n<p><span style=\"font-weight: 400;\">Il est essentiel d&rsquo;exprimer notre gratitude \u00e0 toutes les personnes qui ont contribu\u00e9, partag\u00e9 leurs histoires et nous ont confi\u00e9 leur temps. Chacun d&rsquo;entre vous a rendu ce projet possible. \u00c0 ceux qui naviguent, notre intention est de vous aider \u00e0 comprendre et \u00e0 combler les lacunes de l&rsquo;histoire canadienne.<\/span><em><strong><\/strong><\/em><\/p>\n<p>[\/et_pb_text][\/et_pb_column][\/et_pb_row][\/et_pb_section]<\/p>\n","protected":false},"excerpt":{"rendered":"<p>Avant ce projet, les griots existaientet ils continueront d&rsquo;exister longtemps apr\u00e8s. L&rsquo;essence de ce projet est d&rsquo;explorer l&rsquo;inspiration qui sous-tend l&rsquo;unification des histoires des griots du Canada. Dans les cultures d&rsquo;Afrique de l&rsquo;Ouest, les griots n&rsquo;\u00e9taient pas seulement des conteurs, des musiciens ou des po\u00e8tes ; ils \u00e9taient les gardiens et les transmetteurs du savoir.\u2026 <a href=\"https:\/\/www.afroheritage.ca\/fr\/et_pb_layout\/footer-6\/\">Read More &raquo;<\/a><\/p>\n","protected":false},"author":1,"featured_media":0,"parent":0,"menu_order":0,"comment_status":"closed","ping_status":"closed","template":"","meta":{"_acf_changed":false,"_et_pb_use_builder":"on","_et_pb_old_content":"","_et_gb_content_width":"","footnotes":""},"class_list":["post-230757","page","type-page","status-publish","hentry"],"acf":[],"_links":{"self":[{"href":"https:\/\/www.afroheritage.ca\/fr\/wp-json\/wp\/v2\/pages\/230757","targetHints":{"allow":["GET"]}}],"collection":[{"href":"https:\/\/www.afroheritage.ca\/fr\/wp-json\/wp\/v2\/pages"}],"about":[{"href":"https:\/\/www.afroheritage.ca\/fr\/wp-json\/wp\/v2\/types\/page"}],"author":[{"embeddable":true,"href":"https:\/\/www.afroheritage.ca\/fr\/wp-json\/wp\/v2\/users\/1"}],"replies":[{"embeddable":true,"href":"https:\/\/www.afroheritage.ca\/fr\/wp-json\/wp\/v2\/comments?post=230757"}],"version-history":[{"count":0,"href":"https:\/\/www.afroheritage.ca\/fr\/wp-json\/wp\/v2\/pages\/230757\/revisions"}],"wp:attachment":[{"href":"https:\/\/www.afroheritage.ca\/fr\/wp-json\/wp\/v2\/media?parent=230757"}],"curies":[{"name":"wp","href":"https:\/\/api.w.org\/{rel}","templated":true}]}}