{"id":230772,"date":"2022-06-26T20:37:18","date_gmt":"2022-06-26T20:37:18","guid":{"rendered":"https:\/\/www.afroheritage.ca\/accueil\/"},"modified":"2024-06-15T17:40:27","modified_gmt":"2024-06-15T17:40:27","slug":"accueil","status":"publish","type":"page","link":"https:\/\/www.afroheritage.ca\/fr\/","title":{"rendered":"Accueil"},"content":{"rendered":"<p>[et_pb_section fb_built=\u00a0\u00bb1&Prime; fullwidth=\u00a0\u00bbon\u00a0\u00bb _builder_version=\u00a0\u00bb4.25.1&Prime; _module_preset=\u00a0\u00bbdefault\u00a0\u00bb da_disable_devices=\u00a0\u00bboff|off|off\u00a0\u00bb locked=\u00a0\u00bboff\u00a0\u00bb global_colors_info=\u00a0\u00bb{}\u00a0\u00bb da_is_popup=\u00a0\u00bboff\u00a0\u00bb da_exit_intent=\u00a0\u00bboff\u00a0\u00bb da_has_close=\u00a0\u00bbon\u00a0\u00bb da_alt_close=\u00a0\u00bboff\u00a0\u00bb da_dark_close=\u00a0\u00bboff\u00a0\u00bb da_not_modal=\u00a0\u00bbon\u00a0\u00bb da_is_singular=\u00a0\u00bboff\u00a0\u00bb da_with_loader=\u00a0\u00bboff\u00a0\u00bb da_has_shadow=\u00a0\u00bbon\u00a0\u00bb][et_pb_fullwidth_image src=\u00a0\u00bbhttps:\/\/www.afroheritage.ca\/wp-content\/uploads\/2024\/06\/banner-fr-1.jpg\u00a0\u00bb title_text=\u00a0\u00bbbanner-fr\u00a0\u00bb _builder_version=\u00a0\u00bb4.25.1&Prime; _module_preset=\u00a0\u00bbdefault\u00a0\u00bb custom_padding=\u00a0\u00bb||||false|false\u00a0\u00bb custom_padding_tablet=\u00a0\u00bb6vw||||false|false\u00a0\u00bb custom_padding_phone=\u00a0\u00bb12vw||||false|false\u00a0\u00bb custom_padding_last_edited=\u00a0\u00bbon|phone\u00a0\u00bb hover_enabled=\u00a0\u00bb0&Prime; global_colors_info=\u00a0\u00bb{}\u00a0\u00bb sticky_enabled=\u00a0\u00bb0&Prime;][\/et_pb_fullwidth_image][\/et_pb_section][et_pb_section fb_built=\u00a0\u00bb1&Prime; _builder_version=\u00a0\u00bb4.25.1&Prime; _module_preset=\u00a0\u00bbdefault\u00a0\u00bb background_enable_video_mp4=\u00a0\u00bboff\u00a0\u00bb da_disable_devices=\u00a0\u00bboff|off|off\u00a0\u00bb global_colors_info=\u00a0\u00bb{}\u00a0\u00bb da_is_popup=\u00a0\u00bboff\u00a0\u00bb da_exit_intent=\u00a0\u00bboff\u00a0\u00bb da_has_close=\u00a0\u00bbon\u00a0\u00bb da_alt_close=\u00a0\u00bboff\u00a0\u00bb da_dark_close=\u00a0\u00bboff\u00a0\u00bb da_not_modal=\u00a0\u00bbon\u00a0\u00bb da_is_singular=\u00a0\u00bboff\u00a0\u00bb da_with_loader=\u00a0\u00bboff\u00a0\u00bb da_has_shadow=\u00a0\u00bbon\u00a0\u00bb][et_pb_row _builder_version=\u00a0\u00bb4.23.1&Prime; _module_preset=\u00a0\u00bbdefault\u00a0\u00bb global_colors_info=\u00a0\u00bb{}\u00a0\u00bb][et_pb_column type=\u00a0\u00bb4_4&Prime; _builder_version=\u00a0\u00bb4.23.1&Prime; _module_preset=\u00a0\u00bbdefault\u00a0\u00bb global_colors_info=\u00a0\u00bb{}\u00a0\u00bb][et_pb_text _builder_version=\u00a0\u00bb4.25.1&Prime; _module_preset=\u00a0\u00bbdefault\u00a0\u00bb text_font=\u00a0\u00bbPT Serif|600|||||||\u00a0\u00bb text_text_color=\u00a0\u00bbgcid-929d50d3-7c67-4b13-8919-22366598db4e\u00a0\u00bb text_orientation=\u00a0\u00bbcenter\u00a0\u00bb width=\u00a0\u00bb60%\u00a0\u00bb module_alignment=\u00a0\u00bbcenter\u00a0\u00bb global_colors_info=\u00a0\u00bb{%22gcid-929d50d3-7c67-4b13-8919-22366598db4e%22:%91%22text_text_color%22%93}\u00a0\u00bb]<\/p>\n<p>Nous reconnaissons avec humilit\u00e9 que nous nous r\u00e9unissons sur les territoires traditionnels des peuples autochtones et inuits de l&rsquo;\u00eele de la Tortue.<\/p>\n<p>[\/et_pb_text][\/et_pb_column][\/et_pb_row][et_pb_row _builder_version=\u00a0\u00bb4.25.1&Prime; _module_preset=\u00a0\u00bbdefault\u00a0\u00bb custom_padding=\u00a0\u00bb0px||0px|||\u00a0\u00bb global_colors_info=\u00a0\u00bb{}\u00a0\u00bb][et_pb_column type=\u00a0\u00bb4_4&Prime; _builder_version=\u00a0\u00bb4.25.1&Prime; _module_preset=\u00a0\u00bbdefault\u00a0\u00bb global_colors_info=\u00a0\u00bb{}\u00a0\u00bb][et_pb_button button_url=\u00a0\u00bb#land2&Prime; button_text=\u00a0\u00bbLa reconnaissance territoriale\u00a0\u00bb button_alignment=\u00a0\u00bbcenter\u00a0\u00bb _builder_version=\u00a0\u00bb4.25.1&Prime; _module_preset=\u00a0\u00bbdefault\u00a0\u00bb custom_button=\u00a0\u00bbon\u00a0\u00bb button_text_color=\u00a0\u00bb#FFFFFF\u00a0\u00bb button_bg_color=\u00a0\u00bbgcid-929d50d3-7c67-4b13-8919-22366598db4e\u00a0\u00bb button_border_width=\u00a0\u00bb0px\u00a0\u00bb button_border_radius=\u00a0\u00bb6px\u00a0\u00bb custom_margin=\u00a0\u00bb||7px|||\u00a0\u00bb global_colors_info=\u00a0\u00bb{%22gcid-929d50d3-7c67-4b13-8919-22366598db4e%22:%91%22button_bg_color%22%93,%22gcid-9c5a2f21-02da-43e2-9271-99be3f01116e%22:%91%22button_bg_color__hover%22%93}\u00a0\u00bb button_bg_color__hover_enabled=\u00a0\u00bbon|hover\u00a0\u00bb button_bg_color__hover=\u00a0\u00bb#cd1418&Prime; button_bg_enable_color__hover=\u00a0\u00bbon\u00a0\u00bb][\/et_pb_button][\/et_pb_column][\/et_pb_row][\/et_pb_section][et_pb_section fb_built=\u00a0\u00bb1&Prime; admin_label=\u00a0\u00bbPopup &#8211; #land2&Prime; module_id=\u00a0\u00bbland2&Prime; module_class=\u00a0\u00bbpopup\u00a0\u00bb _builder_version=\u00a0\u00bb4.25.1&Prime; _module_preset=\u00a0\u00bbdefault\u00a0\u00bb background_color=\u00a0\u00bbgcid-4e73e465-b4cd-4b6c-bbd7-f30aefa40f37&Prime; custom_padding=\u00a0\u00bb0px||0px|||\u00a0\u00bb da_is_popup=\u00a0\u00bbon\u00a0\u00bb da_popup_slug=\u00a0\u00bbland2&Prime; da_disable_devices=\u00a0\u00bboff|off|off\u00a0\u00bb global_colors_info=\u00a0\u00bb{%22gcid-4e73e465-b4cd-4b6c-bbd7-f30aefa40f37%22:%91%22background_color%22%93}\u00a0\u00bb da_exit_intent=\u00a0\u00bboff\u00a0\u00bb da_has_close=\u00a0\u00bbon\u00a0\u00bb da_alt_close=\u00a0\u00bboff\u00a0\u00bb da_dark_close=\u00a0\u00bboff\u00a0\u00bb da_not_modal=\u00a0\u00bbon\u00a0\u00bb da_is_singular=\u00a0\u00bboff\u00a0\u00bb da_with_loader=\u00a0\u00bboff\u00a0\u00bb da_has_shadow=\u00a0\u00bbon\u00a0\u00bb][et_pb_row _builder_version=\u00a0\u00bb4.25.1&Prime; _module_preset=\u00a0\u00bbdefault\u00a0\u00bb width=\u00a0\u00bb100%\u00a0\u00bb max_width=\u00a0\u00bb100%\u00a0\u00bb custom_padding=\u00a0\u00bb0px||0px|||\u00a0\u00bb global_colors_info=\u00a0\u00bb{}\u00a0\u00bb][et_pb_column type=\u00a0\u00bb4_4&Prime; _builder_version=\u00a0\u00bb4.25.1&Prime; _module_preset=\u00a0\u00bbdefault\u00a0\u00bb global_colors_info=\u00a0\u00bb{}\u00a0\u00bb][et_pb_slider _builder_version=\u00a0\u00bb4.25.1&Prime; _module_preset=\u00a0\u00bbdefault\u00a0\u00bb custom_padding=\u00a0\u00bb126px|||||\u00a0\u00bb global_colors_info=\u00a0\u00bb{}\u00a0\u00bb][et_pb_slide heading=\u00a0\u00bbLa reconnaissance territoriale\u00a0\u00bb image=\u00a0\u00bbhttps:\/\/www.afroheritage.ca\/wp-content\/uploads\/2024\/05\/transparent_map_of_Canada.png\u00a0\u00bb _builder_version=\u00a0\u00bb4.25.1&Prime; _module_preset=\u00a0\u00bbdefault\u00a0\u00bb header_font=\u00a0\u00bbPT Serif||||||||\u00a0\u00bb body_font=\u00a0\u00bbNoto Sans||||||||\u00a0\u00bb background_color=\u00a0\u00bbRGBA(255,255,255,0)\u00a0\u00bb background_enable_color=\u00a0\u00bbon\u00a0\u00bb global_colors_info=\u00a0\u00bb{}\u00a0\u00bb sticky_transition=\u00a0\u00bbon\u00a0\u00bb]<\/p>\n<p>En tant qu&rsquo;individus et organisations, nous reconnaissons qu&rsquo;il est urgent de lutter contre le racisme syst\u00e9mique dont sont victimes les nations indig\u00e8nes et inuites et les personnes d&rsquo;ascendance africaine, et de le d\u00e9manteler. Nous sommes solidaires des peuples autochtones et inuits dans leur qu\u00eate de justice et de souverainet\u00e9. Voici quelques exemples d&rsquo;actions que nous pouvons entreprendre ensemble :<\/p>\n<p>[\/et_pb_slide][et_pb_slide heading=\u00a0\u00bb\u00c9ducation et Sensibilisation : \u00a0\u00bb image=\u00a0\u00bbhttps:\/\/www.afroheritage.ca\/wp-content\/uploads\/2024\/05\/transparent_image.png\u00a0\u00bb _builder_version=\u00a0\u00bb4.25.1&Prime; _module_preset=\u00a0\u00bbdefault\u00a0\u00bb header_font=\u00a0\u00bbPT Serif||||||||\u00a0\u00bb header_font_size=\u00a0\u00bb36px\u00a0\u00bb body_font=\u00a0\u00bbNoto Sans||||||||\u00a0\u00bb background_color=\u00a0\u00bbRGBA(255,255,255,0)\u00a0\u00bb background_enable_color=\u00a0\u00bbon\u00a0\u00bb global_colors_info=\u00a0\u00bb{}\u00a0\u00bb sticky_transition=\u00a0\u00bbon\u00a0\u00bb]<\/p>\n<p>Nous nous engageons \u00e0 nous instruire et \u00e0 instruire les autres sur l&rsquo;histoire et la culture des peuples indig\u00e8nes et inuits, ainsi que sur les exp\u00e9riences des personnes d&rsquo;ascendance africaine. Par la narration et le partage des r\u00e9cits, nous visons \u00e0 cultiver la compr\u00e9hension, l&#8217;empathie et la solidarit\u00e9. Par la narration et le partage des r\u00e9cits, nous visons \u00e0 cultiver la compr\u00e9hension, l&#8217;empathie et la solidarit\u00e9.<\/p>\n<p>[\/et_pb_slide][et_pb_slide heading=\u00a0\u00bbCentrer les voix indig\u00e8nes :\u00a0\u00bb image=\u00a0\u00bbhttps:\/\/www.afroheritage.ca\/wp-content\/uploads\/2024\/05\/Centering-Indigenous-Voices.png\u00a0\u00bb _builder_version=\u00a0\u00bb4.25.1&Prime; _module_preset=\u00a0\u00bbdefault\u00a0\u00bb header_font=\u00a0\u00bbPT Serif||||||||\u00a0\u00bb header_font_size=\u00a0\u00bb36px\u00a0\u00bb body_font=\u00a0\u00bbNoto Sans||||||||\u00a0\u00bb background_color=\u00a0\u00bbgcid-103d397a-6f46-4147-b0c5-92a84b92f997&Prime; background_enable_color=\u00a0\u00bbon\u00a0\u00bb global_colors_info=\u00a0\u00bb{%22gcid-103d397a-6f46-4147-b0c5-92a84b92f997%22:%91%22background_color%22%93}\u00a0\u00bb sticky_transition=\u00a0\u00bbon\u00a0\u00bb]<\/p>\n<p>En tant qu&rsquo;individus et organisations, nous reconnaissons qu&rsquo;il est urgent de lutter contre le racisme syst\u00e9mique dont sont victimes les nations indig\u00e8nes et inuites et les personnes d&rsquo;ascendance africaine, et de le d\u00e9manteler. En amplifiant les points de vue des autochtones et des personnes d&rsquo;ascendance africaine, nous pouvons \u0153uvrer \u00e0 des solutions plus \u00e9quitables et plus inclusives.<\/p>\n<p>[\/et_pb_slide][et_pb_slide heading=\u00a0\u00bbPromotion et soutien : \u00a0\u00bb image=\u00a0\u00bbhttps:\/\/www.afroheritage.ca\/wp-content\/uploads\/2024\/05\/image-4.png\u00a0\u00bb _builder_version=\u00a0\u00bb4.25.1&Prime; _module_preset=\u00a0\u00bbdefault\u00a0\u00bb header_font=\u00a0\u00bbPT Serif||||||||\u00a0\u00bb body_font=\u00a0\u00bbNoto Sans||||||||\u00a0\u00bb background_color=\u00a0\u00bbRGBA(255,255,255,0)\u00a0\u00bb background_enable_color=\u00a0\u00bbon\u00a0\u00bb global_colors_info=\u00a0\u00bb{}\u00a0\u00bb sticky_transition=\u00a0\u00bbon\u00a0\u00bb]<\/p>\n<p>Nous nous engageons \u00e0 d\u00e9fendre la pleine mise en \u0153uvre de la D\u00e9claration des Nations unies sur les droits des peuples autochtones (UNDRIP) et de la D\u00e9claration des Nations unies sur la D\u00e9cennie des peuples africains, en reconnaissant l&rsquo;importance vitale de l&rsquo;autod\u00e9termination et de la pr\u00e9servation de la culture. Nous soutiendrons activement les initiatives et les campagnes men\u00e9es par les autochtones en vue d&rsquo;obtenir la justice, la souverainet\u00e9 et la revitalisation culturelle.<\/p>\n<p>[\/et_pb_slide][et_pb_slide heading=\u00a0\u00bb\u00c9change culturel et collaboration : \u00a0\u00bb image=\u00a0\u00bbhttps:\/\/www.afroheritage.ca\/wp-content\/uploads\/2024\/05\/image-4.png\u00a0\u00bb _builder_version=\u00a0\u00bb4.25.1&Prime; _module_preset=\u00a0\u00bbdefault\u00a0\u00bb header_font=\u00a0\u00bbPT Serif||||||||\u00a0\u00bb body_font=\u00a0\u00bbNoto Sans||||||||\u00a0\u00bb background_color=\u00a0\u00bbRGBA(255,255,255,0)\u00a0\u00bb background_enable_color=\u00a0\u00bbon\u00a0\u00bb global_colors_info=\u00a0\u00bb{}\u00a0\u00bb sticky_transition=\u00a0\u00bbon\u00a0\u00bb]Nous reconnaissons la tradition commune des contes comme un moyen de pr\u00e9server la culture et l&rsquo;identit\u00e9 des autochtones et des personnes d&rsquo;ascendance africaine. Nous rechercherons activement des possibilit\u00e9s d&rsquo;\u00e9change culturel et de collaboration, en c\u00e9l\u00e9brant la richesse et la diversit\u00e9 de nos histoires collectives.[\/et_pb_slide][et_pb_slide heading=\u00a0\u00bbR\u00e9conciliation et r\u00e9conciliation : \u00a0\u00bb image=\u00a0\u00bbhttps:\/\/www.afroheritage.ca\/wp-content\/uploads\/2024\/05\/image-4.png\u00a0\u00bb _builder_version=\u00a0\u00bb4.25.1&Prime; _module_preset=\u00a0\u00bbdefault\u00a0\u00bb header_font=\u00a0\u00bbPT Serif||||||||\u00a0\u00bb body_font=\u00a0\u00bbNoto Sans||||||||\u00a0\u00bb background_color=\u00a0\u00bbRGBA(255,255,255,0)\u00a0\u00bb background_enable_color=\u00a0\u00bbon\u00a0\u00bb global_colors_info=\u00a0\u00bb{}\u00a0\u00bb sticky_transition=\u00a0\u00bbon\u00a0\u00bb]Nous nous engageons \u00e0 participer activement aux appels \u00e0 l&rsquo;action de la Commission de v\u00e9rit\u00e9 et de r\u00e9conciliation du Canada et aux appels \u00e0 la justice du rapport final sur les femmes et les filles autochtones disparues et assassin\u00e9es. I Il s&rsquo;agit notamment de soutenir les initiatives visant \u00e0 s&rsquo;attaquer \u00e0 l&rsquo;h\u00e9ritage durable du colonialisme, \u00e0 favoriser la gu\u00e9rison et \u00e0 pr\u00e9venir d&rsquo;autres pr\u00e9judices.[\/et_pb_slide][\/et_pb_slider][\/et_pb_column][\/et_pb_row][\/et_pb_section][et_pb_section fb_built=\u00a0\u00bb1&Prime; _builder_version=\u00a0\u00bb4.25.1&Prime; _module_preset=\u00a0\u00bbdefault\u00a0\u00bb custom_margin=\u00a0\u00bb||4vw||false|false\u00a0\u00bb custom_padding=\u00a0\u00bb||0px|||\u00a0\u00bb da_disable_devices=\u00a0\u00bboff|off|off\u00a0\u00bb global_colors_info=\u00a0\u00bb{}\u00a0\u00bb da_is_popup=\u00a0\u00bboff\u00a0\u00bb da_exit_intent=\u00a0\u00bboff\u00a0\u00bb da_has_close=\u00a0\u00bbon\u00a0\u00bb da_alt_close=\u00a0\u00bboff\u00a0\u00bb da_dark_close=\u00a0\u00bboff\u00a0\u00bb da_not_modal=\u00a0\u00bbon\u00a0\u00bb da_is_singular=\u00a0\u00bboff\u00a0\u00bb da_with_loader=\u00a0\u00bboff\u00a0\u00bb da_has_shadow=\u00a0\u00bbon\u00a0\u00bb][et_pb_row _builder_version=\u00a0\u00bb4.25.1&Prime; _module_preset=\u00a0\u00bbdefault\u00a0\u00bb global_colors_info=\u00a0\u00bb{}\u00a0\u00bb][et_pb_column type=\u00a0\u00bb4_4&Prime; _builder_version=\u00a0\u00bb4.25.1&Prime; _module_preset=\u00a0\u00bbdefault\u00a0\u00bb global_colors_info=\u00a0\u00bb{}\u00a0\u00bb][et_pb_text _builder_version=\u00a0\u00bb4.25.1&Prime; _module_preset=\u00a0\u00bbdefault\u00a0\u00bb text_font=\u00a0\u00bbPT Serif|700||on|||||\u00a0\u00bb text_text_color=\u00a0\u00bbgcid-103d397a-6f46-4147-b0c5-92a84b92f997&Prime; text_font_size=\u00a0\u00bb28px\u00a0\u00bb text_orientation=\u00a0\u00bbcenter\u00a0\u00bb global_colors_info=\u00a0\u00bb{%22gcid-103d397a-6f46-4147-b0c5-92a84b92f997%22:%91%22text_text_color%22%93}\u00a0\u00bb]<\/p>\n<p>Nos communaut\u00e9s<\/p>\n<p>[\/et_pb_text][et_pb_blurb title=\u00a0\u00bbCliquez sur une communaut\u00e9 sur la carte ci-dessous pour en savoir plus !\u00a0\u00bb image=\u00a0\u00bbhttps:\/\/www.afroheritage.ca\/wp-content\/uploads\/2024\/06\/AHMapMarkerIconMain.png\u00a0\u00bb icon_placement=\u00a0\u00bbleft\u00a0\u00bb content_max_width=\u00a0\u00bb597px\u00a0\u00bb _builder_version=\u00a0\u00bb4.25.1&Prime; _module_preset=\u00a0\u00bbdefault\u00a0\u00bb global_colors_info=\u00a0\u00bb{}\u00a0\u00bb]<\/p>\n<h6 style=\"text-align: center;\">Cliquez sur les ic\u00f4nes circulaires pour r\u00e9v\u00e9ler plus d&#8217;emplacements dans cette zone.<\/h6>\n<p>[\/et_pb_blurb][\/et_pb_column][\/et_pb_row][\/et_pb_section][et_pb_section fb_built=\u00a0\u00bb1&Prime; _builder_version=\u00a0\u00bb4.25.1&Prime; _module_preset=\u00a0\u00bbdefault\u00a0\u00bb background_enable_video_mp4=\u00a0\u00bboff\u00a0\u00bb vertical_offset=\u00a0\u00bb-46px\u00a0\u00bb horizontal_offset=\u00a0\u00bb105px\u00a0\u00bb height=\u00a0\u00bb819px\u00a0\u00bb custom_padding=\u00a0\u00bb0px||16px|||\u00a0\u00bb da_disable_devices=\u00a0\u00bboff|off|off\u00a0\u00bb global_colors_info=\u00a0\u00bb{}\u00a0\u00bb da_is_popup=\u00a0\u00bboff\u00a0\u00bb da_exit_intent=\u00a0\u00bboff\u00a0\u00bb da_has_close=\u00a0\u00bbon\u00a0\u00bb da_alt_close=\u00a0\u00bboff\u00a0\u00bb da_dark_close=\u00a0\u00bboff\u00a0\u00bb da_not_modal=\u00a0\u00bbon\u00a0\u00bb da_is_singular=\u00a0\u00bboff\u00a0\u00bb da_with_loader=\u00a0\u00bboff\u00a0\u00bb da_has_shadow=\u00a0\u00bbon\u00a0\u00bb][et_pb_row _builder_version=\u00a0\u00bb4.25.1&Prime; _module_preset=\u00a0\u00bbdefault\u00a0\u00bb horizontal_offset=\u00a0\u00bb-66px\u00a0\u00bb width=\u00a0\u00bb85%\u00a0\u00bb max_width=\u00a0\u00bb1920px\u00a0\u00bb custom_margin=\u00a0\u00bb||||true|true\u00a0\u00bb global_colors_info=\u00a0\u00bb{}\u00a0\u00bb][et_pb_column type=\u00a0\u00bb4_4&Prime; _builder_version=\u00a0\u00bb4.25.1&Prime; _module_preset=\u00a0\u00bbdefault\u00a0\u00bb global_colors_info=\u00a0\u00bb{}\u00a0\u00bb][et_pb_code _builder_version=\u00a0\u00bb4.25.1&Prime; _module_preset=\u00a0\u00bbdefault\u00a0\u00bb global_colors_info=\u00a0\u00bb{}\u00a0\u00bb]\r\n\t\t\t\t<div class='mapster-wp-maps-container'>\r\n\t\t\t\t<div class='mapster-wp-maps-loader-container' style='height: 720px;width: 90%;'>\r\n\t\t\t\t\t<div class='mapster-map-loader-initial'>\r\n\t\t\t\t\t\t<svg width='38' height='38' viewBox='0 0 38 38' xmlns='http:\/\/www.w3.org\/2000\/svg' stroke='#333'>\r\n\t\t\t\t\t\t\t<g fill='none' fill-rule='evenodd'>\r\n\t\t\t\t\t\t\t\t\t<g transform='translate(1 1)' stroke-width='2'>\r\n\t\t\t\t\t\t\t\t\t\t\t<circle stroke-opacity='.5' cx='18' cy='18' r='18'\/>\r\n\t\t\t\t\t\t\t\t\t\t\t<path d='M36 18c0-9.94-8.06-18-18-18'>\r\n\t\t\t\t\t\t\t\t\t\t\t\t\t<animateTransform\r\n\t\t\t\t\t\t\t\t\t\t\t\t\t\t\tattributeName='transform'\r\n\t\t\t\t\t\t\t\t\t\t\t\t\t\t\ttype='rotate'\r\n\t\t\t\t\t\t\t\t\t\t\t\t\t\t\tfrom='0 18 18'\r\n\t\t\t\t\t\t\t\t\t\t\t\t\t\t\tto='360 18 18'\r\n\t\t\t\t\t\t\t\t\t\t\t\t\t\t\tdur='1s'\r\n\t\t\t\t\t\t\t\t\t\t\t\t\t\t\trepeatCount='indefinite'\/>\r\n\t\t\t\t\t\t\t\t\t\t\t<\/path>\r\n\t\t\t\t\t\t\t\t\t<\/g>\r\n\t\t\t\t\t\t\t<\/g>\r\n\t\t\t\t\t\t<\/svg>\r\n\t\t\t\t\t<\/div>\r\n\t\t\t\t<\/div>\r\n\t\t\t\t<div class='mapster-wp-maps'\r\n\t\t\t\t\tid='mapster-wp-maps-71430'\r\n\t\t\t\t\tdata-id='71430'\r\n\t\t\t\t\tdata-latitude='null'\r\n\t\t\t\t\tdata-longitude='null'\r\n\t\t\t\t\tdata-zoom='null'\r\n\t\t\t\t\tdata-single_feature_id=''>\r\n\t\t\t\t<\/div>\r\n\t\t\t\t\r\n\t\t\t<\/div>\r\n\t\t[\/et_pb_code][\/et_pb_column][\/et_pb_row][\/et_pb_section][et_pb_section fb_built=\u00a0\u00bb1&Prime; _builder_version=\u00a0\u00bb4.21.0&Prime; _module_preset=\u00a0\u00bbdefault\u00a0\u00bb custom_padding=\u00a0\u00bb5px||80px||false|\u00a0\u00bb da_disable_devices=\u00a0\u00bboff|off|off\u00a0\u00bb global_colors_info=\u00a0\u00bb{}\u00a0\u00bb da_is_popup=\u00a0\u00bboff\u00a0\u00bb da_exit_intent=\u00a0\u00bboff\u00a0\u00bb da_has_close=\u00a0\u00bbon\u00a0\u00bb da_alt_close=\u00a0\u00bboff\u00a0\u00bb da_dark_close=\u00a0\u00bboff\u00a0\u00bb da_not_modal=\u00a0\u00bbon\u00a0\u00bb da_is_singular=\u00a0\u00bboff\u00a0\u00bb da_with_loader=\u00a0\u00bboff\u00a0\u00bb da_has_shadow=\u00a0\u00bbon\u00a0\u00bb][et_pb_row use_custom_gutter=\u00a0\u00bbon\u00a0\u00bb gutter_width=\u00a0\u00bb2&Prime; make_equal=\u00a0\u00bbon\u00a0\u00bb _builder_version=\u00a0\u00bb4.25.1&Prime; vertical_offset=\u00a0\u00bb16px\u00a0\u00bb width_tablet=\u00a0\u00bb90%\u00a0\u00bb width_phone=\u00a0\u00bb90%\u00a0\u00bb width_last_edited=\u00a0\u00bboff|desktop\u00a0\u00bb max_width_tablet=\u00a0\u00bb90%\u00a0\u00bb max_width_phone=\u00a0\u00bb90%\u00a0\u00bb max_width_last_edited=\u00a0\u00bboff|desktop\u00a0\u00bb custom_padding=\u00a0\u00bb0px||0px|||\u00a0\u00bb locked=\u00a0\u00bboff\u00a0\u00bb global_colors_info=\u00a0\u00bb{}\u00a0\u00bb][et_pb_column type=\u00a0\u00bb4_4&Prime; _builder_version=\u00a0\u00bb4.21.0&Prime; custom_css_main_element=\u00a0\u00bbmargin: auto;\u00a0\u00bb global_colors_info=\u00a0\u00bb{}\u00a0\u00bb][et_pb_text _builder_version=\u00a0\u00bb4.25.1&Prime; header_font=\u00a0\u00bbPoppins|700|||||||\u00a0\u00bb header_text_align=\u00a0\u00bbleft\u00a0\u00bb header_text_color=\u00a0\u00bb#222222&Prime; header_font_size=\u00a0\u00bb35px\u00a0\u00bb header_3_font=\u00a0\u00bbPT Serif|700||on|||||\u00a0\u00bb header_3_text_color=\u00a0\u00bbgcid-929d50d3-7c67-4b13-8919-22366598db4e\u00a0\u00bb header_3_font_size=\u00a0\u00bb36px\u00a0\u00bb custom_margin_tablet=\u00a0\u00bb-12px||-17px\u00a0\u00bb custom_margin_phone=\u00a0\u00bb-12px||-11px\u00a0\u00bb custom_margin_last_edited=\u00a0\u00bbon|desktop\u00a0\u00bb header_font_size_tablet=\u00a0\u00bb\u00a0\u00bb header_font_size_phone=\u00a0\u00bb25px\u00a0\u00bb header_font_size_last_edited=\u00a0\u00bbon|desktop\u00a0\u00bb global_colors_info=\u00a0\u00bb{%22gcid-929d50d3-7c67-4b13-8919-22366598db4e%22:%91%22header_3_text_color%22%93}\u00a0\u00bb]<\/p>\n<h3>LE PROJET GRIOT<\/h3>\n<p>[\/et_pb_text][et_pb_text _builder_version=\u00a0\u00bb4.21.0&Prime; text_font=\u00a0\u00bb||||||||\u00a0\u00bb text_text_color=\u00a0\u00bb#000000&Prime; module_alignment=\u00a0\u00bbcenter\u00a0\u00bb custom_margin_tablet=\u00a0\u00bb|||0px\u00a0\u00bb custom_margin_phone=\u00a0\u00bb|||0px\u00a0\u00bb custom_margin_last_edited=\u00a0\u00bbon|desktop\u00a0\u00bb custom_padding=\u00a0\u00bb0px||\u00a0\u00bb text_text_align=\u00a0\u00bbleft\u00a0\u00bb global_colors_info=\u00a0\u00bb{}\u00a0\u00bb]<\/p>\n<p><span data-sider-select-id=\"38acb1fc-3ee3-4af8-960f-be6db89b95c2\">Notre projet est un hommage sinc\u00e8re \u00e0 la remarquable contribution des Afro-Canadiens de l&rsquo;\u00eele de la Tortue et \u00e0 leur pr\u00e9sence inestimable. Avec un engagement fervent \u00e0 honourer leur h\u00e9ritage, nous tissons des r\u00e9cits, c\u00e9l\u00e9brons des r\u00e9alisations et amplifions des voix qui ont fa\u00e7onn\u00e9 des communaut\u00e9s et inspir\u00e9 des g\u00e9n\u00e9rations. Gr\u00e2ce \u00e0 des efforts de collaboration et \u00e0 une passion in\u00e9branlable, nous nous effor\u00e7ons de cr\u00e9er une tapisserie vibrante d&rsquo;histoires qui refl\u00e8tent la richesse et la diversit\u00e9 de l&rsquo;exp\u00e9rience afro-canadienne, en veillant \u00e0 ce que leur impact r\u00e9sonne pour les ann\u00e9es \u00e0 venir.<\/span><span>  <\/span><\/p>\n<p>[\/et_pb_text][\/et_pb_column][\/et_pb_row][\/et_pb_section][et_pb_section fb_built=\u00a0\u00bb1&Prime; admin_label=\u00a0\u00bbSection\u00a0\u00bb _builder_version=\u00a0\u00bb4.16&Prime; custom_padding=\u00a0\u00bb58px|0px|58px|0px|true|false\u00a0\u00bb da_disable_devices=\u00a0\u00bboff|off|off\u00a0\u00bb locked=\u00a0\u00bboff\u00a0\u00bb global_colors_info=\u00a0\u00bb{}\u00a0\u00bb da_is_popup=\u00a0\u00bboff\u00a0\u00bb da_exit_intent=\u00a0\u00bboff\u00a0\u00bb da_has_close=\u00a0\u00bbon\u00a0\u00bb da_alt_close=\u00a0\u00bboff\u00a0\u00bb da_dark_close=\u00a0\u00bboff\u00a0\u00bb da_not_modal=\u00a0\u00bbon\u00a0\u00bb da_is_singular=\u00a0\u00bboff\u00a0\u00bb da_with_loader=\u00a0\u00bboff\u00a0\u00bb da_has_shadow=\u00a0\u00bbon\u00a0\u00bb][et_pb_row _builder_version=\u00a0\u00bb4.21.0&Prime; _module_preset=\u00a0\u00bbdefault\u00a0\u00bb custom_padding=\u00a0\u00bb0px||0px|||\u00a0\u00bb global_colors_info=\u00a0\u00bb{}\u00a0\u00bb][et_pb_column type=\u00a0\u00bb4_4&Prime; _builder_version=\u00a0\u00bb4.21.0&Prime; _module_preset=\u00a0\u00bbdefault\u00a0\u00bb global_colors_info=\u00a0\u00bb{}\u00a0\u00bb][et_pb_text _builder_version=\u00a0\u00bb4.25.1&Prime; _module_preset=\u00a0\u00bbdefault\u00a0\u00bb text_font=\u00a0\u00bbPT Serif|700||on|||||\u00a0\u00bb text_text_color=\u00a0\u00bbgcid-838371e4-a8f8-4035-b85f-7c6baccdd10f\u00a0\u00bb text_font_size=\u00a0\u00bb30px\u00a0\u00bb text_orientation=\u00a0\u00bbcenter\u00a0\u00bb global_colors_info=\u00a0\u00bb{%22gcid-838371e4-a8f8-4035-b85f-7c6baccdd10f%22:%91%22text_text_color%22%93}\u00a0\u00bb]<\/p>\n<p>Les partenaires<\/p>\n<p>[\/et_pb_text][\/et_pb_column][\/et_pb_row][et_pb_row make_equal=\u00a0\u00bbon\u00a0\u00bb _builder_version=\u00a0\u00bb4.25.1&Prime; width=\u00a0\u00bb100%\u00a0\u00bb max_width=\u00a0\u00bb100%\u00a0\u00bb custom_padding=\u00a0\u00bb||25px|||\u00a0\u00bb global_colors_info=\u00a0\u00bb{}\u00a0\u00bb][et_pb_column type=\u00a0\u00bb4_4&Prime; _builder_version=\u00a0\u00bb4.25.0&Prime; custom_padding=\u00a0\u00bb|||\u00a0\u00bb custom_css_main_element=\u00a0\u00bbmargin: auto;\u00a0\u00bb global_colors_info=\u00a0\u00bb{}\u00a0\u00bb custom_padding__hover=\u00a0\u00bb|||\u00a0\u00bb][dica_divi_carousel item_width_auto=\u00a0\u00bbon\u00a0\u00bb item_width=\u00a0\u00bb20%\u00a0\u00bb loop=\u00a0\u00bbon\u00a0\u00bb autoplay=\u00a0\u00bbon\u00a0\u00bb hoverpause=\u00a0\u00bbon\u00a0\u00bb scroller_effect=\u00a0\u00bbon\u00a0\u00bb item_vertical_align=\u00a0\u00bbcenter\u00a0\u00bb lazy_loading=\u00a0\u00bbon\u00a0\u00bb advanced_effect=\u00a0\u00bb1&Prime; _builder_version=\u00a0\u00bb4.25.1&Prime; _module_preset=\u00a0\u00bbdefault\u00a0\u00bb global_colors_info=\u00a0\u00bb{}\u00a0\u00bb][dica_divi_carouselitem button_url_new_window=\u00a0\u00bb1&Prime; image=\u00a0\u00bbhttps:\/\/www.afroheritage.ca\/wp-content\/uploads\/2024\/05\/WIBCA-Logo-8-1.jpg\u00a0\u00bb _builder_version=\u00a0\u00bb4.25.1&Prime; _module_preset=\u00a0\u00bbdefault\u00a0\u00bb global_colors_info=\u00a0\u00bb{}\u00a0\u00bb][\/dica_divi_carouselitem][dica_divi_carouselitem button_url_new_window=\u00a0\u00bb1&Prime; image=\u00a0\u00bbhttps:\/\/www.afroheritage.ca\/wp-content\/uploads\/2024\/05\/Westhaven-75-1.jpg\u00a0\u00bb _builder_version=\u00a0\u00bb4.25.1&Prime; _module_preset=\u00a0\u00bbdefault\u00a0\u00bb global_colors_info=\u00a0\u00bb{}\u00a0\u00bb][\/dica_divi_carouselitem][dica_divi_carouselitem button_url_new_window=\u00a0\u00bb1&Prime; image=\u00a0\u00bbhttps:\/\/www.afroheritage.ca\/wp-content\/uploads\/2024\/05\/wordmark_C.jpg\u00a0\u00bb _builder_version=\u00a0\u00bb4.25.1&Prime; _module_preset=\u00a0\u00bbdefault\u00a0\u00bb global_colors_info=\u00a0\u00bb{}\u00a0\u00bb][\/dica_divi_carouselitem][dica_divi_carouselitem button_url_new_window=\u00a0\u00bb1&Prime; image=\u00a0\u00bbhttps:\/\/www.afroheritage.ca\/wp-content\/uploads\/2024\/05\/1Funder-logo_CIG-75.jpg\u00a0\u00bb _builder_version=\u00a0\u00bb4.25.1&Prime; _module_preset=\u00a0\u00bbdefault\u00a0\u00bb global_colors_info=\u00a0\u00bb{}\u00a0\u00bb][\/dica_divi_carouselitem][dica_divi_carouselitem button_url_new_window=\u00a0\u00bb1&Prime; image=\u00a0\u00bbhttps:\/\/www.afroheritage.ca\/wp-content\/uploads\/2024\/05\/CCRL_Logo_H_EN.jpg\u00a0\u00bb _builder_version=\u00a0\u00bb4.25.1&Prime; _module_preset=\u00a0\u00bbdefault\u00a0\u00bb global_colors_info=\u00a0\u00bb{}\u00a0\u00bb][\/dica_divi_carouselitem][\/dica_divi_carousel][\/et_pb_column][\/et_pb_row][\/et_pb_section]<\/p>\n","protected":false},"excerpt":{"rendered":"<p>Nous reconnaissons avec humilit\u00e9 que nous nous r\u00e9unissons sur les territoires traditionnels des peuples autochtones et inuits de l&rsquo;\u00eele de la Tortue.En tant qu&rsquo;individus et organisations, nous reconnaissons qu&rsquo;il est urgent de lutter contre le racisme syst\u00e9mique dont sont victimes les nations indig\u00e8nes et inuites et les personnes d&rsquo;ascendance africaine, et de le d\u00e9manteler. Nous\u2026 <a href=\"https:\/\/www.afroheritage.ca\/fr\/et_pb_layout\/footer-6\/\">Read More &raquo;<\/a><\/p>\n","protected":false},"author":1,"featured_media":0,"parent":0,"menu_order":0,"comment_status":"closed","ping_status":"closed","template":"","meta":{"_acf_changed":false,"_et_pb_use_builder":"on","_et_pb_old_content":"","_et_gb_content_width":"","footnotes":""},"class_list":["post-230772","page","type-page","status-publish","hentry"],"acf":[],"_links":{"self":[{"href":"https:\/\/www.afroheritage.ca\/fr\/wp-json\/wp\/v2\/pages\/230772","targetHints":{"allow":["GET"]}}],"collection":[{"href":"https:\/\/www.afroheritage.ca\/fr\/wp-json\/wp\/v2\/pages"}],"about":[{"href":"https:\/\/www.afroheritage.ca\/fr\/wp-json\/wp\/v2\/types\/page"}],"author":[{"embeddable":true,"href":"https:\/\/www.afroheritage.ca\/fr\/wp-json\/wp\/v2\/users\/1"}],"replies":[{"embeddable":true,"href":"https:\/\/www.afroheritage.ca\/fr\/wp-json\/wp\/v2\/comments?post=230772"}],"version-history":[{"count":0,"href":"https:\/\/www.afroheritage.ca\/fr\/wp-json\/wp\/v2\/pages\/230772\/revisions"}],"wp:attachment":[{"href":"https:\/\/www.afroheritage.ca\/fr\/wp-json\/wp\/v2\/media?parent=230772"}],"curies":[{"name":"wp","href":"https:\/\/api.w.org\/{rel}","templated":true}]}}