{"id":230799,"date":"2023-11-15T12:36:59","date_gmt":"2023-11-15T12:36:59","guid":{"rendered":"https:\/\/www.afroheritage.ca\/musique\/"},"modified":"2024-06-07T18:28:32","modified_gmt":"2024-06-07T18:28:32","slug":"musique","status":"publish","type":"page","link":"https:\/\/www.afroheritage.ca\/fr\/musique\/","title":{"rendered":"Musique"},"content":{"rendered":"<p>[et_pb_section fb_built=\u00a0\u00bb1&Prime; admin_label=\u00a0\u00bbSection\u00a0\u00bb _builder_version=\u00a0\u00bb4.18.0&Prime; _module_preset=\u00a0\u00bbdefault\u00a0\u00bb background_color=\u00a0\u00bb#383838&Prime; custom_padding=\u00a0\u00bb100px||100px||true|false\u00a0\u00bb da_disable_devices=\u00a0\u00bboff|off|off\u00a0\u00bb global_colors_info=\u00a0\u00bb{}\u00a0\u00bb da_is_popup=\u00a0\u00bboff\u00a0\u00bb da_exit_intent=\u00a0\u00bboff\u00a0\u00bb da_has_close=\u00a0\u00bbon\u00a0\u00bb da_alt_close=\u00a0\u00bboff\u00a0\u00bb da_dark_close=\u00a0\u00bboff\u00a0\u00bb da_not_modal=\u00a0\u00bbon\u00a0\u00bb da_is_singular=\u00a0\u00bboff\u00a0\u00bb da_with_loader=\u00a0\u00bboff\u00a0\u00bb da_has_shadow=\u00a0\u00bbon\u00a0\u00bb][et_pb_row column_structure=\u00a0\u00bb3_5,2_5&Prime; use_custom_gutter=\u00a0\u00bbon\u00a0\u00bb gutter_width=\u00a0\u00bb2&Prime; make_equal=\u00a0\u00bbon\u00a0\u00bb _builder_version=\u00a0\u00bb4.18.0&Prime; _module_preset=\u00a0\u00bbdefault\u00a0\u00bb width=\u00a0\u00bb90%\u00a0\u00bb width_tablet=\u00a0\u00bb90%\u00a0\u00bb width_phone=\u00a0\u00bb90%\u00a0\u00bb width_last_edited=\u00a0\u00bbon|desktop\u00a0\u00bb max_width_tablet=\u00a0\u00bb90%\u00a0\u00bb max_width_phone=\u00a0\u00bb90%\u00a0\u00bb max_width_last_edited=\u00a0\u00bboff|desktop\u00a0\u00bb custom_padding=\u00a0\u00bb0px||0px||true|\u00a0\u00bb global_colors_info=\u00a0\u00bb{}\u00a0\u00bb][et_pb_column type=\u00a0\u00bb3_5&Prime; _builder_version=\u00a0\u00bb4.16&Prime; _module_preset=\u00a0\u00bbdefault\u00a0\u00bb custom_padding=\u00a0\u00bb25px||||false|false\u00a0\u00bb global_colors_info=\u00a0\u00bb{}\u00a0\u00bb][et_pb_text _builder_version=\u00a0\u00bb4.25.1&Prime; _module_preset=\u00a0\u00bbdefault\u00a0\u00bb text_font=\u00a0\u00bbPT Serif|600||on|||||\u00a0\u00bb text_text_color=\u00a0\u00bb#ffffff\u00a0\u00bb text_font_size=\u00a0\u00bb30px\u00a0\u00bb text_letter_spacing=\u00a0\u00bb-1px\u00a0\u00bb text_line_height=\u00a0\u00bb1.2em\u00a0\u00bb max_width=\u00a0\u00bb506px\u00a0\u00bb module_alignment=\u00a0\u00bbleft\u00a0\u00bb custom_margin=\u00a0\u00bb-1px||||false|false\u00a0\u00bb custom_margin_tablet=\u00a0\u00bb-20px||30px||false|false\u00a0\u00bb custom_margin_phone=\u00a0\u00bb-20px||30px||false|false\u00a0\u00bb custom_margin_last_edited=\u00a0\u00bbon|phone\u00a0\u00bb hover_enabled=\u00a0\u00bb0&Prime; text_font_size_tablet=\u00a0\u00bb50px\u00a0\u00bb text_font_size_phone=\u00a0\u00bb30px\u00a0\u00bb text_font_size_last_edited=\u00a0\u00bbon|phone\u00a0\u00bb global_colors_info=\u00a0\u00bb{}\u00a0\u00bb sticky_enabled=\u00a0\u00bb0&Prime;]<\/p>\n<p>Musiques de notre patrimoine<\/p>\n<p>[\/et_pb_text][et_pb_text _builder_version=\u00a0\u00bb4.25.1&Prime; _module_preset=\u00a0\u00bbdefault\u00a0\u00bb text_text_color=\u00a0\u00bb#FFFFFF\u00a0\u00bb text_font_size=\u00a0\u00bb18px\u00a0\u00bb width=\u00a0\u00bb80%\u00a0\u00bb custom_padding=\u00a0\u00bb||2px|||\u00a0\u00bb hover_enabled=\u00a0\u00bb0&Prime; global_colors_info=\u00a0\u00bb{}\u00a0\u00bb sticky_enabled=\u00a0\u00bb0&Prime;]La musique afro-canadienne est une pilier de l&rsquo;identit\u00e9 culturelle du Canada, enrichissant de mani\u00e8re vibrante la tapisserie artistique de la nation avec ses diverses sonorit\u00e9s telles que le jazz, le blues, le hip-hop, l&rsquo;afrobeats et le reggae. Il a longtemps \u00e9t\u00e9 un puissant instrument de changement social, donnant une voix \u00e0 la lutte contre le racisme et les injustices. Des l\u00e9gendes comme Oliver Jones, Kardinall Marshall, The Crump Twins et Uniacke Square Posse ont ouvert la voie, \u00e9tablissant un riche h\u00e9ritage musical que des artistes contemporains comme Choclair, Saukrates, Rascalz, Kyristal, Butta Babees, Trobiz, Jully Black, Drake et The Weeknd continuent de d\u00e9velopper sur la sc\u00e8ne mondiale. Au-del\u00e0 de son impact artistique, la musique afro-canadienne renforce les communaut\u00e9s, maintient les traditions culturelles vivantes et stimule l&rsquo;\u00e9conomie gr\u00e2ce \u00e0 des festivals dynamiques et au tourisme. C&rsquo;est une expression essentielle et passionn\u00e9e de l&rsquo;\u00e2me du Canada, qui refl\u00e8te son histoire, ses luttes et ses triomphes.[\/et_pb_text][\/et_pb_column][et_pb_column type=\u00a0\u00bb2_5&Prime; _builder_version=\u00a0\u00bb4.18.0&Prime; _module_preset=\u00a0\u00bbdefault\u00a0\u00bb animation_direction=\u00a0\u00bbright\u00a0\u00bb global_colors_info=\u00a0\u00bb{}\u00a0\u00bb][et_pb_video_slider _builder_version=\u00a0\u00bb4.25.1&Prime; _module_preset=\u00a0\u00bbdefault\u00a0\u00bb global_colors_info=\u00a0\u00bb{}\u00a0\u00bb][et_pb_video_slider_item src=\u00a0\u00bbhttps:\/\/www.youtube.com\/watch?v=HF4UBhIqh6s\u00a0\u00bb _builder_version=\u00a0\u00bb4.25.1&Prime; _module_preset=\u00a0\u00bbdefault\u00a0\u00bb global_colors_info=\u00a0\u00bb{}\u00a0\u00bb show_image_overlay=\u00a0\u00bboff\u00a0\u00bb][\/et_pb_video_slider_item][et_pb_video_slider_item src=\u00a0\u00bbhttps:\/\/youtu.be\/eHdTRMdKMgc?si=Kb9jeNOnQE3atm_b\u00a0\u00bb _builder_version=\u00a0\u00bb4.25.1&Prime; _module_preset=\u00a0\u00bbdefault\u00a0\u00bb global_colors_info=\u00a0\u00bb{}\u00a0\u00bb show_image_overlay=\u00a0\u00bboff\u00a0\u00bb][\/et_pb_video_slider_item][et_pb_video_slider_item src=\u00a0\u00bbhttps:\/\/youtu.be\/43LOneas-0Q?si=Xh8N6CbAViuA3VPK\u00a0\u00bb _builder_version=\u00a0\u00bb4.25.1&Prime; _module_preset=\u00a0\u00bbdefault\u00a0\u00bb global_colors_info=\u00a0\u00bb{}\u00a0\u00bb show_image_overlay=\u00a0\u00bboff\u00a0\u00bb][\/et_pb_video_slider_item][\/et_pb_video_slider][\/et_pb_column][\/et_pb_row][\/et_pb_section][et_pb_section fb_built=\u00a0\u00bb1&Prime; admin_label=\u00a0\u00bbSection\u00a0\u00bb module_id=\u00a0\u00bbsounds-of-halifax\u00a0\u00bb _builder_version=\u00a0\u00bb4.25.1&Prime; custom_padding=\u00a0\u00bb80px||80px||true|\u00a0\u00bb da_popup_slug=\u00a0\u00bbsounds-of-halifax\u00a0\u00bb da_disable_devices=\u00a0\u00bboff|off|off\u00a0\u00bb global_colors_info=\u00a0\u00bb{}\u00a0\u00bb da_is_popup=\u00a0\u00bboff\u00a0\u00bb da_exit_intent=\u00a0\u00bboff\u00a0\u00bb da_has_close=\u00a0\u00bbon\u00a0\u00bb da_alt_close=\u00a0\u00bboff\u00a0\u00bb da_dark_close=\u00a0\u00bboff\u00a0\u00bb da_not_modal=\u00a0\u00bbon\u00a0\u00bb da_is_singular=\u00a0\u00bboff\u00a0\u00bb da_with_loader=\u00a0\u00bboff\u00a0\u00bb da_has_shadow=\u00a0\u00bbon\u00a0\u00bb][et_pb_row column_structure=\u00a0\u00bb1_2,1_2&Prime; use_custom_gutter=\u00a0\u00bbon\u00a0\u00bb gutter_width=\u00a0\u00bb2&Prime; make_equal=\u00a0\u00bbon\u00a0\u00bb _builder_version=\u00a0\u00bb4.25.1&Prime; width_tablet=\u00a0\u00bb90%\u00a0\u00bb width_phone=\u00a0\u00bb90%\u00a0\u00bb width_last_edited=\u00a0\u00bboff|phone\u00a0\u00bb max_width_tablet=\u00a0\u00bb90%\u00a0\u00bb max_width_phone=\u00a0\u00bb90%\u00a0\u00bb max_width_last_edited=\u00a0\u00bboff|tablet\u00a0\u00bb locked=\u00a0\u00bboff\u00a0\u00bb global_colors_info=\u00a0\u00bb{}\u00a0\u00bb][et_pb_column type=\u00a0\u00bb1_2&Prime; _builder_version=\u00a0\u00bb4.16&Prime; global_colors_info=\u00a0\u00bb{}\u00a0\u00bb][et_pb_text _builder_version=\u00a0\u00bb4.25.1&Prime; header_2_font=\u00a0\u00bbPT Serif|700||on|||||\u00a0\u00bb header_2_text_color=\u00a0\u00bbgcid-838371e4-a8f8-4035-b85f-7c6baccdd10f\u00a0\u00bb header_2_font_size=\u00a0\u00bb30px\u00a0\u00bb header_2_line_height=\u00a0\u00bb1.3em\u00a0\u00bb max_width=\u00a0\u00bb468px\u00a0\u00bb max_width_tablet=\u00a0\u00bb100%\u00a0\u00bb max_width_phone=\u00a0\u00bb\u00a0\u00bb max_width_last_edited=\u00a0\u00bbon|tablet\u00a0\u00bb header_2_font_size_tablet=\u00a0\u00bb\u00a0\u00bb header_2_font_size_phone=\u00a0\u00bb25px\u00a0\u00bb header_2_font_size_last_edited=\u00a0\u00bbon|desktop\u00a0\u00bb global_colors_info=\u00a0\u00bb{%22gcid-838371e4-a8f8-4035-b85f-7c6baccdd10f%22:%91%22header_2_text_color%22%93}\u00a0\u00bb]<\/p>\n<h2>les Sons de Colombie-Britannique<\/h2>\n<p>[\/et_pb_text][et_pb_text _builder_version=\u00a0\u00bb4.21.0&Prime; text_font=\u00a0\u00bb||||||||\u00a0\u00bb text_text_color=\u00a0\u00bb#000000&Prime; text_font_size=\u00a0\u00bb18px\u00a0\u00bb text_line_height=\u00a0\u00bb1.2em\u00a0\u00bb max_width=\u00a0\u00bb451px\u00a0\u00bb max_width_tablet=\u00a0\u00bb100%\u00a0\u00bb max_width_phone=\u00a0\u00bb\u00a0\u00bb max_width_last_edited=\u00a0\u00bbon|desktop\u00a0\u00bb custom_margin=\u00a0\u00bb-9px||\u00a0\u00bb global_colors_info=\u00a0\u00bb{}\u00a0\u00bb]<\/p>\n<p><span style=\"font-weight: 400;\">La musique noire de Vancouver se r\u00e9percute dans les salles, les festivals et les institutions culturelles de la ville, enrichissant ainsi son paysage musical diversifi\u00e9. . Influenc\u00e9e par un \u00e9ventail de genres tels que le jazz, le reggae, la soul et le hip-hop, la sc\u00e8ne musicale noire de Vancouver refl\u00e8te la cr\u00e9ativit\u00e9 dynamique de ses artistes Des lieux embl\u00e9matiques comme le Commodore Ballroom aux \u00e9v\u00e9nements communautaires comme le Vancouver International Jazz Festival, la ville offre une plateforme aux stars \u00e9tablies et aux talents \u00e9mergents pour pr\u00e9senter leur art. Des personnalit\u00e9s telles que k-os et Nelly Furtado sont enracin\u00e9es dans la communaut\u00e9 musicale noire de Vancouver, tandis que des artistes locaux comme Tonye Aganaba et Chin Injeti continuent de fa\u00e7onner et de red\u00e9finir le son de la ville. La sc\u00e8ne musicale noire de Vancouver est une c\u00e9l\u00e9bration de la diversit\u00e9 culturelle, de l&rsquo;innovation artistique et de l&rsquo;h\u00e9ritage durable des musiciens noirs au Canada.<\/span><\/p>\n<p>[\/et_pb_text][\/et_pb_column][et_pb_column type=\u00a0\u00bb1_2&Prime; _builder_version=\u00a0\u00bb4.25.1&Prime; _module_preset=\u00a0\u00bbdefault\u00a0\u00bb global_colors_info=\u00a0\u00bb{}\u00a0\u00bb][et_pb_video_slider _builder_version=\u00a0\u00bb4.25.1&Prime; _module_preset=\u00a0\u00bbdefault\u00a0\u00bb locked=\u00a0\u00bboff\u00a0\u00bb global_colors_info=\u00a0\u00bb{}\u00a0\u00bb][et_pb_video_slider_item src=\u00a0\u00bbhttps:\/\/www.youtube.com\/watch?v=VK8cbdKF0jw\u00a0\u00bb _builder_version=\u00a0\u00bb4.25.1&Prime; _module_preset=\u00a0\u00bbdefault\u00a0\u00bb global_colors_info=\u00a0\u00bb{}\u00a0\u00bb show_image_overlay=\u00a0\u00bboff\u00a0\u00bb][\/et_pb_video_slider_item][et_pb_video_slider_item src=\u00a0\u00bbhttps:\/\/youtu.be\/SN6jcMruHfA?si=jCM2i1phRBlia-ha\u00a0\u00bb _builder_version=\u00a0\u00bb4.25.1&Prime; _module_preset=\u00a0\u00bbdefault\u00a0\u00bb global_colors_info=\u00a0\u00bb{}\u00a0\u00bb show_image_overlay=\u00a0\u00bboff\u00a0\u00bb][\/et_pb_video_slider_item][et_pb_video_slider_item src=\u00a0\u00bbhttps:\/\/www.youtube.com\/watch?v=8xhAYxOQbxk\u00a0\u00bb _builder_version=\u00a0\u00bb4.25.1&Prime; _module_preset=\u00a0\u00bbdefault\u00a0\u00bb global_colors_info=\u00a0\u00bb{}\u00a0\u00bb show_image_overlay=\u00a0\u00bboff\u00a0\u00bb][\/et_pb_video_slider_item][\/et_pb_video_slider][\/et_pb_column][\/et_pb_row][et_pb_row column_structure=\u00a0\u00bb1_2,1_2&Prime; use_custom_gutter=\u00a0\u00bbon\u00a0\u00bb gutter_width=\u00a0\u00bb2&Prime; make_equal=\u00a0\u00bbon\u00a0\u00bb _builder_version=\u00a0\u00bb4.25.1&Prime; width_tablet=\u00a0\u00bb90%\u00a0\u00bb width_phone=\u00a0\u00bb90%\u00a0\u00bb width_last_edited=\u00a0\u00bboff|phone\u00a0\u00bb max_width_tablet=\u00a0\u00bb90%\u00a0\u00bb max_width_phone=\u00a0\u00bb90%\u00a0\u00bb max_width_last_edited=\u00a0\u00bboff|tablet\u00a0\u00bb locked=\u00a0\u00bboff\u00a0\u00bb global_colors_info=\u00a0\u00bb{}\u00a0\u00bb][et_pb_column type=\u00a0\u00bb1_2&Prime; _builder_version=\u00a0\u00bb4.16&Prime; global_colors_info=\u00a0\u00bb{}\u00a0\u00bb][et_pb_text module_id=\u00a0\u00bbnssounds\u00a0\u00bb _builder_version=\u00a0\u00bb4.25.1&Prime; header_2_font=\u00a0\u00bbPT Serif|700||on|||||\u00a0\u00bb header_2_text_color=\u00a0\u00bbgcid-838371e4-a8f8-4035-b85f-7c6baccdd10f\u00a0\u00bb header_2_font_size=\u00a0\u00bb30px\u00a0\u00bb header_2_line_height=\u00a0\u00bb1.3em\u00a0\u00bb max_width=\u00a0\u00bb468px\u00a0\u00bb max_width_tablet=\u00a0\u00bb100%\u00a0\u00bb max_width_phone=\u00a0\u00bb\u00a0\u00bb max_width_last_edited=\u00a0\u00bbon|tablet\u00a0\u00bb header_2_font_size_tablet=\u00a0\u00bb\u00a0\u00bb header_2_font_size_phone=\u00a0\u00bb25px\u00a0\u00bb header_2_font_size_last_edited=\u00a0\u00bbon|desktop\u00a0\u00bb global_colors_info=\u00a0\u00bb{%22gcid-838371e4-a8f8-4035-b85f-7c6baccdd10f%22:%91%22header_2_text_color%22%93}\u00a0\u00bb]<\/p>\n<h2>Les sons en Nouvelle-\u00c9cosse<\/h2>\n<p>[\/et_pb_text][et_pb_text _builder_version=\u00a0\u00bb4.21.0&Prime; text_font=\u00a0\u00bb||||||||\u00a0\u00bb text_text_color=\u00a0\u00bb#000000&Prime; text_font_size=\u00a0\u00bb18px\u00a0\u00bb text_line_height=\u00a0\u00bb1.2em\u00a0\u00bb max_width=\u00a0\u00bb451px\u00a0\u00bb max_width_tablet=\u00a0\u00bb100%\u00a0\u00bb max_width_phone=\u00a0\u00bb\u00a0\u00bb max_width_last_edited=\u00a0\u00bbon|desktop\u00a0\u00bb custom_margin=\u00a0\u00bb-9px||\u00a0\u00bb global_colors_info=\u00a0\u00bb{}\u00a0\u00bb]<\/p>\n<p><span style=\"font-weight: 400;\">La musique noire \u00e0 Halifax r\u00e9sonne dans les rues, les lieux et les festivals de la ville, enrichissant sa tapisserie culturelle. Enracin\u00e9e dans l&rsquo;histoire des traditions afro-n\u00e9o-\u00e9cossaises, la sc\u00e8ne musicale noire d&rsquo;Halifax englobe un large \u00e9ventail de genres, du gospel \u00e0 la soul en passant par le reggae et le hip-hop. Des artistes influents tels que Portia White, premi\u00e8re chanteuse de concert noire canadienne \u00e0 avoir acquis une renomm\u00e9e internationale, et Classified, rappeur laur\u00e9at d&rsquo;un Juno, ont laiss\u00e9 des traces ind\u00e9l\u00e9biles dans le paysage musical d&rsquo;Halifax. Aujourd&rsquo;hui, des talents \u00e9mergents comme Reeny Smith et Zamani fa\u00e7onnent le son contemporain de la ville, lui insufflant des perspectives nouvelles et des styles novateurs. La sc\u00e8ne musicale noire de Halifax n&rsquo;est pas seulement une c\u00e9l\u00e9bration de l&rsquo;expression artistique, mais aussi un rappel puissant de la r\u00e9silience, de la cr\u00e9ativit\u00e9 et des contributions culturelles des N\u00e9o-\u00c9cossais noirs.<\/span><\/p>\n<p>[\/et_pb_text][\/et_pb_column][et_pb_column type=\u00a0\u00bb1_2&Prime; _builder_version=\u00a0\u00bb4.25.1&Prime; _module_preset=\u00a0\u00bbdefault\u00a0\u00bb global_colors_info=\u00a0\u00bb{}\u00a0\u00bb][et_pb_video_slider _builder_version=\u00a0\u00bb4.25.1&Prime; _module_preset=\u00a0\u00bbdefault\u00a0\u00bb locked=\u00a0\u00bboff\u00a0\u00bb global_colors_info=\u00a0\u00bb{}\u00a0\u00bb][et_pb_video_slider_item src=\u00a0\u00bbhttps:\/\/www.youtube.com\/watch?v=bdFwFwU9pZY\u00a0\u00bb _builder_version=\u00a0\u00bb4.25.1&Prime; _module_preset=\u00a0\u00bbdefault\u00a0\u00bb global_colors_info=\u00a0\u00bb{}\u00a0\u00bb show_image_overlay=\u00a0\u00bboff\u00a0\u00bb][\/et_pb_video_slider_item][et_pb_video_slider_item src=\u00a0\u00bbhttps:\/\/youtu.be\/nNE2f_lb2gY?si=pl3PxDIXPnwwkfWp\u00a0\u00bb _builder_version=\u00a0\u00bb4.25.1&Prime; _module_preset=\u00a0\u00bbdefault\u00a0\u00bb global_colors_info=\u00a0\u00bb{}\u00a0\u00bb show_image_overlay=\u00a0\u00bboff\u00a0\u00bb][\/et_pb_video_slider_item][et_pb_video_slider_item src=\u00a0\u00bbhttps:\/\/youtu.be\/aUeQ7CSwslE?si=UcGynWSQXrqjtarU\u00a0\u00bb _builder_version=\u00a0\u00bb4.25.1&Prime; _module_preset=\u00a0\u00bbdefault\u00a0\u00bb global_colors_info=\u00a0\u00bb{}\u00a0\u00bb show_image_overlay=\u00a0\u00bboff\u00a0\u00bb][\/et_pb_video_slider_item][\/et_pb_video_slider][\/et_pb_column][\/et_pb_row][et_pb_row column_structure=\u00a0\u00bb1_2,1_2&Prime; use_custom_gutter=\u00a0\u00bbon\u00a0\u00bb gutter_width=\u00a0\u00bb2&Prime; make_equal=\u00a0\u00bbon\u00a0\u00bb _builder_version=\u00a0\u00bb4.25.1&Prime; width_tablet=\u00a0\u00bb90%\u00a0\u00bb width_phone=\u00a0\u00bb90%\u00a0\u00bb width_last_edited=\u00a0\u00bboff|phone\u00a0\u00bb max_width_tablet=\u00a0\u00bb90%\u00a0\u00bb max_width_phone=\u00a0\u00bb90%\u00a0\u00bb max_width_last_edited=\u00a0\u00bboff|tablet\u00a0\u00bb global_colors_info=\u00a0\u00bb{}\u00a0\u00bb][et_pb_column type=\u00a0\u00bb1_2&Prime; _builder_version=\u00a0\u00bb4.16&Prime; global_colors_info=\u00a0\u00bb{}\u00a0\u00bb][et_pb_text _builder_version=\u00a0\u00bb4.25.1&Prime; header_2_font=\u00a0\u00bbPT Serif|700||on|||||\u00a0\u00bb header_2_text_color=\u00a0\u00bbgcid-838371e4-a8f8-4035-b85f-7c6baccdd10f\u00a0\u00bb header_2_font_size=\u00a0\u00bb30px\u00a0\u00bb header_2_line_height=\u00a0\u00bb1.3em\u00a0\u00bb max_width=\u00a0\u00bb468px\u00a0\u00bb max_width_tablet=\u00a0\u00bb100%\u00a0\u00bb max_width_phone=\u00a0\u00bb\u00a0\u00bb max_width_last_edited=\u00a0\u00bbon|tablet\u00a0\u00bb header_2_font_size_tablet=\u00a0\u00bb\u00a0\u00bb header_2_font_size_phone=\u00a0\u00bb25px\u00a0\u00bb header_2_font_size_last_edited=\u00a0\u00bbon|desktop\u00a0\u00bb global_colors_info=\u00a0\u00bb{%22gcid-838371e4-a8f8-4035-b85f-7c6baccdd10f%22:%91%22header_2_text_color%22%93}\u00a0\u00bb]<\/p>\n<h2>Les sons Quebecois<\/h2>\n<p>[\/et_pb_text][et_pb_text _builder_version=\u00a0\u00bb4.21.0&Prime; text_font=\u00a0\u00bb||||||||\u00a0\u00bb text_text_color=\u00a0\u00bb#000000&Prime; text_font_size=\u00a0\u00bb18px\u00a0\u00bb text_line_height=\u00a0\u00bb1.2em\u00a0\u00bb max_width=\u00a0\u00bb451px\u00a0\u00bb max_width_tablet=\u00a0\u00bb100%\u00a0\u00bb max_width_phone=\u00a0\u00bb\u00a0\u00bb max_width_last_edited=\u00a0\u00bbon|desktop\u00a0\u00bb custom_margin=\u00a0\u00bb-9px||\u00a0\u00bb global_colors_info=\u00a0\u00bb{}\u00a0\u00bb]<\/p>\n<p><span style=\"font-weight: 400;\">La musique noire \u00e0 Montr\u00e9al est une tapisserie vibrante tiss\u00e9e d&rsquo;influences diverses, refl\u00e9tant la riche mosa\u00efque culturelle de la ville. Des m\u00e9lodies pleines d&rsquo;\u00e2me du jazz et du blues aux rythmes contagieux du reggae et du hip-hop, la musique noire impr\u00e8gne les rues, les clubs et les festivals de Montr\u00e9al. Des artistes influents comme Oscar Peterson, Leonard Cohen et Rufus Wainwright ont tous contribu\u00e9 au paysage musical de la ville, tandis que des talents locaux comme Kaytranada, Pierre Kwenders et Ariane Moffatt continuent de repousser les limites et d&rsquo;innover. Que ce soit dans les clubs de jazz intimes du Plateau ou dans les clubs reggae anim\u00e9s de la Petite-Bourgogne, la sc\u00e8ne musicale noire de Montr\u00e9al t\u00e9moigne de la cr\u00e9ativit\u00e9, de la r\u00e9silience et de la diversit\u00e9 des communaut\u00e9s noires de la ville.<\/span><\/p>\n<p>[\/et_pb_text][\/et_pb_column][et_pb_column type=\u00a0\u00bb1_2&Prime; _builder_version=\u00a0\u00bb4.25.1&Prime; _module_preset=\u00a0\u00bbdefault\u00a0\u00bb global_colors_info=\u00a0\u00bb{}\u00a0\u00bb][et_pb_video_slider _builder_version=\u00a0\u00bb4.25.1&Prime; _module_preset=\u00a0\u00bbdefault\u00a0\u00bb locked=\u00a0\u00bboff\u00a0\u00bb global_colors_info=\u00a0\u00bb{}\u00a0\u00bb][et_pb_video_slider_item src=\u00a0\u00bbhttps:\/\/www.youtube.com\/watch?v=Nz1YgowS1Uc\u00a0\u00bb _builder_version=\u00a0\u00bb4.25.1&Prime; _module_preset=\u00a0\u00bbdefault\u00a0\u00bb global_colors_info=\u00a0\u00bb{}\u00a0\u00bb show_image_overlay=\u00a0\u00bboff\u00a0\u00bb][\/et_pb_video_slider_item][et_pb_video_slider_item src=\u00a0\u00bbhttps:\/\/www.youtube.com\/watch?v=OEjNoG1mIG8&Prime; _builder_version=\u00a0\u00bb4.25.1&Prime; _module_preset=\u00a0\u00bbdefault\u00a0\u00bb global_colors_info=\u00a0\u00bb{}\u00a0\u00bb show_image_overlay=\u00a0\u00bboff\u00a0\u00bb][\/et_pb_video_slider_item][et_pb_video_slider_item src=\u00a0\u00bbhttps:\/\/www.youtube.com\/watch?v=vi5Xvuk_vBE\u00a0\u00bb _builder_version=\u00a0\u00bb4.25.1&Prime; _module_preset=\u00a0\u00bbdefault\u00a0\u00bb global_colors_info=\u00a0\u00bb{}\u00a0\u00bb show_image_overlay=\u00a0\u00bboff\u00a0\u00bb][\/et_pb_video_slider_item][\/et_pb_video_slider][\/et_pb_column][\/et_pb_row][\/et_pb_section]<\/p>\n","protected":false},"excerpt":{"rendered":"<p>Musiques de notre patrimoineLa musique afro-canadienne est une pilier de l&rsquo;identit\u00e9 culturelle du Canada, enrichissant de mani\u00e8re vibrante la tapisserie artistique de la nation avec ses diverses sonorit\u00e9s telles que le jazz, le blues, le hip-hop, l&rsquo;afrobeats et le reggae. Il a longtemps \u00e9t\u00e9 un puissant instrument de changement social, donnant une voix \u00e0 la\u2026 <a href=\"https:\/\/www.afroheritage.ca\/fr\/et_pb_layout\/footer-6\/\">Read More &raquo;<\/a><\/p>\n","protected":false},"author":1,"featured_media":0,"parent":0,"menu_order":0,"comment_status":"closed","ping_status":"closed","template":"","meta":{"_acf_changed":false,"_et_pb_use_builder":"on","_et_pb_old_content":"","_et_gb_content_width":"","footnotes":""},"class_list":["post-230799","page","type-page","status-publish","hentry"],"acf":[],"_links":{"self":[{"href":"https:\/\/www.afroheritage.ca\/fr\/wp-json\/wp\/v2\/pages\/230799","targetHints":{"allow":["GET"]}}],"collection":[{"href":"https:\/\/www.afroheritage.ca\/fr\/wp-json\/wp\/v2\/pages"}],"about":[{"href":"https:\/\/www.afroheritage.ca\/fr\/wp-json\/wp\/v2\/types\/page"}],"author":[{"embeddable":true,"href":"https:\/\/www.afroheritage.ca\/fr\/wp-json\/wp\/v2\/users\/1"}],"replies":[{"embeddable":true,"href":"https:\/\/www.afroheritage.ca\/fr\/wp-json\/wp\/v2\/comments?post=230799"}],"version-history":[{"count":0,"href":"https:\/\/www.afroheritage.ca\/fr\/wp-json\/wp\/v2\/pages\/230799\/revisions"}],"wp:attachment":[{"href":"https:\/\/www.afroheritage.ca\/fr\/wp-json\/wp\/v2\/media?parent=230799"}],"curies":[{"name":"wp","href":"https:\/\/api.w.org\/{rel}","templated":true}]}}