{"id":230827,"date":"2024-05-09T19:52:37","date_gmt":"2024-05-09T19:52:37","guid":{"rendered":"https:\/\/www.afroheritage.ca\/locations\/hogans-alley-vancouver-colombie-britannique\/"},"modified":"2024-06-15T13:33:48","modified_gmt":"2024-06-15T13:33:48","slug":"hogans-alley-vancouver-colombie-britannique","status":"publish","type":"page","link":"https:\/\/www.afroheritage.ca\/fr\/locations\/hogans-alley-vancouver-colombie-britannique\/","title":{"rendered":"Hogan&rsquo;s Alley, Vancouver, Colombie-Britannique"},"content":{"rendered":"<p>[et_pb_section fb_built=\u00a0\u00bb1&Prime; _builder_version=\u00a0\u00bb4.25.0&Prime; _module_preset=\u00a0\u00bbdefault\u00a0\u00bb custom_padding=\u00a0\u00bb0px||0px|||\u00a0\u00bb animation_style=\u00a0\u00bbfade\u00a0\u00bb da_disable_devices=\u00a0\u00bboff|off|off\u00a0\u00bb global_colors_info=\u00a0\u00bb{}\u00a0\u00bb da_is_popup=\u00a0\u00bboff\u00a0\u00bb da_exit_intent=\u00a0\u00bboff\u00a0\u00bb da_has_close=\u00a0\u00bbon\u00a0\u00bb da_alt_close=\u00a0\u00bboff\u00a0\u00bb da_dark_close=\u00a0\u00bboff\u00a0\u00bb da_not_modal=\u00a0\u00bbon\u00a0\u00bb da_is_singular=\u00a0\u00bboff\u00a0\u00bb da_with_loader=\u00a0\u00bboff\u00a0\u00bb da_has_shadow=\u00a0\u00bbon\u00a0\u00bb][et_pb_row _builder_version=\u00a0\u00bb4.25.0&Prime; _module_preset=\u00a0\u00bbdefault\u00a0\u00bb background_color=\u00a0\u00bbgcid-103d397a-6f46-4147-b0c5-92a84b92f997&Prime; background_image=\u00a0\u00bbhttps:\/\/www.afroheritage.ca\/wp-content\/uploads\/2024\/05\/bc-trans.png\u00a0\u00bb background_size=\u00a0\u00bbcustom\u00a0\u00bb background_image_width=\u00a0\u00bb35%\u00a0\u00bb background_image_height=\u00a0\u00bb100%\u00a0\u00bb background_position=\u00a0\u00bbcenter_right\u00a0\u00bb width=\u00a0\u00bb100%\u00a0\u00bb max_width=\u00a0\u00bb100%\u00a0\u00bb custom_padding=\u00a0\u00bb0px||0px|||\u00a0\u00bb global_colors_info=\u00a0\u00bb{%22gcid-103d397a-6f46-4147-b0c5-92a84b92f997%22:%91%22background_color%22%93}\u00a0\u00bb][et_pb_column type=\u00a0\u00bb4_4&Prime; _builder_version=\u00a0\u00bb4.25.0&Prime; _module_preset=\u00a0\u00bbdefault\u00a0\u00bb global_colors_info=\u00a0\u00bb{}\u00a0\u00bb][et_pb_slider _builder_version=\u00a0\u00bb4.25.1&Prime; _module_preset=\u00a0\u00bbdefault\u00a0\u00bb header_font_size=\u00a0\u00bb28px\u00a0\u00bb hover_enabled=\u00a0\u00bb0&Prime; global_colors_info=\u00a0\u00bb{}\u00a0\u00bb sticky_enabled=\u00a0\u00bb0&Prime;][et_pb_slide heading=\u00a0\u00bbHogan&rsquo;s Alley, Vancouver, Lystra G. Sam\u00a0\u00bb video_url=\u00a0\u00bbhttps:\/\/youtu.be\/X2FNXKA-_oY?si=8DNEcajeLw1xXXhl\u00a0\u00bb admin_title=\u00a0\u00bbHogan&rsquo;s Alley, Vancouver, Lystra G. Sam\u00a0\u00bb _builder_version=\u00a0\u00bb4.25.1&Prime; _module_preset=\u00a0\u00bbdefault\u00a0\u00bb body_text_color=\u00a0\u00bb#FFFFFF\u00a0\u00bb background_color=\u00a0\u00bbRGBA(255,255,255,0)\u00a0\u00bb background_enable_color=\u00a0\u00bbon\u00a0\u00bb hover_enabled=\u00a0\u00bb0&Prime; global_colors_info=\u00a0\u00bb{}\u00a0\u00bb sticky_transition=\u00a0\u00bbon\u00a0\u00bb sticky_enabled=\u00a0\u00bb0&Prime;][\/et_pb_slide][et_pb_slide heading=\u00a0\u00bbHogan&rsquo;s Alley, Vancouver, Yasin Kirago Misago\u00a0\u00bb video_url=\u00a0\u00bbhttps:\/\/youtu.be\/74M5SXwOmew?si=R_yUattdnIXudXL1&Prime; admin_title=\u00a0\u00bbHogan&rsquo;s Alley, Vancouver, Yasin Kirago Misago\u00a0\u00bb _builder_version=\u00a0\u00bb4.25.1&Prime; _module_preset=\u00a0\u00bbdefault\u00a0\u00bb body_text_color=\u00a0\u00bb#FFFFFF\u00a0\u00bb background_color=\u00a0\u00bbRGBA(255,255,255,0)\u00a0\u00bb background_enable_color=\u00a0\u00bbon\u00a0\u00bb hover_enabled=\u00a0\u00bb0&Prime; global_colors_info=\u00a0\u00bb{}\u00a0\u00bb sticky_transition=\u00a0\u00bbon\u00a0\u00bb sticky_enabled=\u00a0\u00bb0&Prime;][\/et_pb_slide][et_pb_slide heading=\u00a0\u00bbHogan&rsquo;s Alley, Vancouver, Collincia Rouse\u00a0\u00bb video_url=\u00a0\u00bbhttps:\/\/youtu.be\/Z0zxpdbAy0o?si=68H9szq22XvXPRwC\u00a0\u00bb admin_title=\u00a0\u00bbHogan&rsquo;s Alley, Vancouver, Collincia Rouse\u00a0\u00bb _builder_version=\u00a0\u00bb4.25.1&Prime; _module_preset=\u00a0\u00bbdefault\u00a0\u00bb body_text_color=\u00a0\u00bb#FFFFFF\u00a0\u00bb background_color=\u00a0\u00bbRGBA(255,255,255,0)\u00a0\u00bb background_enable_color=\u00a0\u00bbon\u00a0\u00bb hover_enabled=\u00a0\u00bb0&Prime; global_colors_info=\u00a0\u00bb{}\u00a0\u00bb sticky_transition=\u00a0\u00bbon\u00a0\u00bb sticky_enabled=\u00a0\u00bb0&Prime;][\/et_pb_slide][\/et_pb_slider][\/et_pb_column][\/et_pb_row][\/et_pb_section][et_pb_section fb_built=\u00a0\u00bb1&Prime; _builder_version=\u00a0\u00bb4.25.1&Prime; _module_preset=\u00a0\u00bbdefault\u00a0\u00bb use_background_color_gradient=\u00a0\u00bbon\u00a0\u00bb background_color_gradient_stops=\u00a0\u00bb#ffffff 0%|rgba(255,255,255,0.5) 99%\u00a0\u00bb background_color_gradient_overlays_image=\u00a0\u00bbon\u00a0\u00bb background_image=\u00a0\u00bbhttps:\/\/www.afroheritage.ca\/wp-content\/uploads\/2024\/05\/hogans-alley.png\u00a0\u00bb background_size=\u00a0\u00bbcustom\u00a0\u00bb background_image_width=\u00a0\u00bb100%\u00a0\u00bb background_image_height=\u00a0\u00bb100%\u00a0\u00bb da_disable_devices=\u00a0\u00bboff|off|off\u00a0\u00bb box_shadow_style=\u00a0\u00bbpreset3&Prime; global_colors_info=\u00a0\u00bb{}\u00a0\u00bb da_is_popup=\u00a0\u00bboff\u00a0\u00bb da_exit_intent=\u00a0\u00bboff\u00a0\u00bb da_has_close=\u00a0\u00bbon\u00a0\u00bb da_alt_close=\u00a0\u00bboff\u00a0\u00bb da_dark_close=\u00a0\u00bboff\u00a0\u00bb da_not_modal=\u00a0\u00bbon\u00a0\u00bb da_is_singular=\u00a0\u00bboff\u00a0\u00bb da_with_loader=\u00a0\u00bboff\u00a0\u00bb da_has_shadow=\u00a0\u00bbon\u00a0\u00bb][et_pb_row use_custom_gutter=\u00a0\u00bbon\u00a0\u00bb _builder_version=\u00a0\u00bb4.25.0&Prime; _module_preset=\u00a0\u00bbdefault\u00a0\u00bb max_width=\u00a0\u00bb100%\u00a0\u00bb custom_padding=\u00a0\u00bb0px|||||\u00a0\u00bb global_colors_info=\u00a0\u00bb{}\u00a0\u00bb][et_pb_column type=\u00a0\u00bb4_4&Prime; _builder_version=\u00a0\u00bb4.25.0&Prime; _module_preset=\u00a0\u00bbdefault\u00a0\u00bb border_color_right=\u00a0\u00bbgcid-b1448838-5ff8-41b7-b62d-2d7afff5ed32&Prime; global_colors_info=\u00a0\u00bb{%22gcid-b1448838-5ff8-41b7-b62d-2d7afff5ed32%22:%91%22border_color_right%22%93}\u00a0\u00bb][et_pb_text _builder_version=\u00a0\u00bb4.25.0&Prime; _module_preset=\u00a0\u00bbdefault\u00a0\u00bb text_font=\u00a0\u00bbPT Serif|600|||||||\u00a0\u00bb text_text_color=\u00a0\u00bbgcid-838371e4-a8f8-4035-b85f-7c6baccdd10f\u00a0\u00bb text_font_size=\u00a0\u00bb38px\u00a0\u00bb text_line_height=\u00a0\u00bb1.8em\u00a0\u00bb header_font=\u00a0\u00bbSource Sans Pro|700|||||||\u00a0\u00bb header_text_color=\u00a0\u00bbgcid-c7284100-d0cd-4053-bf2d-cc274126826c\u00a0\u00bb header_line_height=\u00a0\u00bb1.3em\u00a0\u00bb header_2_font=\u00a0\u00bbPT Serif|600|||||||\u00a0\u00bb header_2_text_color=\u00a0\u00bbgcid-838371e4-a8f8-4035-b85f-7c6baccdd10f\u00a0\u00bb header_font_size_tablet=\u00a0\u00bb\u00a0\u00bb header_font_size_phone=\u00a0\u00bb25px\u00a0\u00bb header_font_size_last_edited=\u00a0\u00bbon|desktop\u00a0\u00bb global_colors_info=\u00a0\u00bb{%22gcid-c7284100-d0cd-4053-bf2d-cc274126826c%22:%91%22header_text_color%22,%22header_text_color%22,%22header_text_color%22,%22header_text_color%22%93,%22gcid-838371e4-a8f8-4035-b85f-7c6baccdd10f%22:%91%22text_text_color%22,%22header_2_text_color%22%93}\u00a0\u00bb]<\/p>\n<h2>L&rsquo;histoire de Hogan&rsquo;s Alley, Vancouver, Colombie-Britannique<\/h2>\n<p>[\/et_pb_text][\/et_pb_column][\/et_pb_row][et_pb_row column_structure=\u00a0\u00bb3_4,1_4&Prime; use_custom_gutter=\u00a0\u00bbon\u00a0\u00bb _builder_version=\u00a0\u00bb4.25.0&Prime; _module_preset=\u00a0\u00bbdefault\u00a0\u00bb max_width=\u00a0\u00bb100%\u00a0\u00bb custom_padding=\u00a0\u00bb0px|||||\u00a0\u00bb global_colors_info=\u00a0\u00bb{}\u00a0\u00bb][et_pb_column type=\u00a0\u00bb3_4&Prime; _builder_version=\u00a0\u00bb4.25.0&Prime; _module_preset=\u00a0\u00bbdefault\u00a0\u00bb background_color=\u00a0\u00bbRGBA(255,255,255,0)\u00a0\u00bb custom_padding_tablet=\u00a0\u00bb\u00a0\u00bb custom_padding_phone=\u00a0\u00bb\u00a0\u00bb custom_padding_last_edited=\u00a0\u00bbon|desktop\u00a0\u00bb border_width_right=\u00a0\u00bb1px\u00a0\u00bb border_color_right=\u00a0\u00bbgcid-4e73e465-b4cd-4b6c-bbd7-f30aefa40f37&Prime; global_colors_info=\u00a0\u00bb{%22gcid-4e73e465-b4cd-4b6c-bbd7-f30aefa40f37%22:%91%22border_color_right%22%93}\u00a0\u00bb custom_padding__hover_enabled=\u00a0\u00bbon|desktop\u00a0\u00bb][et_pb_text _builder_version=\u00a0\u00bb4.25.0&Prime; _module_preset=\u00a0\u00bbdefault\u00a0\u00bb text_font=\u00a0\u00bb&#8211;et_global_body_font|500|||||||\u00a0\u00bb text_text_color=\u00a0\u00bb#000000&Prime; custom_padding=\u00a0\u00bb|2vw|||false|false\u00a0\u00bb global_colors_info=\u00a0\u00bb{}\u00a0\u00bb]<\/p>\n<p>Hogan&rsquo;s Alley, \u00e0 Vancouver (Colombie-Britannique), \u00e9tait un quartier vivant et anim\u00e9 o\u00f9 de nombreux Canadiens noirs vivaient et cr\u00e9aient une communaut\u00e9 forte et soud\u00e9e. Situ\u00e9 dans le quartier de Strathcona, il est devenu c\u00e9l\u00e8bre au d\u00e9but des ann\u00e9es 1900. Imaginez un endroit avec des maisons color\u00e9es, de la musique dans l&rsquo;air et de d\u00e9licieuses odeurs de repas pr\u00e9par\u00e9s \u00e0 la maison. Les habitants aimaient se r\u00e9unir, partager des histoires et c\u00e9l\u00e9brer leur culture. C&rsquo;\u00e9tait un endroit sp\u00e9cial o\u00f9 les voisins \u00e9taient comme une famille et o\u00f9 chacun veillait sur les autres. Les enfants jouaient dans les rues et il se passait toujours quelque chose d&rsquo;amusant, qu&rsquo;il s&rsquo;agisse de concerts ou de festivals gastronomiques.<\/p>\n<p>Mais au fil des ans, Hogan&rsquo;s Alley a d\u00fb faire face \u00e0 de nombreux d\u00e9fis. Dans les ann\u00e9es 1960, la ville a d\u00e9cid\u00e9 de construire une grande route, le Georgia Viaduct, qui traversait le quartier. Cette d\u00e9cision a entra\u00een\u00e9 la d\u00e9molition d&rsquo;un grand nombre de maisons et d&rsquo;entreprises et la dispersion de la communaut\u00e9. M\u00eame si Hogan&rsquo;s Alley n&rsquo;existe plus aujourd&rsquo;hui, les souvenirs et les histoires des personnes qui y ont v\u00e9cu continuent \u00e0 nous inspirer et \u00e0 nous rappeler l&rsquo;importance de la communaut\u00e9 et de la culture. Aujourd&rsquo;hui, les habitants de Vancouver se souviennent de la Hogan&rsquo;s Alley comme d&rsquo;un lieu de joie et de solidarit\u00e9, et des efforts sont d\u00e9ploy\u00e9s pour honourer son h\u00e9ritage et les contributions des Canadiens noirs qui l&rsquo;ont habit\u00e9e.<\/p>\n<p>[\/et_pb_text][\/et_pb_column][et_pb_column type=\u00a0\u00bb1_4&Prime; _builder_version=\u00a0\u00bb4.25.0&Prime; _module_preset=\u00a0\u00bbdefault\u00a0\u00bb border_color_right=\u00a0\u00bbgcid-b1448838-5ff8-41b7-b62d-2d7afff5ed32&Prime; global_colors_info=\u00a0\u00bb{%22gcid-b1448838-5ff8-41b7-b62d-2d7afff5ed32%22:%91%22border_color_right%22%93}\u00a0\u00bb][et_pb_text _builder_version=\u00a0\u00bb4.25.0&Prime; _module_preset=\u00a0\u00bbdefault\u00a0\u00bb header_3_font=\u00a0\u00bbPT Serif|700|||||||\u00a0\u00bb header_3_text_color=\u00a0\u00bb#cd1418&Prime; custom_margin=\u00a0\u00bb||12px|||\u00a0\u00bb locked=\u00a0\u00bboff\u00a0\u00bb global_colors_info=\u00a0\u00bb{%22gcid-103d397a-6f46-4147-b0c5-92a84b92f997%22:%91%22header_3_text_color%22%93}\u00a0\u00bb]<\/p>\n<h3>Le saviez-vous ?<\/h3>\n<p>[\/et_pb_text][et_pb_text _builder_version=\u00a0\u00bb4.25.1&Prime; _module_preset=\u00a0\u00bbdefault\u00a0\u00bb text_font=\u00a0\u00bb|600|||||||\u00a0\u00bb text_text_color=\u00a0\u00bb#000000&Prime; text_font_size=\u00a0\u00bb16px\u00a0\u00bb link_text_color=\u00a0\u00bb#cd1418&Prime; hover_enabled=\u00a0\u00bb0&Prime; border_width_bottom=\u00a0\u00bb1px\u00a0\u00bb border_color_bottom=\u00a0\u00bb#a0a0a0&Prime; locked=\u00a0\u00bboff\u00a0\u00bb global_colors_info=\u00a0\u00bb{%22gcid-103d397a-6f46-4147-b0c5-92a84b92f997%22:%91%22link_text_color%22%93}\u00a0\u00bb sticky_enabled=\u00a0\u00bb0&Prime;]<\/p>\n<p style=\"text-align: left;\"><strong><span style=\"color: #042a00;\">1851-1864<\/span><\/strong> &#8211; James Douglas est gouverneur de l&rsquo;\u00eele de Vancouver (1851-64) et de la Colombie-Britannique (1858-64)<\/p>\n<p style=\"text-align: right;\"><a href=\"https:\/\/www.afroheritage.ca\/fr\/directoire\/cote-ouest\/\" rel=\"noopener\" style=\"text-align: right;\">Apprendre encore plus<\/a><\/p>\n<p>[\/et_pb_text][et_pb_text _builder_version=\u00a0\u00bb4.25.1&Prime; _module_preset=\u00a0\u00bbdefault\u00a0\u00bb text_font=\u00a0\u00bb|600|||||||\u00a0\u00bb text_text_color=\u00a0\u00bb#000000&Prime; text_font_size=\u00a0\u00bb16px\u00a0\u00bb link_text_color=\u00a0\u00bb#cd1418&Prime; hover_enabled=\u00a0\u00bb0&Prime; border_width_bottom=\u00a0\u00bb1px\u00a0\u00bb border_color_bottom=\u00a0\u00bb#a0a0a0&Prime; locked=\u00a0\u00bboff\u00a0\u00bb global_colors_info=\u00a0\u00bb{%22gcid-103d397a-6f46-4147-b0c5-92a84b92f997%22:%91%22link_text_color%22%93}\u00a0\u00bb sticky_enabled=\u00a0\u00bb0&Prime;]<\/p>\n<p style=\"text-align: left;\"><strong><span style=\"color: #042a00;\">1851 \u2013 1898<\/span><\/strong> &#8211; La p\u00e9riode de la ru\u00e9e vers l&rsquo;or en Colombie-Britannique a dur\u00e9 environ 50 ans.<\/p>\n<p style=\"text-align: right;\"><a href=\"https:\/\/www.afroheritage.ca\/fr\/directoire\/cote-ouest\/\" rel=\"noopener\" style=\"text-align: right;\">Apprendre encore plus<\/a><\/p>\n<p>[\/et_pb_text][\/et_pb_column][\/et_pb_row][\/et_pb_section][et_pb_section fb_built=\u00a0\u00bb1&Prime; _builder_version=\u00a0\u00bb4.25.0&Prime; _module_preset=\u00a0\u00bbdefault\u00a0\u00bb da_disable_devices=\u00a0\u00bboff|off|off\u00a0\u00bb global_colors_info=\u00a0\u00bb{}\u00a0\u00bb da_is_popup=\u00a0\u00bboff\u00a0\u00bb da_exit_intent=\u00a0\u00bboff\u00a0\u00bb da_has_close=\u00a0\u00bbon\u00a0\u00bb da_alt_close=\u00a0\u00bboff\u00a0\u00bb da_dark_close=\u00a0\u00bboff\u00a0\u00bb da_not_modal=\u00a0\u00bbon\u00a0\u00bb da_is_singular=\u00a0\u00bboff\u00a0\u00bb da_with_loader=\u00a0\u00bboff\u00a0\u00bb da_has_shadow=\u00a0\u00bbon\u00a0\u00bb][et_pb_row column_structure=\u00a0\u00bb3_4,1_4&Prime; use_custom_gutter=\u00a0\u00bbon\u00a0\u00bb _builder_version=\u00a0\u00bb4.25.0&Prime; _module_preset=\u00a0\u00bbdefault\u00a0\u00bb max_width=\u00a0\u00bb100%\u00a0\u00bb custom_padding=\u00a0\u00bb0px||0px|||\u00a0\u00bb global_colors_info=\u00a0\u00bb{}\u00a0\u00bb][et_pb_column type=\u00a0\u00bb3_4&Prime; _builder_version=\u00a0\u00bb4.25.0&Prime; _module_preset=\u00a0\u00bbdefault\u00a0\u00bb global_colors_info=\u00a0\u00bb{}\u00a0\u00bb][et_pb_text _builder_version=\u00a0\u00bb4.25.0&Prime; _module_preset=\u00a0\u00bbdefault\u00a0\u00bb text_font=\u00a0\u00bbPT Serif|600|||||||\u00a0\u00bb text_text_color=\u00a0\u00bbgcid-838371e4-a8f8-4035-b85f-7c6baccdd10f\u00a0\u00bb text_font_size=\u00a0\u00bb38px\u00a0\u00bb text_line_height=\u00a0\u00bb1.8em\u00a0\u00bb header_font=\u00a0\u00bbSource Sans Pro|700|||||||\u00a0\u00bb header_text_color=\u00a0\u00bbgcid-c7284100-d0cd-4053-bf2d-cc274126826c\u00a0\u00bb header_line_height=\u00a0\u00bb1.3em\u00a0\u00bb header_2_font=\u00a0\u00bbPT Serif|600|||||||\u00a0\u00bb header_2_text_color=\u00a0\u00bbgcid-838371e4-a8f8-4035-b85f-7c6baccdd10f\u00a0\u00bb header_font_size_tablet=\u00a0\u00bb\u00a0\u00bb header_font_size_phone=\u00a0\u00bb25px\u00a0\u00bb header_font_size_last_edited=\u00a0\u00bbon|desktop\u00a0\u00bb global_colors_info=\u00a0\u00bb{%22gcid-c7284100-d0cd-4053-bf2d-cc274126826c%22:%91%22header_text_color%22,%22header_text_color%22,%22header_text_color%22,%22header_text_color%22%93,%22gcid-838371e4-a8f8-4035-b85f-7c6baccdd10f%22:%91%22text_text_color%22,%22header_2_text_color%22%93}\u00a0\u00bb]<\/p>\n<h2>ENTREVUES<\/h2>\n<p>[\/et_pb_text][el_video_gallery autoplay_video=\u00a0\u00bboff\u00a0\u00bb show_title=\u00a0\u00bbon\u00a0\u00bb title_area=\u00a0\u00bbgallery\u00a0\u00bb _builder_version=\u00a0\u00bb4.25.1&Prime; _module_preset=\u00a0\u00bbdefault\u00a0\u00bb title_text_font=\u00a0\u00bbPT Serif|700|||||||\u00a0\u00bb title_text_text_color=\u00a0\u00bbgcid-01adb228-1b97-42ae-9724-183fa58c86fe\u00a0\u00bb title_text_font_size=\u00a0\u00bb18px\u00a0\u00bb global_colors_info=\u00a0\u00bb{%22gcid-01adb228-1b97-42ae-9724-183fa58c86fe%22:%91%22title_text_text_color%22%93}\u00a0\u00bb][el_video_gallery_item title=\u00a0\u00bbHogan&rsquo;s Alley, Vancouver, Lystra G. Sam\u00a0\u00bb src=\u00a0\u00bbhttps:\/\/youtu.be\/X2FNXKA-_oY?si=FOpporM419DY7gD2&Prime; image_src=\u00a0\u00bb\/\/i.ytimg.com\/vi\/X2FNXKA-_oY\/hqdefault.jpg\u00a0\u00bb _builder_version=\u00a0\u00bb4.25.1&Prime; _module_preset=\u00a0\u00bbdefault\u00a0\u00bb global_colors_info=\u00a0\u00bb{}\u00a0\u00bb][\/el_video_gallery_item][el_video_gallery_item title=\u00a0\u00bbHogan&rsquo;s Alley, Vancouver, Yasin Kirago Misago\u00a0\u00bb src=\u00a0\u00bbhttps:\/\/youtu.be\/74M5SXwOmew?si=Xzx1y5xO4vfAB28w\u00a0\u00bb image_src=\u00a0\u00bb\/\/i.ytimg.com\/vi\/74M5SXwOmew\/hqdefault.jpg\u00a0\u00bb _builder_version=\u00a0\u00bb4.25.1&Prime; _module_preset=\u00a0\u00bbdefault\u00a0\u00bb global_colors_info=\u00a0\u00bb{}\u00a0\u00bb][\/el_video_gallery_item][el_video_gallery_item title=\u00a0\u00bbHogan&rsquo;s Alley, Vancouver, Collincia Rouse\u00a0\u00bb src=\u00a0\u00bbhttps:\/\/youtu.be\/Z0zxpdbAy0o?si=KpGONxp090aSnsMv\u00a0\u00bb image_src=\u00a0\u00bb\/\/i.ytimg.com\/vi\/Z0zxpdbAy0o\/hqdefault.jpg\u00a0\u00bb _builder_version=\u00a0\u00bb4.25.1&Prime; _module_preset=\u00a0\u00bbdefault\u00a0\u00bb global_colors_info=\u00a0\u00bb{}\u00a0\u00bb][\/el_video_gallery_item][el_video_gallery_item title=\u00a0\u00bbHogan&rsquo;s Alley, Vancouver, Samantha Cole\u00a0\u00bb src=\u00a0\u00bbhttps:\/\/youtu.be\/VgZDWGqFXek?si=2Ofv1P0WB2xZLkQJ\u00a0\u00bb image_src=\u00a0\u00bb\/\/i.ytimg.com\/vi\/VgZDWGqFXek\/hqdefault.jpg\u00a0\u00bb _builder_version=\u00a0\u00bb4.25.1&Prime; _module_preset=\u00a0\u00bbdefault\u00a0\u00bb global_colors_info=\u00a0\u00bb{}\u00a0\u00bb][\/el_video_gallery_item][el_video_gallery_item title=\u00a0\u00bbHogan&rsquo;s Alley, Vancouver, Kanyambo Nuwukurata\u00a0\u00bb src=\u00a0\u00bbhttps:\/\/youtu.be\/QtHKecmukj0?si=nntsdAFi8pnx9xHK\u00a0\u00bb image_src=\u00a0\u00bb\/\/i.ytimg.com\/vi\/QtHKecmukj0\/hqdefault.jpg\u00a0\u00bb _builder_version=\u00a0\u00bb4.25.1&Prime; _module_preset=\u00a0\u00bbdefault\u00a0\u00bb global_colors_info=\u00a0\u00bb{}\u00a0\u00bb][\/el_video_gallery_item][\/el_video_gallery][\/et_pb_column][et_pb_column type=\u00a0\u00bb1_4&Prime; _builder_version=\u00a0\u00bb4.25.0&Prime; _module_preset=\u00a0\u00bbdefault\u00a0\u00bb global_colors_info=\u00a0\u00bb{}\u00a0\u00bb][et_pb_blurb title=\u00a0\u00bbGriots musicaux\u00a0\u00bb use_icon=\u00a0\u00bbon\u00a0\u00bb font_icon=\u00a0\u00bb&#xf58f;||fa||900&Prime; icon_color=\u00a0\u00bbgcid-103d397a-6f46-4147-b0c5-92a84b92f997&Prime; icon_placement=\u00a0\u00bbleft\u00a0\u00bb _builder_version=\u00a0\u00bb4.25.1&Prime; _module_preset=\u00a0\u00bbdefault\u00a0\u00bb header_font=\u00a0\u00bbPT Serif|700|||||||\u00a0\u00bb header_text_color=\u00a0\u00bbgcid-929d50d3-7c67-4b13-8919-22366598db4e\u00a0\u00bb header_font_size=\u00a0\u00bb24px\u00a0\u00bb custom_css_blurb_title=\u00a0\u00bbmargin-top: 6px;\u00a0\u00bb locked=\u00a0\u00bboff\u00a0\u00bb global_colors_info=\u00a0\u00bb{%22gcid-103d397a-6f46-4147-b0c5-92a84b92f997%22:%91%22icon_color%22%93,%22gcid-929d50d3-7c67-4b13-8919-22366598db4e%22:%91%22header_text_color%22%93}\u00a0\u00bb][\/et_pb_blurb][et_pb_button button_url=\u00a0\u00bb\/music#sounds-of-vancouver\u00a0\u00bb button_text=\u00a0\u00bbLes sons de Vancouver\u00a0\u00bb _builder_version=\u00a0\u00bb4.25.1&Prime; _module_preset=\u00a0\u00bbdefault\u00a0\u00bb custom_button=\u00a0\u00bbon\u00a0\u00bb button_text_size=\u00a0\u00bb16px\u00a0\u00bb button_text_color=\u00a0\u00bb#FFFFFF\u00a0\u00bb button_bg_color=\u00a0\u00bbgcid-929d50d3-7c67-4b13-8919-22366598db4e\u00a0\u00bb button_border_width=\u00a0\u00bb0px\u00a0\u00bb button_border_radius=\u00a0\u00bb5px\u00a0\u00bb button_icon=\u00a0\u00bb&#xe08e;||divi||400&Prime; button_icon_placement=\u00a0\u00bbleft\u00a0\u00bb button_on_hover=\u00a0\u00bboff\u00a0\u00bb hover_enabled=\u00a0\u00bb0&Prime; locked=\u00a0\u00bboff\u00a0\u00bb global_colors_info=\u00a0\u00bb{%22gcid-929d50d3-7c67-4b13-8919-22366598db4e%22:%91%22button_bg_color%22%93,%22gcid-103d397a-6f46-4147-b0c5-92a84b92f997%22:%91%22button_bg_color__hover%22%93}\u00a0\u00bb button_bg_color__hover_enabled=\u00a0\u00bbon|hover\u00a0\u00bb button_bg_color__hover=\u00a0\u00bb#cd1418&Prime; button_bg_enable_color__hover=\u00a0\u00bbon\u00a0\u00bb sticky_enabled=\u00a0\u00bb0&Prime;][\/et_pb_button][\/et_pb_column][\/et_pb_row][\/et_pb_section][et_pb_section fb_built=\u00a0\u00bb1&Prime; _builder_version=\u00a0\u00bb4.25.1&Prime; _module_preset=\u00a0\u00bbdefault\u00a0\u00bb background_color=\u00a0\u00bbgcid-929d50d3-7c67-4b13-8919-22366598db4e\u00a0\u00bb da_disable_devices=\u00a0\u00bboff|off|off\u00a0\u00bb locked=\u00a0\u00bboff\u00a0\u00bb global_colors_info=\u00a0\u00bb{%22gcid-929d50d3-7c67-4b13-8919-22366598db4e%22:%91%22background_color%22%93}\u00a0\u00bb da_is_popup=\u00a0\u00bboff\u00a0\u00bb da_exit_intent=\u00a0\u00bboff\u00a0\u00bb da_has_close=\u00a0\u00bbon\u00a0\u00bb da_alt_close=\u00a0\u00bboff\u00a0\u00bb da_dark_close=\u00a0\u00bboff\u00a0\u00bb da_not_modal=\u00a0\u00bbon\u00a0\u00bb da_is_singular=\u00a0\u00bboff\u00a0\u00bb da_with_loader=\u00a0\u00bboff\u00a0\u00bb da_has_shadow=\u00a0\u00bbon\u00a0\u00bb][et_pb_row use_custom_gutter=\u00a0\u00bbon\u00a0\u00bb _builder_version=\u00a0\u00bb4.25.1&Prime; _module_preset=\u00a0\u00bbdefault\u00a0\u00bb max_width=\u00a0\u00bb100%\u00a0\u00bb custom_margin=\u00a0\u00bb||5vw||false|false\u00a0\u00bb global_colors_info=\u00a0\u00bb{}\u00a0\u00bb][et_pb_column type=\u00a0\u00bb4_4&Prime; _builder_version=\u00a0\u00bb4.25.0&Prime; _module_preset=\u00a0\u00bbdefault\u00a0\u00bb global_colors_info=\u00a0\u00bb{}\u00a0\u00bb][et_pb_text _builder_version=\u00a0\u00bb4.25.0&Prime; _module_preset=\u00a0\u00bbdefault\u00a0\u00bb text_font=\u00a0\u00bbPT Serif|600|||||||\u00a0\u00bb text_text_color=\u00a0\u00bbgcid-838371e4-a8f8-4035-b85f-7c6baccdd10f\u00a0\u00bb text_font_size=\u00a0\u00bb38px\u00a0\u00bb text_line_height=\u00a0\u00bb1.8em\u00a0\u00bb header_font=\u00a0\u00bbSource Sans Pro|700|||||||\u00a0\u00bb header_text_color=\u00a0\u00bbgcid-c7284100-d0cd-4053-bf2d-cc274126826c\u00a0\u00bb header_line_height=\u00a0\u00bb1.3em\u00a0\u00bb header_2_font=\u00a0\u00bbPT Serif|600|||||||\u00a0\u00bb header_2_text_color=\u00a0\u00bb#FFFFFF\u00a0\u00bb header_font_size_tablet=\u00a0\u00bb\u00a0\u00bb header_font_size_phone=\u00a0\u00bb25px\u00a0\u00bb header_font_size_last_edited=\u00a0\u00bbon|desktop\u00a0\u00bb global_colors_info=\u00a0\u00bb{%22gcid-c7284100-d0cd-4053-bf2d-cc274126826c%22:%91%22header_text_color%22,%22header_text_color%22,%22header_text_color%22,%22header_text_color%22%93,%22gcid-838371e4-a8f8-4035-b85f-7c6baccdd10f%22:%91%22text_text_color%22%93}\u00a0\u00bb]<\/p>\n<h2>L&rsquo;histoire de Hogan&rsquo;s Alley en images<\/h2>\n<p>[\/et_pb_text][dggm_imagegallery image_to_display=\u00a0\u00bb5&Prime; layout_mode=\u00a0\u00bbfitRows\u00a0\u00bb use_orientation=\u00a0\u00bbon\u00a0\u00bb item_gutter=\u00a0\u00bb5px\u00a0\u00bb use_lightbox=\u00a0\u00bbon\u00a0\u00bb border_anim=\u00a0\u00bbon\u00a0\u00bb anm_border_color=\u00a0\u00bbgcid-103d397a-6f46-4147-b0c5-92a84b92f997&Prime; anm_border_margin=\u00a0\u00bb0px\u00a0\u00bb _builder_version=\u00a0\u00bb4.25.1&Prime; _module_preset=\u00a0\u00bbdefault\u00a0\u00bb global_colors_info=\u00a0\u00bb{%22gcid-103d397a-6f46-4147-b0c5-92a84b92f997%22:%91%22anm_border_color%22%93}\u00a0\u00bb][dggm_imagegalleryitem gallery_ids=\u00a0\u00bb229991,229992,229993,229994,230711,230713,230715,229990&Prime; _builder_version=\u00a0\u00bb4.25.1&Prime; _module_preset=\u00a0\u00bbdefault\u00a0\u00bb global_colors_info=\u00a0\u00bb{}\u00a0\u00bb][\/dggm_imagegalleryitem][\/dggm_imagegallery][\/et_pb_column][\/et_pb_row][\/et_pb_section]<\/p>\n","protected":false},"excerpt":{"rendered":"<p>L&rsquo;histoire de Hogan&rsquo;s Alley, Vancouver, Colombie-BritanniqueHogan&rsquo;s Alley, \u00e0 Vancouver (Colombie-Britannique), \u00e9tait un quartier vivant et anim\u00e9 o\u00f9 de nombreux Canadiens noirs vivaient et cr\u00e9aient une communaut\u00e9 forte et soud\u00e9e. Situ\u00e9 dans le quartier de Strathcona, il est devenu c\u00e9l\u00e8bre au d\u00e9but des ann\u00e9es 1900. Imaginez un endroit avec des maisons color\u00e9es, de la musique dans\u2026 <a href=\"https:\/\/www.afroheritage.ca\/fr\/et_pb_layout\/footer-6\/\">Read More &raquo;<\/a><\/p>\n","protected":false},"author":1,"featured_media":0,"parent":230780,"menu_order":0,"comment_status":"closed","ping_status":"closed","template":"","meta":{"_acf_changed":false,"_et_pb_use_builder":"on","_et_pb_old_content":"","_et_gb_content_width":"","footnotes":""},"class_list":["post-230827","page","type-page","status-publish","hentry"],"acf":[],"_links":{"self":[{"href":"https:\/\/www.afroheritage.ca\/fr\/wp-json\/wp\/v2\/pages\/230827","targetHints":{"allow":["GET"]}}],"collection":[{"href":"https:\/\/www.afroheritage.ca\/fr\/wp-json\/wp\/v2\/pages"}],"about":[{"href":"https:\/\/www.afroheritage.ca\/fr\/wp-json\/wp\/v2\/types\/page"}],"author":[{"embeddable":true,"href":"https:\/\/www.afroheritage.ca\/fr\/wp-json\/wp\/v2\/users\/1"}],"replies":[{"embeddable":true,"href":"https:\/\/www.afroheritage.ca\/fr\/wp-json\/wp\/v2\/comments?post=230827"}],"version-history":[{"count":0,"href":"https:\/\/www.afroheritage.ca\/fr\/wp-json\/wp\/v2\/pages\/230827\/revisions"}],"up":[{"embeddable":true,"href":"https:\/\/www.afroheritage.ca\/fr\/wp-json\/wp\/v2\/pages\/230780"}],"wp:attachment":[{"href":"https:\/\/www.afroheritage.ca\/fr\/wp-json\/wp\/v2\/media?parent=230827"}],"curies":[{"name":"wp","href":"https:\/\/api.w.org\/{rel}","templated":true}]}}