{"id":230837,"date":"2024-05-28T20:55:36","date_gmt":"2024-05-28T20:55:36","guid":{"rendered":"https:\/\/www.afroheritage.ca\/?page_id=230837"},"modified":"2024-06-15T13:07:18","modified_gmt":"2024-06-15T13:07:18","slug":"clarksburg-ontario","status":"publish","type":"page","link":"https:\/\/www.afroheritage.ca\/fr\/locations\/clarksburg-ontario\/","title":{"rendered":"Clarksburg &#8211; Ontario"},"content":{"rendered":"<p>[et_pb_section fb_built=\u00a0\u00bb1&Prime; _builder_version=\u00a0\u00bb4.25.1&Prime; _module_preset=\u00a0\u00bbdefault\u00a0\u00bb background_color=\u00a0\u00bbgcid-403b14e8-0019-4f48-822d-6fb59482652f\u00a0\u00bb custom_padding=\u00a0\u00bb0px||0px|||\u00a0\u00bb animation_style=\u00a0\u00bbfade\u00a0\u00bb da_disable_devices=\u00a0\u00bboff|off|off\u00a0\u00bb global_colors_info=\u00a0\u00bb{%22gcid-403b14e8-0019-4f48-822d-6fb59482652f%22:%91%22background_color%22%93}\u00a0\u00bb da_is_popup=\u00a0\u00bboff\u00a0\u00bb da_exit_intent=\u00a0\u00bboff\u00a0\u00bb da_has_close=\u00a0\u00bbon\u00a0\u00bb da_alt_close=\u00a0\u00bboff\u00a0\u00bb da_dark_close=\u00a0\u00bboff\u00a0\u00bb da_not_modal=\u00a0\u00bbon\u00a0\u00bb da_is_singular=\u00a0\u00bboff\u00a0\u00bb da_with_loader=\u00a0\u00bboff\u00a0\u00bb da_has_shadow=\u00a0\u00bbon\u00a0\u00bb][et_pb_row _builder_version=\u00a0\u00bb4.25.1&Prime; _module_preset=\u00a0\u00bbdefault\u00a0\u00bb background_color=\u00a0\u00bbgcid-403b14e8-0019-4f48-822d-6fb59482652f\u00a0\u00bb background_image=\u00a0\u00bbhttps:\/\/www.afroheritage.ca\/wp-content\/uploads\/2024\/06\/ontario-pflad.png\u00a0\u00bb background_size=\u00a0\u00bbcustom\u00a0\u00bb background_image_width=\u00a0\u00bb35%\u00a0\u00bb background_image_height=\u00a0\u00bb100%\u00a0\u00bb background_position=\u00a0\u00bbcenter_right\u00a0\u00bb width=\u00a0\u00bb100%\u00a0\u00bb max_width=\u00a0\u00bb100%\u00a0\u00bb custom_padding=\u00a0\u00bb0px||0px|||\u00a0\u00bb global_colors_info=\u00a0\u00bb{%22gcid-403b14e8-0019-4f48-822d-6fb59482652f%22:%91%22background_color%22%93}\u00a0\u00bb][et_pb_column type=\u00a0\u00bb4_4&Prime; _builder_version=\u00a0\u00bb4.25.0&Prime; _module_preset=\u00a0\u00bbdefault\u00a0\u00bb global_colors_info=\u00a0\u00bb{}\u00a0\u00bb][et_pb_slider _builder_version=\u00a0\u00bb4.25.1&Prime; _module_preset=\u00a0\u00bbdefault\u00a0\u00bb header_font_size=\u00a0\u00bb28px\u00a0\u00bb global_colors_info=\u00a0\u00bb{}\u00a0\u00bb][et_pb_slide heading=\u00a0\u00bbMus\u00e9e de l&rsquo;histoire et du costume des Noirs de Sheffield Park, Clarksburg, Ontario\u00a0\u00bb video_url=\u00a0\u00bbhttps:\/\/www.afroheritage.ca\/wp-content\/uploads\/2024\/06\/WhatsApp-Video-2024-06-14-at-7.47.38-PM.mp4&Prime; admin_title=\u00a0\u00bbMus\u00e9e de l&rsquo;histoire et du costume des Noirs de Sheffield Park, Clarksburg, Ontario\u00a0\u00bb _builder_version=\u00a0\u00bb4.25.1&Prime; _module_preset=\u00a0\u00bbdefault\u00a0\u00bb body_text_color=\u00a0\u00bb#FFFFFF\u00a0\u00bb background_color=\u00a0\u00bbRGBA(255,255,255,0)\u00a0\u00bb background_enable_color=\u00a0\u00bbon\u00a0\u00bb global_colors_info=\u00a0\u00bb{}\u00a0\u00bb sticky_transition=\u00a0\u00bbon\u00a0\u00bb][\/et_pb_slide][et_pb_slide heading=\u00a0\u00bbCarolynn Wilson &#8211; Mus\u00e9e de l&rsquo;histoire et du costume des Noirs de Sheffield Park, Clarksburg, Ontario, Carolynn Wilson\u00a0\u00bb video_url=\u00a0\u00bbhttps:\/\/youtu.be\/1DEwdSc85SY?si=CAphipGvhc4x351f?rel=0&Prime; admin_title=\u00a0\u00bbMus\u00e9e de l&rsquo;histoire et du costume des Noirs de Sheffield Park, Clarksburg, Ontario\u00a0\u00bb _builder_version=\u00a0\u00bb4.25.1&Prime; _module_preset=\u00a0\u00bbdefault\u00a0\u00bb body_text_color=\u00a0\u00bb#FFFFFF\u00a0\u00bb background_color=\u00a0\u00bbRGBA(255,255,255,0)\u00a0\u00bb background_enable_color=\u00a0\u00bbon\u00a0\u00bb global_colors_info=\u00a0\u00bb{}\u00a0\u00bb sticky_transition=\u00a0\u00bbon\u00a0\u00bb][\/et_pb_slide][et_pb_slide heading=\u00a0\u00bbSylvia Wilson &#8211; Mus\u00e9e de l&rsquo;histoire et du costume des Noirs de Sheffield Park, Clarksburg, Ontario, Carolynn Wilson\u00a0\u00bb video_url=\u00a0\u00bbhttps:\/\/youtu.be\/46-8uLs10jU?si=fCwmjJkQutWKLpXL?rel=0&Prime; admin_title=\u00a0\u00bbMus\u00e9e de l&rsquo;histoire et du costume des Noirs de Sheffield Park, Clarksburg, Ontario\u00a0\u00bb _builder_version=\u00a0\u00bb4.25.1&Prime; _module_preset=\u00a0\u00bbdefault\u00a0\u00bb body_text_color=\u00a0\u00bb#FFFFFF\u00a0\u00bb background_color=\u00a0\u00bbRGBA(255,255,255,0)\u00a0\u00bb background_enable_color=\u00a0\u00bbon\u00a0\u00bb global_colors_info=\u00a0\u00bb{}\u00a0\u00bb sticky_transition=\u00a0\u00bbon\u00a0\u00bb][\/et_pb_slide][\/et_pb_slider][\/et_pb_column][\/et_pb_row][\/et_pb_section][et_pb_section fb_built=\u00a0\u00bb1&Prime; _builder_version=\u00a0\u00bb4.25.1&Prime; _module_preset=\u00a0\u00bbdefault\u00a0\u00bb use_background_color_gradient=\u00a0\u00bbon\u00a0\u00bb background_color_gradient_stops=\u00a0\u00bb#ffffff 0%|rgba(255,255,255,0.8) 100%\u00a0\u00bb background_color_gradient_overlays_image=\u00a0\u00bbon\u00a0\u00bb background_image=\u00a0\u00bbhttps:\/\/www.afroheritage.ca\/wp-content\/uploads\/2024\/05\/princeville.webp\u00a0\u00bb background_size=\u00a0\u00bbcustom\u00a0\u00bb background_image_width=\u00a0\u00bb100%\u00a0\u00bb background_image_height=\u00a0\u00bb100%\u00a0\u00bb da_disable_devices=\u00a0\u00bboff|off|off\u00a0\u00bb box_shadow_style=\u00a0\u00bbpreset3&Prime; global_colors_info=\u00a0\u00bb{}\u00a0\u00bb da_is_popup=\u00a0\u00bboff\u00a0\u00bb da_exit_intent=\u00a0\u00bboff\u00a0\u00bb da_has_close=\u00a0\u00bbon\u00a0\u00bb da_alt_close=\u00a0\u00bboff\u00a0\u00bb da_dark_close=\u00a0\u00bboff\u00a0\u00bb da_not_modal=\u00a0\u00bbon\u00a0\u00bb da_is_singular=\u00a0\u00bboff\u00a0\u00bb da_with_loader=\u00a0\u00bboff\u00a0\u00bb da_has_shadow=\u00a0\u00bbon\u00a0\u00bb][et_pb_row use_custom_gutter=\u00a0\u00bbon\u00a0\u00bb _builder_version=\u00a0\u00bb4.25.1&Prime; _module_preset=\u00a0\u00bbdefault\u00a0\u00bb max_width=\u00a0\u00bb100%\u00a0\u00bb custom_padding=\u00a0\u00bb0px|||||\u00a0\u00bb hover_enabled=\u00a0\u00bb0&Prime; global_colors_info=\u00a0\u00bb{}\u00a0\u00bb sticky_enabled=\u00a0\u00bb0&Prime;][et_pb_column type=\u00a0\u00bb4_4&Prime; _builder_version=\u00a0\u00bb4.25.0&Prime; _module_preset=\u00a0\u00bbdefault\u00a0\u00bb border_color_right=\u00a0\u00bbgcid-b1448838-5ff8-41b7-b62d-2d7afff5ed32&Prime; global_colors_info=\u00a0\u00bb{%22gcid-b1448838-5ff8-41b7-b62d-2d7afff5ed32%22:%91%22border_color_right%22%93}\u00a0\u00bb][et_pb_text _builder_version=\u00a0\u00bb4.25.1&Prime; _module_preset=\u00a0\u00bbdefault\u00a0\u00bb text_font=\u00a0\u00bbPT Serif|600|||||||\u00a0\u00bb text_text_color=\u00a0\u00bbgcid-838371e4-a8f8-4035-b85f-7c6baccdd10f\u00a0\u00bb text_font_size=\u00a0\u00bb38px\u00a0\u00bb text_line_height=\u00a0\u00bb1.8em\u00a0\u00bb header_font=\u00a0\u00bbSource Sans Pro|700|||||||\u00a0\u00bb header_text_color=\u00a0\u00bbgcid-c7284100-d0cd-4053-bf2d-cc274126826c\u00a0\u00bb header_line_height=\u00a0\u00bb1.3em\u00a0\u00bb header_2_font=\u00a0\u00bbPT Serif|600|||||||\u00a0\u00bb header_2_text_color=\u00a0\u00bbgcid-838371e4-a8f8-4035-b85f-7c6baccdd10f\u00a0\u00bb header_font_size_tablet=\u00a0\u00bb\u00a0\u00bb header_font_size_phone=\u00a0\u00bb25px\u00a0\u00bb header_font_size_last_edited=\u00a0\u00bbon|desktop\u00a0\u00bb global_colors_info=\u00a0\u00bb{%22gcid-c7284100-d0cd-4053-bf2d-cc274126826c%22:%91%22header_text_color%22,%22header_text_color%22,%22header_text_color%22,%22header_text_color%22%93,%22gcid-838371e4-a8f8-4035-b85f-7c6baccdd10f%22:%91%22text_text_color%22,%22header_2_text_color%22%93}\u00a0\u00bb]<\/p>\n<h2>L&rsquo;histoire de Clarksburg, Ontario<\/h2>\n<p>[\/et_pb_text][\/et_pb_column][\/et_pb_row][et_pb_row column_structure=\u00a0\u00bb3_4,1_4&Prime; use_custom_gutter=\u00a0\u00bbon\u00a0\u00bb _builder_version=\u00a0\u00bb4.25.1&Prime; _module_preset=\u00a0\u00bbdefault\u00a0\u00bb max_width=\u00a0\u00bb100%\u00a0\u00bb custom_padding=\u00a0\u00bb0px|||||\u00a0\u00bb hover_enabled=\u00a0\u00bb0&Prime; global_colors_info=\u00a0\u00bb{}\u00a0\u00bb sticky_enabled=\u00a0\u00bb0&Prime;][et_pb_column type=\u00a0\u00bb3_4&Prime; _builder_version=\u00a0\u00bb4.25.1&Prime; _module_preset=\u00a0\u00bbdefault\u00a0\u00bb background_color=\u00a0\u00bbRGBA(255,255,255,0)\u00a0\u00bb custom_padding_tablet=\u00a0\u00bb\u00a0\u00bb custom_padding_phone=\u00a0\u00bb\u00a0\u00bb custom_padding_last_edited=\u00a0\u00bbon|desktop\u00a0\u00bb hover_enabled=\u00a0\u00bb0&Prime; border_width_right=\u00a0\u00bb1px\u00a0\u00bb border_color_right=\u00a0\u00bbgcid-4e73e465-b4cd-4b6c-bbd7-f30aefa40f37&Prime; global_colors_info=\u00a0\u00bb{%22gcid-4e73e465-b4cd-4b6c-bbd7-f30aefa40f37%22:%91%22border_color_right%22%93}\u00a0\u00bb custom_padding__hover_enabled=\u00a0\u00bbon|desktop\u00a0\u00bb border_width_right_last_edited=\u00a0\u00bbon|tablet\u00a0\u00bb border_width_right_tablet=\u00a0\u00bb0px\u00a0\u00bb sticky_enabled=\u00a0\u00bb0&Prime; border_width_right_phone=\u00a0\u00bb0px\u00a0\u00bb][et_pb_text _builder_version=\u00a0\u00bb4.25.1&Prime; _module_preset=\u00a0\u00bbdefault\u00a0\u00bb text_font=\u00a0\u00bb&#8211;et_global_body_font|500|||||||\u00a0\u00bb text_text_color=\u00a0\u00bb#000000&Prime; custom_padding=\u00a0\u00bb|2vw|||false|false\u00a0\u00bb hover_enabled=\u00a0\u00bb0&Prime; global_colors_info=\u00a0\u00bb{}\u00a0\u00bb sticky_enabled=\u00a0\u00bb0&Prime;]<\/p>\n<p>Clarksburg, en Ontario, occupe une place importante dans l&rsquo;histoire des Noirs canadiens, car c&rsquo;est l&rsquo;un des premiers \u00e9tablissements fond\u00e9s par des pionniers noirs dans les ann\u00e9es 1820. Ces colons, dont beaucoup \u00e9taient d&rsquo;anciens esclaves en qu\u00eate de libert\u00e9 et d&rsquo;une vie meilleure, ont fond\u00e9 la communaut\u00e9 en d\u00e9pit d&rsquo;une immense adversit\u00e9. Malgr\u00e9 les conditions difficiles et le racisme syst\u00e9mique, ils ont construit des maisons, des fermes et une \u00e9glise, cr\u00e9ant ainsi une communaut\u00e9 autonome et r\u00e9sistante. L&rsquo;histoire de Clarksburg t\u00e9moigne du courage, de la d\u00e9termination et de l&rsquo;ing\u00e9niosit\u00e9 de ces premiers colons noirs.<\/p>\n<p>L&rsquo;importance de l&rsquo;histoire des Noirs de Clarksburg va au-del\u00e0 de sa signification locale. Elle met en lumi\u00e8re les exp\u00e9riences plus larges des Canadiens noirs et leurs contributions au d\u00e9veloppement du Canada. Les luttes et les triomphes des habitants de Clarksburg mettent en lumi\u00e8re les d\u00e9fis syst\u00e9miques auxquels sont confront\u00e9es les communaut\u00e9s noires, notamment la d\u00e9possession des terres et la discrimination raciale, qui sont essentiels \u00e0 la compr\u00e9hension de l&rsquo;histoire sociale et raciale du Canada. En reconnaissant ces exp\u00e9riences, nous pouvons obtenir un compte rendu plus complet et plus v\u00e9ridique du pass\u00e9 de la nation.<\/p>\n<p>La pr\u00e9servation et le partage des r\u00e9cits de Clarksburg sont essentiels pour favoriser une soci\u00e9t\u00e9 plus inclusive et plus \u00e9quitable. Ces r\u00e9cits honourent l&rsquo;h\u00e9ritage des pionniers noirs qui ont contribu\u00e9 \u00e0 fa\u00e7onner la r\u00e9gion et garantissent que leurs contributions ne seront pas oubli\u00e9es. En outre, ils fournissent des enseignements pr\u00e9cieux sur la r\u00e9silience, le renforcement des communaut\u00e9s et la lutte permanente pour la justice et l&rsquo;\u00e9galit\u00e9. En int\u00e9grant l&rsquo;histoire des Noirs de Clarksburg dans le r\u00e9cit historique plus large du Canada, nous rendons non seulement hommage au pass\u00e9, mais nous inspirons \u00e9galement les g\u00e9n\u00e9rations futures \u00e0 continuer \u00e0 d\u00e9fendre la justice sociale et \u00e0 reconna\u00eetre la diversit\u00e9 du patrimoine canadien.<\/p>\n<p>[\/et_pb_text][\/et_pb_column][et_pb_column type=\u00a0\u00bb1_4&Prime; _builder_version=\u00a0\u00bb4.25.1&Prime; _module_preset=\u00a0\u00bbdefault\u00a0\u00bb hover_enabled=\u00a0\u00bb0&Prime; border_color_right=\u00a0\u00bbgcid-b1448838-5ff8-41b7-b62d-2d7afff5ed32&Prime; global_colors_info=\u00a0\u00bb{%22gcid-b1448838-5ff8-41b7-b62d-2d7afff5ed32%22:%91%22border_color_right%22%93}\u00a0\u00bb sticky_enabled=\u00a0\u00bb0&Prime;][et_pb_text _builder_version=\u00a0\u00bb4.25.0&Prime; _module_preset=\u00a0\u00bbdefault\u00a0\u00bb header_3_font=\u00a0\u00bbPT Serif|700|||||||\u00a0\u00bb header_3_text_color=\u00a0\u00bb#cd1418&Prime; custom_margin=\u00a0\u00bb||12px|||\u00a0\u00bb locked=\u00a0\u00bboff\u00a0\u00bb global_colors_info=\u00a0\u00bb{%22gcid-103d397a-6f46-4147-b0c5-92a84b92f997%22:%91%22header_3_text_color%22%93}\u00a0\u00bb]<\/p>\n<h3>Le saviez-vous ?<\/h3>\n<p>[\/et_pb_text][et_pb_text _builder_version=\u00a0\u00bb4.25.1&Prime; _module_preset=\u00a0\u00bbdefault\u00a0\u00bb text_font=\u00a0\u00bb|600|||||||\u00a0\u00bb text_text_color=\u00a0\u00bb#000000&Prime; text_font_size=\u00a0\u00bb16px\u00a0\u00bb link_text_color=\u00a0\u00bb#cd1418&Prime; hover_enabled=\u00a0\u00bb0&Prime; border_width_bottom=\u00a0\u00bb1px\u00a0\u00bb border_color_bottom=\u00a0\u00bb#a0a0a0&Prime; locked=\u00a0\u00bboff\u00a0\u00bb global_colors_info=\u00a0\u00bb{%22gcid-103d397a-6f46-4147-b0c5-92a84b92f997%22:%91%22link_text_color%22%93}\u00a0\u00bb sticky_enabled=\u00a0\u00bb0&Prime;]<\/p>\n<p style=\"text-align: left;\"><strong><span style=\"color: #042a00;\">1851<\/span><\/strong>\u00a0&#8211; 50 familles noires ont \u00e9lu domicile dans le district de Negro Creek apr\u00e8s s&rsquo;\u00eatre install\u00e9es dans la r\u00e9gion peu apr\u00e8s la guerre de 1812.<\/p>\n<p style=\"text-align: right;\"><a href=\"https:\/\/www.afroheritage.ca\/fr\/directoire\/canada-central\/\" rel=\"noopener\" style=\"text-align: right;\">Apprendre encore plus<\/a><\/p>\n<p>[\/et_pb_text][\/et_pb_column][\/et_pb_row][\/et_pb_section][et_pb_section fb_built=\u00a0\u00bb1&Prime; _builder_version=\u00a0\u00bb4.25.0&Prime; _module_preset=\u00a0\u00bbdefault\u00a0\u00bb da_disable_devices=\u00a0\u00bboff|off|off\u00a0\u00bb global_colors_info=\u00a0\u00bb{}\u00a0\u00bb da_is_popup=\u00a0\u00bboff\u00a0\u00bb da_exit_intent=\u00a0\u00bboff\u00a0\u00bb da_has_close=\u00a0\u00bbon\u00a0\u00bb da_alt_close=\u00a0\u00bboff\u00a0\u00bb da_dark_close=\u00a0\u00bboff\u00a0\u00bb da_not_modal=\u00a0\u00bbon\u00a0\u00bb da_is_singular=\u00a0\u00bboff\u00a0\u00bb da_with_loader=\u00a0\u00bboff\u00a0\u00bb da_has_shadow=\u00a0\u00bbon\u00a0\u00bb][et_pb_row column_structure=\u00a0\u00bb3_4,1_4&Prime; use_custom_gutter=\u00a0\u00bbon\u00a0\u00bb _builder_version=\u00a0\u00bb4.25.0&Prime; _module_preset=\u00a0\u00bbdefault\u00a0\u00bb max_width=\u00a0\u00bb100%\u00a0\u00bb custom_padding=\u00a0\u00bb0px||0px|||\u00a0\u00bb global_colors_info=\u00a0\u00bb{}\u00a0\u00bb][et_pb_column type=\u00a0\u00bb3_4&Prime; _builder_version=\u00a0\u00bb4.25.0&Prime; _module_preset=\u00a0\u00bbdefault\u00a0\u00bb global_colors_info=\u00a0\u00bb{}\u00a0\u00bb][et_pb_text _builder_version=\u00a0\u00bb4.25.1&Prime; _module_preset=\u00a0\u00bbdefault\u00a0\u00bb text_font=\u00a0\u00bbPT Serif|600|||||||\u00a0\u00bb text_text_color=\u00a0\u00bbgcid-838371e4-a8f8-4035-b85f-7c6baccdd10f\u00a0\u00bb text_font_size=\u00a0\u00bb38px\u00a0\u00bb text_line_height=\u00a0\u00bb1.8em\u00a0\u00bb header_font=\u00a0\u00bbSource Sans Pro|700|||||||\u00a0\u00bb header_text_color=\u00a0\u00bbgcid-c7284100-d0cd-4053-bf2d-cc274126826c\u00a0\u00bb header_line_height=\u00a0\u00bb1.3em\u00a0\u00bb header_2_font=\u00a0\u00bbPT Serif|600||on|||||\u00a0\u00bb header_2_text_color=\u00a0\u00bbgcid-838371e4-a8f8-4035-b85f-7c6baccdd10f\u00a0\u00bb header_font_size_tablet=\u00a0\u00bb\u00a0\u00bb header_font_size_phone=\u00a0\u00bb25px\u00a0\u00bb header_font_size_last_edited=\u00a0\u00bbon|desktop\u00a0\u00bb global_colors_info=\u00a0\u00bb{%22gcid-c7284100-d0cd-4053-bf2d-cc274126826c%22:%91%22header_text_color%22,%22header_text_color%22,%22header_text_color%22,%22header_text_color%22%93,%22gcid-838371e4-a8f8-4035-b85f-7c6baccdd10f%22:%91%22text_text_color%22,%22header_2_text_color%22%93}\u00a0\u00bb]<\/p>\n<h2>Histoires<\/h2>\n<p>[\/et_pb_text][el_video_gallery click_trigger=\u00a0\u00bbinline\u00a0\u00bb show_title=\u00a0\u00bbon\u00a0\u00bb title_area=\u00a0\u00bbgallery\u00a0\u00bb no_of_columns_tablet=\u00a0\u00bb2&Prime; no_of_columns_phone=\u00a0\u00bb1&Prime; no_of_columns_last_edited=\u00a0\u00bbon|phone\u00a0\u00bb _builder_version=\u00a0\u00bb4.25.1&Prime; _module_preset=\u00a0\u00bbdefault\u00a0\u00bb title_text_font=\u00a0\u00bbPT Serif|700|||||||\u00a0\u00bb title_text_text_color=\u00a0\u00bbgcid-103d397a-6f46-4147-b0c5-92a84b92f997&Prime; title_text_font_size=\u00a0\u00bb18px\u00a0\u00bb global_colors_info=\u00a0\u00bb{%22gcid-103d397a-6f46-4147-b0c5-92a84b92f997%22:%91%22title_text_text_color%22%93}\u00a0\u00bb][el_video_gallery_item title=\u00a0\u00bbCarolynn Wilson &#8211; Mus\u00e9e de l&rsquo;histoire et du costume des Noirs de Sheffield Park, Clarksburg, Ontario\u00a0\u00bb src=\u00a0\u00bbhttps:\/\/youtu.be\/1DEwdSc85SY?si=SZnTmZW_NBhODUSZ\u00a0\u00bb image_src=\u00a0\u00bb\/\/i.ytimg.com\/vi\/1DEwdSc85SY\/hqdefault.jpg\u00a0\u00bb _builder_version=\u00a0\u00bb4.25.1&Prime; _module_preset=\u00a0\u00bbdefault\u00a0\u00bb global_colors_info=\u00a0\u00bb{}\u00a0\u00bb][\/el_video_gallery_item][el_video_gallery_item title=\u00a0\u00bbSylvia Wilson &#8211; Mus\u00e9e de l&rsquo;histoire et du costume des Noirs de Sheffield Park, Clarksburg, Ontario\u00a0\u00bb src=\u00a0\u00bbhttps:\/\/youtu.be\/46-8uLs10jU?si=W2o2lE0ign7Hs2Ce?rel=0&Prime; image_src=\u00a0\u00bb\/\/i.ytimg.com\/vi\/46-8uLs10jU\/hqdefault.jpg\u00a0\u00bb _builder_version=\u00a0\u00bb4.25.1&Prime; _module_preset=\u00a0\u00bbdefault\u00a0\u00bb global_colors_info=\u00a0\u00bb{}\u00a0\u00bb][\/el_video_gallery_item][\/el_video_gallery][\/et_pb_column][et_pb_column type=\u00a0\u00bb1_4&Prime; _builder_version=\u00a0\u00bb4.25.0&Prime; _module_preset=\u00a0\u00bbdefault\u00a0\u00bb global_colors_info=\u00a0\u00bb{}\u00a0\u00bb][et_pb_blurb title=\u00a0\u00bbGriots musicaux\u00a0\u00bb use_icon=\u00a0\u00bbon\u00a0\u00bb font_icon=\u00a0\u00bb&#xf58f;||fa||900&Prime; icon_color=\u00a0\u00bbgcid-103d397a-6f46-4147-b0c5-92a84b92f997&Prime; icon_placement=\u00a0\u00bbleft\u00a0\u00bb _builder_version=\u00a0\u00bb4.25.1&Prime; _module_preset=\u00a0\u00bbdefault\u00a0\u00bb header_font=\u00a0\u00bbPT Serif|700|||||||\u00a0\u00bb header_text_color=\u00a0\u00bbgcid-929d50d3-7c67-4b13-8919-22366598db4e\u00a0\u00bb header_font_size=\u00a0\u00bb23px\u00a0\u00bb custom_css_blurb_title=\u00a0\u00bbmargin-top: 6px;\u00a0\u00bb locked=\u00a0\u00bboff\u00a0\u00bb global_colors_info=\u00a0\u00bb{%22gcid-103d397a-6f46-4147-b0c5-92a84b92f997%22:%91%22icon_color%22%93,%22gcid-929d50d3-7c67-4b13-8919-22366598db4e%22:%91%22header_text_color%22%93}\u00a0\u00bb][\/et_pb_blurb][et_pb_button button_url=\u00a0\u00bbhttp:\/\/fr\/music#on\u00a0\u00bb button_text=\u00a0\u00bbLes sons d&rsquo;Ontario\u00a0\u00bb _builder_version=\u00a0\u00bb4.25.1&Prime; _module_preset=\u00a0\u00bbdefault\u00a0\u00bb custom_button=\u00a0\u00bbon\u00a0\u00bb button_text_size=\u00a0\u00bb17px\u00a0\u00bb button_text_color=\u00a0\u00bb#FFFFFF\u00a0\u00bb button_bg_color=\u00a0\u00bbgcid-929d50d3-7c67-4b13-8919-22366598db4e\u00a0\u00bb button_border_width=\u00a0\u00bb0px\u00a0\u00bb button_border_radius=\u00a0\u00bb5px\u00a0\u00bb button_icon=\u00a0\u00bb&#xe08e;||divi||400&Prime; button_icon_placement=\u00a0\u00bbleft\u00a0\u00bb button_on_hover=\u00a0\u00bboff\u00a0\u00bb locked=\u00a0\u00bboff\u00a0\u00bb global_colors_info=\u00a0\u00bb{%22gcid-929d50d3-7c67-4b13-8919-22366598db4e%22:%91%22button_bg_color%22%93,%22gcid-103d397a-6f46-4147-b0c5-92a84b92f997%22:%91%22button_bg_color__hover%22%93}\u00a0\u00bb button_bg_color__hover_enabled=\u00a0\u00bbon|hover\u00a0\u00bb button_bg_color__hover=\u00a0\u00bb#cd1418&Prime; button_bg_enable_color__hover=\u00a0\u00bbon\u00a0\u00bb][\/et_pb_button][\/et_pb_column][\/et_pb_row][\/et_pb_section][et_pb_section fb_built=\u00a0\u00bb1&Prime; _builder_version=\u00a0\u00bb4.25.1&Prime; _module_preset=\u00a0\u00bbdefault\u00a0\u00bb background_color=\u00a0\u00bbgcid-9c5a2f21-02da-43e2-9271-99be3f01116e\u00a0\u00bb da_disable_devices=\u00a0\u00bboff|off|off\u00a0\u00bb locked=\u00a0\u00bboff\u00a0\u00bb global_colors_info=\u00a0\u00bb{%22gcid-9c5a2f21-02da-43e2-9271-99be3f01116e%22:%91%22background_color%22%93}\u00a0\u00bb da_is_popup=\u00a0\u00bboff\u00a0\u00bb da_exit_intent=\u00a0\u00bboff\u00a0\u00bb da_has_close=\u00a0\u00bbon\u00a0\u00bb da_alt_close=\u00a0\u00bboff\u00a0\u00bb da_dark_close=\u00a0\u00bboff\u00a0\u00bb da_not_modal=\u00a0\u00bbon\u00a0\u00bb da_is_singular=\u00a0\u00bboff\u00a0\u00bb da_with_loader=\u00a0\u00bboff\u00a0\u00bb da_has_shadow=\u00a0\u00bbon\u00a0\u00bb][et_pb_row use_custom_gutter=\u00a0\u00bbon\u00a0\u00bb _builder_version=\u00a0\u00bb4.25.1&Prime; _module_preset=\u00a0\u00bbdefault\u00a0\u00bb max_width=\u00a0\u00bb100%\u00a0\u00bb custom_margin=\u00a0\u00bb||5vw||false|false\u00a0\u00bb global_colors_info=\u00a0\u00bb{}\u00a0\u00bb][et_pb_column type=\u00a0\u00bb4_4&Prime; _builder_version=\u00a0\u00bb4.25.0&Prime; _module_preset=\u00a0\u00bbdefault\u00a0\u00bb global_colors_info=\u00a0\u00bb{}\u00a0\u00bb][et_pb_text _builder_version=\u00a0\u00bb4.25.1&Prime; _module_preset=\u00a0\u00bbdefault\u00a0\u00bb text_font=\u00a0\u00bbPT Serif|600|||||||\u00a0\u00bb text_text_color=\u00a0\u00bbgcid-838371e4-a8f8-4035-b85f-7c6baccdd10f\u00a0\u00bb text_font_size=\u00a0\u00bb38px\u00a0\u00bb text_line_height=\u00a0\u00bb1.8em\u00a0\u00bb header_font=\u00a0\u00bbSource Sans Pro|700|||||||\u00a0\u00bb header_text_color=\u00a0\u00bbgcid-c7284100-d0cd-4053-bf2d-cc274126826c\u00a0\u00bb header_line_height=\u00a0\u00bb1.3em\u00a0\u00bb header_2_font=\u00a0\u00bbPT Serif|600|||||||\u00a0\u00bb header_2_text_color=\u00a0\u00bb#FFFFFF\u00a0\u00bb header_font_size_tablet=\u00a0\u00bb\u00a0\u00bb header_font_size_phone=\u00a0\u00bb25px\u00a0\u00bb header_font_size_last_edited=\u00a0\u00bbon|desktop\u00a0\u00bb global_colors_info=\u00a0\u00bb{%22gcid-c7284100-d0cd-4053-bf2d-cc274126826c%22:%91%22header_text_color%22,%22header_text_color%22,%22header_text_color%22,%22header_text_color%22%93,%22gcid-838371e4-a8f8-4035-b85f-7c6baccdd10f%22:%91%22text_text_color%22%93}\u00a0\u00bb]<\/p>\n<h2>L\u2019histoire de Clarksburg en images<\/h2>\n<p>[\/et_pb_text][dggm_imagegallery image_to_display=\u00a0\u00bb6&Prime; use_orientation=\u00a0\u00bbon\u00a0\u00bb item_gutter=\u00a0\u00bb5px\u00a0\u00bb use_lightbox=\u00a0\u00bbon\u00a0\u00bb border_anim=\u00a0\u00bbon\u00a0\u00bb anm_border_color=\u00a0\u00bbgcid-103d397a-6f46-4147-b0c5-92a84b92f997&Prime; anm_border_margin=\u00a0\u00bb0px\u00a0\u00bb _builder_version=\u00a0\u00bb4.25.1&Prime; _module_preset=\u00a0\u00bbdefault\u00a0\u00bb hover_enabled=\u00a0\u00bb0&Prime; global_colors_info=\u00a0\u00bb{%22gcid-103d397a-6f46-4147-b0c5-92a84b92f997%22:%91%22anm_border_color%22%93}\u00a0\u00bb load_more=\u00a0\u00bbon\u00a0\u00bb init_count=\u00a0\u00bb12&Prime; image_count=\u00a0\u00bb6&Prime; load_more_text=\u00a0\u00bbPlus\u00a0\u00bb sticky_enabled=\u00a0\u00bb0&Prime; locked=\u00a0\u00bboff\u00a0\u00bb][dggm_imagegalleryitem _builder_version=\u00a0\u00bb4.25.1&Prime; _module_preset=\u00a0\u00bbdefault\u00a0\u00bb gallery_ids=\u00a0\u00bb231976,231980,231984,231986,231988,231990,231992,231994,231996,231998,232000,232002,232004,232006,232008,232010,232012,232014,232016,232018,232020,232022,232024,232026,232028,232030,232032,232034,232036,232038,232040,232042,232044,232046,232049,232051,232053,232055,232057,232059,232061,232063,232065,232067,232069,232071,232073,232075,232077,232079,232081,232083,232085,232087,232089,232091,232093,232095,232097,232099,232101,232103,232105,232107,232109,232111,232113,232115,232117,232119,232121,232123,232125,232127,232129,232131,232133,232135,232137,232139,232141,232143,232145,232147,232149,232151,232153,232155,232157,232159,232161,232163,232165,232167,232169,232171,232173&Prime; hover_enabled=\u00a0\u00bb0&Prime; sticky_enabled=\u00a0\u00bb0&Prime;][\/dggm_imagegalleryitem][\/dggm_imagegallery][\/et_pb_column][\/et_pb_row][\/et_pb_section]<\/p>\n","protected":false},"excerpt":{"rendered":"<p>L&rsquo;histoire de Clarksburg, OntarioClarksburg, en Ontario, occupe une place importante dans l&rsquo;histoire des Noirs canadiens, car c&rsquo;est l&rsquo;un des premiers \u00e9tablissements fond\u00e9s par des pionniers noirs dans les ann\u00e9es 1820. Ces colons, dont beaucoup \u00e9taient d&rsquo;anciens esclaves en qu\u00eate de libert\u00e9 et d&rsquo;une vie meilleure, ont fond\u00e9 la communaut\u00e9 en d\u00e9pit d&rsquo;une immense adversit\u00e9. Malgr\u00e9\u2026 <a href=\"https:\/\/www.afroheritage.ca\/fr\/et_pb_layout\/footer-6\/\">Read More &raquo;<\/a><\/p>\n","protected":false},"author":1,"featured_media":0,"parent":230780,"menu_order":0,"comment_status":"closed","ping_status":"closed","template":"","meta":{"_acf_changed":false,"_et_pb_use_builder":"on","_et_pb_old_content":"","_et_gb_content_width":"","footnotes":""},"class_list":["post-230837","page","type-page","status-publish","hentry"],"acf":[],"_links":{"self":[{"href":"https:\/\/www.afroheritage.ca\/fr\/wp-json\/wp\/v2\/pages\/230837","targetHints":{"allow":["GET"]}}],"collection":[{"href":"https:\/\/www.afroheritage.ca\/fr\/wp-json\/wp\/v2\/pages"}],"about":[{"href":"https:\/\/www.afroheritage.ca\/fr\/wp-json\/wp\/v2\/types\/page"}],"author":[{"embeddable":true,"href":"https:\/\/www.afroheritage.ca\/fr\/wp-json\/wp\/v2\/users\/1"}],"replies":[{"embeddable":true,"href":"https:\/\/www.afroheritage.ca\/fr\/wp-json\/wp\/v2\/comments?post=230837"}],"version-history":[{"count":0,"href":"https:\/\/www.afroheritage.ca\/fr\/wp-json\/wp\/v2\/pages\/230837\/revisions"}],"up":[{"embeddable":true,"href":"https:\/\/www.afroheritage.ca\/fr\/wp-json\/wp\/v2\/pages\/230780"}],"wp:attachment":[{"href":"https:\/\/www.afroheritage.ca\/fr\/wp-json\/wp\/v2\/media?parent=230837"}],"curies":[{"name":"wp","href":"https:\/\/api.w.org\/{rel}","templated":true}]}}