{"id":230848,"date":"2024-05-31T14:36:58","date_gmt":"2024-05-31T14:36:58","guid":{"rendered":"https:\/\/www.afroheritage.ca\/locations\/campsie-alberta\/"},"modified":"2024-06-15T13:49:09","modified_gmt":"2024-06-15T13:49:09","slug":"campsie-alberta","status":"publish","type":"page","link":"https:\/\/www.afroheritage.ca\/fr\/locations\/campsie-alberta\/","title":{"rendered":"Campsie &#8211; Alberta"},"content":{"rendered":"<p>[et_pb_section fb_built=\u00a0\u00bb1&Prime; _builder_version=\u00a0\u00bb4.25.0&Prime; _module_preset=\u00a0\u00bbdefault\u00a0\u00bb custom_padding=\u00a0\u00bb0px||0px|||\u00a0\u00bb animation_style=\u00a0\u00bbfade\u00a0\u00bb da_disable_devices=\u00a0\u00bboff|off|off\u00a0\u00bb global_colors_info=\u00a0\u00bb{}\u00a0\u00bb da_is_popup=\u00a0\u00bboff\u00a0\u00bb da_exit_intent=\u00a0\u00bboff\u00a0\u00bb da_has_close=\u00a0\u00bbon\u00a0\u00bb da_alt_close=\u00a0\u00bboff\u00a0\u00bb da_dark_close=\u00a0\u00bboff\u00a0\u00bb da_not_modal=\u00a0\u00bbon\u00a0\u00bb da_is_singular=\u00a0\u00bboff\u00a0\u00bb da_with_loader=\u00a0\u00bboff\u00a0\u00bb da_has_shadow=\u00a0\u00bbon\u00a0\u00bb][et_pb_row _builder_version=\u00a0\u00bb4.25.1&Prime; _module_preset=\u00a0\u00bbdefault\u00a0\u00bb background_color=\u00a0\u00bbgcid-103d397a-6f46-4147-b0c5-92a84b92f997&Prime; background_image=\u00a0\u00bbhttps:\/\/www.afroheritage.ca\/wp-content\/uploads\/2024\/05\/alberta-flag.png\u00a0\u00bb background_size=\u00a0\u00bbcustom\u00a0\u00bb background_image_width=\u00a0\u00bb35%\u00a0\u00bb background_image_height=\u00a0\u00bb100%\u00a0\u00bb background_position=\u00a0\u00bbcenter_right\u00a0\u00bb width=\u00a0\u00bb100%\u00a0\u00bb max_width=\u00a0\u00bb100%\u00a0\u00bb custom_padding=\u00a0\u00bb0px||0px|||\u00a0\u00bb global_colors_info=\u00a0\u00bb{%22gcid-103d397a-6f46-4147-b0c5-92a84b92f997%22:%91%22background_color%22%93}\u00a0\u00bb][et_pb_column type=\u00a0\u00bb4_4&Prime; _builder_version=\u00a0\u00bb4.25.1&Prime; _module_preset=\u00a0\u00bbdefault\u00a0\u00bb global_colors_info=\u00a0\u00bb{}\u00a0\u00bb][et_pb_slider _builder_version=\u00a0\u00bb4.25.1&Prime; _module_preset=\u00a0\u00bbdefault\u00a0\u00bb header_font_size=\u00a0\u00bb28px\u00a0\u00bb locked=\u00a0\u00bboff\u00a0\u00bb global_colors_info=\u00a0\u00bb{}\u00a0\u00bb][et_pb_slide heading=\u00a0\u00bbEdmonton Alberta, Vancouver, Ashley Yeates\u00a0\u00bb video_url=\u00a0\u00bbhttps:\/\/youtu.be\/4KjvILvBnEk?si=QLFRmKqPAqRnnObM\u00a0\u00bb admin_title=\u00a0\u00bbEdmonton Alberta, Vancouver, Ashley Yeates\u00a0\u00bb _builder_version=\u00a0\u00bb4.25.1&Prime; _module_preset=\u00a0\u00bbdefault\u00a0\u00bb body_text_color=\u00a0\u00bb#FFFFFF\u00a0\u00bb background_color=\u00a0\u00bbRGBA(255,255,255,0)\u00a0\u00bb background_enable_color=\u00a0\u00bbon\u00a0\u00bb locked=\u00a0\u00bboff\u00a0\u00bb global_colors_info=\u00a0\u00bb{}\u00a0\u00bb sticky_transition=\u00a0\u00bbon\u00a0\u00bb][\/et_pb_slide][et_pb_slide heading=\u00a0\u00bbCimeti\u00e8re baptiste Bethel, Barrhead, Alberta, Debbie Beaver\u00a0\u00bb video_url=\u00a0\u00bbhttps:\/\/youtu.be\/8A8qQxwrspU?si=r0X_M9o7c_cGsrRN?rel=0&Prime; admin_title=\u00a0\u00bbCimeti\u00e8re baptiste Bethel, Barrhead, Alberta, Debbie Beaver\u00a0\u00bb _builder_version=\u00a0\u00bb4.25.1&Prime; _module_preset=\u00a0\u00bbdefault\u00a0\u00bb body_text_color=\u00a0\u00bb#FFFFFF\u00a0\u00bb background_color=\u00a0\u00bbRGBA(255,255,255,0)\u00a0\u00bb background_enable_color=\u00a0\u00bbon\u00a0\u00bb locked=\u00a0\u00bboff\u00a0\u00bb global_colors_info=\u00a0\u00bb{}\u00a0\u00bb sticky_transition=\u00a0\u00bbon\u00a0\u00bb][\/et_pb_slide][et_pb_slide heading=\u00a0\u00bb\u00c9cole publique de Benton, Campsie, Debbie Beaver\u00a0\u00bb video_url=\u00a0\u00bbhttps:\/\/youtu.be\/Lez99Qj9dvo?si=oy1OYbkwWp5hLJPV?rel=0&Prime; admin_title=\u00a0\u00bb\u00c9cole publique de Benton, Campsie, Debbie Beaver\u00a0\u00bb _builder_version=\u00a0\u00bb4.25.1&Prime; _module_preset=\u00a0\u00bbdefault\u00a0\u00bb body_text_color=\u00a0\u00bb#FFFFFF\u00a0\u00bb background_color=\u00a0\u00bbRGBA(255,255,255,0)\u00a0\u00bb background_enable_color=\u00a0\u00bbon\u00a0\u00bb locked=\u00a0\u00bboff\u00a0\u00bb global_colors_info=\u00a0\u00bb{}\u00a0\u00bb sticky_transition=\u00a0\u00bbon\u00a0\u00bb][\/et_pb_slide][\/et_pb_slider][\/et_pb_column][\/et_pb_row][\/et_pb_section][et_pb_section fb_built=\u00a0\u00bb1&Prime; _builder_version=\u00a0\u00bb4.25.1&Prime; _module_preset=\u00a0\u00bbdefault\u00a0\u00bb use_background_color_gradient=\u00a0\u00bbon\u00a0\u00bb background_color_gradient_stops=\u00a0\u00bb#ffffff 0%|rgba(255,255,255,0.75) 99%\u00a0\u00bb background_color_gradient_overlays_image=\u00a0\u00bbon\u00a0\u00bb background_image=\u00a0\u00bbhttps:\/\/www.afroheritage.ca\/wp-content\/uploads\/2024\/05\/amber-pvalley.webp\u00a0\u00bb background_size=\u00a0\u00bbcustom\u00a0\u00bb background_image_width=\u00a0\u00bb100%\u00a0\u00bb background_image_height=\u00a0\u00bb100%\u00a0\u00bb da_disable_devices=\u00a0\u00bboff|off|off\u00a0\u00bb box_shadow_style=\u00a0\u00bbpreset3&Prime; global_colors_info=\u00a0\u00bb{}\u00a0\u00bb da_is_popup=\u00a0\u00bboff\u00a0\u00bb da_exit_intent=\u00a0\u00bboff\u00a0\u00bb da_has_close=\u00a0\u00bbon\u00a0\u00bb da_alt_close=\u00a0\u00bboff\u00a0\u00bb da_dark_close=\u00a0\u00bboff\u00a0\u00bb da_not_modal=\u00a0\u00bbon\u00a0\u00bb da_is_singular=\u00a0\u00bboff\u00a0\u00bb da_with_loader=\u00a0\u00bboff\u00a0\u00bb da_has_shadow=\u00a0\u00bbon\u00a0\u00bb][et_pb_row use_custom_gutter=\u00a0\u00bbon\u00a0\u00bb _builder_version=\u00a0\u00bb4.25.0&Prime; _module_preset=\u00a0\u00bbdefault\u00a0\u00bb max_width=\u00a0\u00bb100%\u00a0\u00bb custom_padding=\u00a0\u00bb0px|||||\u00a0\u00bb global_colors_info=\u00a0\u00bb{}\u00a0\u00bb][et_pb_column type=\u00a0\u00bb4_4&Prime; _builder_version=\u00a0\u00bb4.25.0&Prime; _module_preset=\u00a0\u00bbdefault\u00a0\u00bb border_color_right=\u00a0\u00bbgcid-b1448838-5ff8-41b7-b62d-2d7afff5ed32&Prime; global_colors_info=\u00a0\u00bb{%22gcid-b1448838-5ff8-41b7-b62d-2d7afff5ed32%22:%91%22border_color_right%22%93}\u00a0\u00bb][et_pb_text _builder_version=\u00a0\u00bb4.25.1&Prime; _module_preset=\u00a0\u00bbdefault\u00a0\u00bb text_font=\u00a0\u00bbPT Serif|600|||||||\u00a0\u00bb text_text_color=\u00a0\u00bbgcid-838371e4-a8f8-4035-b85f-7c6baccdd10f\u00a0\u00bb text_font_size=\u00a0\u00bb38px\u00a0\u00bb text_line_height=\u00a0\u00bb1.8em\u00a0\u00bb header_font=\u00a0\u00bbSource Sans Pro|700|||||||\u00a0\u00bb header_text_color=\u00a0\u00bbgcid-c7284100-d0cd-4053-bf2d-cc274126826c\u00a0\u00bb header_line_height=\u00a0\u00bb1.3em\u00a0\u00bb header_2_font=\u00a0\u00bbPT Serif|600|||||||\u00a0\u00bb header_2_text_color=\u00a0\u00bbgcid-838371e4-a8f8-4035-b85f-7c6baccdd10f\u00a0\u00bb header_font_size_tablet=\u00a0\u00bb\u00a0\u00bb header_font_size_phone=\u00a0\u00bb25px\u00a0\u00bb header_font_size_last_edited=\u00a0\u00bbon|desktop\u00a0\u00bb global_colors_info=\u00a0\u00bb{%22gcid-c7284100-d0cd-4053-bf2d-cc274126826c%22:%91%22header_text_color%22,%22header_text_color%22,%22header_text_color%22,%22header_text_color%22%93,%22gcid-838371e4-a8f8-4035-b85f-7c6baccdd10f%22:%91%22text_text_color%22,%22header_2_text_color%22%93}\u00a0\u00bb]<\/p>\n<h2>L&rsquo;histoire de Campsie, Alberta<\/h2>\n<p>[\/et_pb_text][\/et_pb_column][\/et_pb_row][et_pb_row column_structure=\u00a0\u00bb3_4,1_4&Prime; use_custom_gutter=\u00a0\u00bbon\u00a0\u00bb _builder_version=\u00a0\u00bb4.25.1&Prime; _module_preset=\u00a0\u00bbdefault\u00a0\u00bb max_width=\u00a0\u00bb100%\u00a0\u00bb custom_padding=\u00a0\u00bb0px|||||\u00a0\u00bb hover_enabled=\u00a0\u00bb0&Prime; global_colors_info=\u00a0\u00bb{}\u00a0\u00bb sticky_enabled=\u00a0\u00bb0&Prime;][et_pb_column type=\u00a0\u00bb3_4&Prime; _builder_version=\u00a0\u00bb4.25.1&Prime; _module_preset=\u00a0\u00bbdefault\u00a0\u00bb background_color=\u00a0\u00bbRGBA(255,255,255,0)\u00a0\u00bb custom_padding_tablet=\u00a0\u00bb\u00a0\u00bb custom_padding_phone=\u00a0\u00bb\u00a0\u00bb custom_padding_last_edited=\u00a0\u00bbon|desktop\u00a0\u00bb hover_enabled=\u00a0\u00bb0&Prime; border_width_right=\u00a0\u00bb1px\u00a0\u00bb border_color_right=\u00a0\u00bbgcid-4e73e465-b4cd-4b6c-bbd7-f30aefa40f37&Prime; global_colors_info=\u00a0\u00bb{%22gcid-4e73e465-b4cd-4b6c-bbd7-f30aefa40f37%22:%91%22border_color_right%22%93}\u00a0\u00bb custom_padding__hover_enabled=\u00a0\u00bbon|desktop\u00a0\u00bb border_width_right_last_edited=\u00a0\u00bbon|tablet\u00a0\u00bb border_width_right_tablet=\u00a0\u00bb0px\u00a0\u00bb sticky_enabled=\u00a0\u00bb0&Prime; border_width_right_phone=\u00a0\u00bb0px\u00a0\u00bb][et_pb_text _builder_version=\u00a0\u00bb4.25.1&Prime; _module_preset=\u00a0\u00bbdefault\u00a0\u00bb text_font=\u00a0\u00bb&#8211;et_global_body_font|500|||||||\u00a0\u00bb text_text_color=\u00a0\u00bb#000000&Prime; custom_padding=\u00a0\u00bb|2vw|||false|false\u00a0\u00bb global_colors_info=\u00a0\u00bb{}\u00a0\u00bb]<\/p>\n<p>Campsie, une autre colonie noire notable de l&rsquo;Alberta, partage une histoire similaire de pers\u00e9v\u00e9rance et de renforcement de la communaut\u00e9. Install\u00e9 \u00e0 peu pr\u00e8s \u00e0 la m\u00eame \u00e9poque qu&rsquo;Amber Valley, Campsie a attir\u00e9 des familles afro-am\u00e9ricaines qui cherchaient \u00e0 \u00e9chapper au racisme syst\u00e9mique du sud des \u00c9tats-Unis. Ces colons ont d\u00fb faire face \u00e0 de nombreux d\u00e9fis, notamment des conditions climatiques difficiles et la difficult\u00e9 d&rsquo;\u00e9tablir des moyens de subsistance agricoles dans un territoire inconnu. Malgr\u00e9 ces obstacles, les habitants de Campsie, comme ceux d&rsquo;Amber Valley, ont r\u00e9ussi \u00e0 cr\u00e9er une communaut\u00e9 dynamique dot\u00e9e d&rsquo;institutions sociales et culturelles solides.<\/p>\n<p>On ne peut trop souligner l&rsquo;importance de pr\u00e9server et de partager les histoires d&rsquo;Amber Valley et de Campsie. Ils mettent en lumi\u00e8re les contributions significatives des Canadiens noirs et les d\u00e9fis syst\u00e9miques auxquels ils ont d\u00fb faire face, fournissant ainsi un compte rendu plus complet et plus v\u00e9ridique de l&rsquo;histoire du Canada. Ces r\u00e9cits honourent l&rsquo;h\u00e9ritage des pionniers noirs qui ont contribu\u00e9 \u00e0 fa\u00e7onner ces r\u00e9gions, en veillant \u00e0 ce que leurs contributions ne soient pas oubli\u00e9es. En int\u00e9grant l&rsquo;histoire de ces communaut\u00e9s dans le r\u00e9cit plus large du Canada, nous rendons hommage au pass\u00e9 et inspirons les g\u00e9n\u00e9rations futures \u00e0 continuer \u00e0 d\u00e9fendre la justice sociale et \u00e0 reconna\u00eetre le tissu diversifi\u00e9 du patrimoine canadien. Ces histoires rappellent durablement la r\u00e9silience, le courage et la d\u00e9termination des Canadiens noirs face \u00e0 l&rsquo;adversit\u00e9.<\/p>\n<p>[\/et_pb_text][\/et_pb_column][et_pb_column type=\u00a0\u00bb1_4&Prime; _builder_version=\u00a0\u00bb4.25.0&Prime; _module_preset=\u00a0\u00bbdefault\u00a0\u00bb border_color_right=\u00a0\u00bbgcid-b1448838-5ff8-41b7-b62d-2d7afff5ed32&Prime; global_colors_info=\u00a0\u00bb{%22gcid-b1448838-5ff8-41b7-b62d-2d7afff5ed32%22:%91%22border_color_right%22%93}\u00a0\u00bb][et_pb_blurb title=\u00a0\u00bbAutres Locations\u00a0\u00bb use_icon=\u00a0\u00bbon\u00a0\u00bb font_icon=\u00a0\u00bb&#xf276;||fa||900&Prime; icon_color=\u00a0\u00bb#cd1418&Prime; icon_placement=\u00a0\u00bbleft\u00a0\u00bb _builder_version=\u00a0\u00bb4.25.1&Prime; _module_preset=\u00a0\u00bbdefault\u00a0\u00bb header_font=\u00a0\u00bbPT Serif|700|||||||\u00a0\u00bb header_text_color=\u00a0\u00bb#042a00&Prime; header_font_size=\u00a0\u00bb24px\u00a0\u00bb custom_margin=\u00a0\u00bb||9px|||\u00a0\u00bb custom_css_blurb_title=\u00a0\u00bbmargin-top: 6px;\u00a0\u00bb locked=\u00a0\u00bboff\u00a0\u00bb global_colors_info=\u00a0\u00bb{%22gcid-103d397a-6f46-4147-b0c5-92a84b92f997%22:%91%22icon_color%22%93,%22gcid-929d50d3-7c67-4b13-8919-22366598db4e%22:%91%22header_text_color%22%93}\u00a0\u00bb][\/et_pb_blurb][et_pb_menu menu_id=\u00a0\u00bb12&Prime; active_link_color=\u00a0\u00bb#cd1418&Prime; module_class=\u00a0\u00bblwp-vertical-menu lwp-hide-mobile-menu\u00a0\u00bb _builder_version=\u00a0\u00bb4.25.1&Prime; _module_preset=\u00a0\u00bbdefault\u00a0\u00bb menu_font=\u00a0\u00bbPT Serif|700|||||||\u00a0\u00bb menu_text_color=\u00a0\u00bb#042a00&Prime; menu_font_size=\u00a0\u00bb18px\u00a0\u00bb background_enable_color=\u00a0\u00bboff\u00a0\u00bb hover_enabled=\u00a0\u00bb0&Prime; border_width_bottom=\u00a0\u00bb1px\u00a0\u00bb border_color_bottom=\u00a0\u00bb#a0a0a0&Prime; locked=\u00a0\u00bboff\u00a0\u00bb global_colors_info=\u00a0\u00bb{%22gcid-103d397a-6f46-4147-b0c5-92a84b92f997%22:%91%22active_link_color%22%93,%22gcid-929d50d3-7c67-4b13-8919-22366598db4e%22:%91%22menu_text_color%22%93}\u00a0\u00bb text_orientation=\u00a0\u00bbcenter\u00a0\u00bb sticky_enabled=\u00a0\u00bb0&Prime;][\/et_pb_menu][et_pb_text _builder_version=\u00a0\u00bb4.25.0&Prime; _module_preset=\u00a0\u00bbdefault\u00a0\u00bb header_3_font=\u00a0\u00bbPT Serif|700|||||||\u00a0\u00bb header_3_text_color=\u00a0\u00bb#cd1418&Prime; custom_margin=\u00a0\u00bb||12px|||\u00a0\u00bb locked=\u00a0\u00bboff\u00a0\u00bb global_colors_info=\u00a0\u00bb{%22gcid-103d397a-6f46-4147-b0c5-92a84b92f997%22:%91%22header_3_text_color%22%93}\u00a0\u00bb]<\/p>\n<h3>Le saviez-vous ?<\/h3>\n<p>[\/et_pb_text][et_pb_text _builder_version=\u00a0\u00bb4.25.1&Prime; _module_preset=\u00a0\u00bbdefault\u00a0\u00bb text_font=\u00a0\u00bb|600|||||||\u00a0\u00bb text_text_color=\u00a0\u00bb#000000&Prime; text_font_size=\u00a0\u00bb16px\u00a0\u00bb link_text_color=\u00a0\u00bb#cd1418&Prime; hover_enabled=\u00a0\u00bb0&Prime; border_width_bottom=\u00a0\u00bb1px\u00a0\u00bb border_color_bottom=\u00a0\u00bb#a0a0a0&Prime; locked=\u00a0\u00bboff\u00a0\u00bb global_colors_info=\u00a0\u00bb{%22gcid-103d397a-6f46-4147-b0c5-92a84b92f997%22:%91%22link_text_color%22%93}\u00a0\u00bb sticky_enabled=\u00a0\u00bb0&Prime;]<\/p>\n<p style=\"text-align: left;\"><strong><span style=\"color: #042a00;\">1900<\/span><\/strong> &#8211; Ampsie a \u00e9t\u00e9 colonis\u00e9e au d\u00e9but des ann\u00e9es 1900 lorsque des centaines d&rsquo;Afro-Am\u00e9ricains, fuyant l&rsquo;escalade de la violence des lois Jim Crow r\u00e9cemment adopt\u00e9es, ont quitt\u00e9 les \u00c9tats-Unis et se sont install\u00e9s dans les Prairies canadiennes.<\/p>\n<p style=\"text-align: right;\"><a href=\"https:\/\/www.afroheritage.ca\/fr\/directoire\/provinces-des-prairies\/\" rel=\"noopener\" style=\"text-align: right;\">Apprendre encore plus<\/a><\/p>\n<p>[\/et_pb_text][\/et_pb_column][\/et_pb_row][\/et_pb_section][et_pb_section fb_built=\u00a0\u00bb1&Prime; _builder_version=\u00a0\u00bb4.25.0&Prime; _module_preset=\u00a0\u00bbdefault\u00a0\u00bb da_disable_devices=\u00a0\u00bboff|off|off\u00a0\u00bb global_colors_info=\u00a0\u00bb{}\u00a0\u00bb da_is_popup=\u00a0\u00bboff\u00a0\u00bb da_exit_intent=\u00a0\u00bboff\u00a0\u00bb da_has_close=\u00a0\u00bbon\u00a0\u00bb da_alt_close=\u00a0\u00bboff\u00a0\u00bb da_dark_close=\u00a0\u00bboff\u00a0\u00bb da_not_modal=\u00a0\u00bbon\u00a0\u00bb da_is_singular=\u00a0\u00bboff\u00a0\u00bb da_with_loader=\u00a0\u00bboff\u00a0\u00bb da_has_shadow=\u00a0\u00bbon\u00a0\u00bb][et_pb_row column_structure=\u00a0\u00bb3_4,1_4&Prime; use_custom_gutter=\u00a0\u00bbon\u00a0\u00bb _builder_version=\u00a0\u00bb4.25.0&Prime; _module_preset=\u00a0\u00bbdefault\u00a0\u00bb max_width=\u00a0\u00bb100%\u00a0\u00bb custom_padding=\u00a0\u00bb0px||0px|||\u00a0\u00bb global_colors_info=\u00a0\u00bb{}\u00a0\u00bb][et_pb_column type=\u00a0\u00bb3_4&Prime; _builder_version=\u00a0\u00bb4.25.0&Prime; _module_preset=\u00a0\u00bbdefault\u00a0\u00bb global_colors_info=\u00a0\u00bb{}\u00a0\u00bb][et_pb_text _builder_version=\u00a0\u00bb4.25.1&Prime; _module_preset=\u00a0\u00bbdefault\u00a0\u00bb text_font=\u00a0\u00bbPT Serif|600|||||||\u00a0\u00bb text_text_color=\u00a0\u00bbgcid-838371e4-a8f8-4035-b85f-7c6baccdd10f\u00a0\u00bb text_font_size=\u00a0\u00bb38px\u00a0\u00bb text_line_height=\u00a0\u00bb1.8em\u00a0\u00bb header_font=\u00a0\u00bbSource Sans Pro|700|||||||\u00a0\u00bb header_text_color=\u00a0\u00bbgcid-c7284100-d0cd-4053-bf2d-cc274126826c\u00a0\u00bb header_line_height=\u00a0\u00bb1.3em\u00a0\u00bb header_2_font=\u00a0\u00bbPT Serif|600|||||||\u00a0\u00bb header_2_text_color=\u00a0\u00bbgcid-838371e4-a8f8-4035-b85f-7c6baccdd10f\u00a0\u00bb hover_enabled=\u00a0\u00bb0&Prime; header_font_size_tablet=\u00a0\u00bb\u00a0\u00bb header_font_size_phone=\u00a0\u00bb25px\u00a0\u00bb header_font_size_last_edited=\u00a0\u00bbon|desktop\u00a0\u00bb global_colors_info=\u00a0\u00bb{%22gcid-c7284100-d0cd-4053-bf2d-cc274126826c%22:%91%22header_text_color%22,%22header_text_color%22,%22header_text_color%22,%22header_text_color%22%93,%22gcid-838371e4-a8f8-4035-b85f-7c6baccdd10f%22:%91%22text_text_color%22,%22header_2_text_color%22%93}\u00a0\u00bb sticky_enabled=\u00a0\u00bb0&Prime;]<\/p>\n<h2>HISTOIRES<\/h2>\n<p>[\/et_pb_text][el_video_gallery autoplay_video=\u00a0\u00bboff\u00a0\u00bb show_title=\u00a0\u00bbon\u00a0\u00bb title_area=\u00a0\u00bbgallery\u00a0\u00bb _builder_version=\u00a0\u00bb4.25.1&Prime; _module_preset=\u00a0\u00bbdefault\u00a0\u00bb title_text_font=\u00a0\u00bbPT Serif|700|||||||\u00a0\u00bb title_text_text_color=\u00a0\u00bbgcid-929d50d3-7c67-4b13-8919-22366598db4e\u00a0\u00bb title_text_font_size=\u00a0\u00bb18px\u00a0\u00bb global_colors_info=\u00a0\u00bb{%22gcid-929d50d3-7c67-4b13-8919-22366598db4e%22:%91%22title_text_text_color%22%93}\u00a0\u00bb][el_video_gallery_item title=\u00a0\u00bbEdmonton Alberta, Vancouver, Ashley Yeates\u00a0\u00bb src=\u00a0\u00bbhttps:\/\/youtu.be\/4KjvILvBnEk?rel=0&Prime; image_src=\u00a0\u00bb\/\/i.ytimg.com\/vi\/4KjvILvBnEk\/hqdefault.jpg\u00a0\u00bb _builder_version=\u00a0\u00bb4.25.1&Prime; _module_preset=\u00a0\u00bbdefault\u00a0\u00bb global_colors_info=\u00a0\u00bb{}\u00a0\u00bb][\/el_video_gallery_item][el_video_gallery_item title=\u00a0\u00bb\u00c9cole publique de Benton, Campsie, Debbie Beaver\u00a0\u00bb src=\u00a0\u00bbhttps:\/\/youtu.be\/Lez99Qj9dvo?si=oy1OYbkwWp5hLJPV?rel=0&Prime; image_src=\u00a0\u00bb\/\/i.ytimg.com\/vi\/Lez99Qj9dvo\/hqdefault.jpg\u00a0\u00bb _builder_version=\u00a0\u00bb4.25.1&Prime; _module_preset=\u00a0\u00bbdefault\u00a0\u00bb global_colors_info=\u00a0\u00bb{}\u00a0\u00bb][\/el_video_gallery_item][el_video_gallery_item title=\u00a0\u00bbCimeti\u00e8re baptiste Bethel, Barrhead, Alberta, Debbie Beaver\u00a0\u00bb src=\u00a0\u00bbhttps:\/\/youtu.be\/8A8qQxwrspU?si=1y_d43Rlvv-euH0F?rel=0&Prime; image_src=\u00a0\u00bb\/\/i.ytimg.com\/vi\/8A8qQxwrspU\/hqdefault.jpg\u00a0\u00bb _builder_version=\u00a0\u00bb4.25.1&Prime; _module_preset=\u00a0\u00bbdefault\u00a0\u00bb global_colors_info=\u00a0\u00bb{}\u00a0\u00bb][\/el_video_gallery_item][\/el_video_gallery][\/et_pb_column][et_pb_column type=\u00a0\u00bb1_4&Prime; _builder_version=\u00a0\u00bb4.25.0&Prime; _module_preset=\u00a0\u00bbdefault\u00a0\u00bb global_colors_info=\u00a0\u00bb{}\u00a0\u00bb][et_pb_blurb title=\u00a0\u00bbGriots musicaux\u00a0\u00bb use_icon=\u00a0\u00bbon\u00a0\u00bb font_icon=\u00a0\u00bb&#xf58f;||fa||900&Prime; icon_color=\u00a0\u00bbgcid-103d397a-6f46-4147-b0c5-92a84b92f997&Prime; icon_placement=\u00a0\u00bbleft\u00a0\u00bb _builder_version=\u00a0\u00bb4.25.1&Prime; _module_preset=\u00a0\u00bbdefault\u00a0\u00bb header_font=\u00a0\u00bbPT Serif|700|||||||\u00a0\u00bb header_text_color=\u00a0\u00bbgcid-929d50d3-7c67-4b13-8919-22366598db4e\u00a0\u00bb header_font_size=\u00a0\u00bb24px\u00a0\u00bb custom_css_blurb_title=\u00a0\u00bbmargin-top: 6px;\u00a0\u00bb locked=\u00a0\u00bboff\u00a0\u00bb global_colors_info=\u00a0\u00bb{%22gcid-103d397a-6f46-4147-b0c5-92a84b92f997%22:%91%22icon_color%22%93,%22gcid-929d50d3-7c67-4b13-8919-22366598db4e%22:%91%22header_text_color%22%93}\u00a0\u00bb][\/et_pb_blurb][et_pb_button button_url=\u00a0\u00bbhttps:\/\/www.afroheritage.ca\/fr\/musique\/#sounds-of-edmonton\u00a0\u00bb button_text=\u00a0\u00bbLes sons d&rsquo;Alberta\u00a0\u00bb _builder_version=\u00a0\u00bb4.25.1&Prime; _module_preset=\u00a0\u00bbdefault\u00a0\u00bb custom_button=\u00a0\u00bbon\u00a0\u00bb button_text_size=\u00a0\u00bb18px\u00a0\u00bb button_text_color=\u00a0\u00bb#FFFFFF\u00a0\u00bb button_bg_color=\u00a0\u00bbgcid-929d50d3-7c67-4b13-8919-22366598db4e\u00a0\u00bb button_border_width=\u00a0\u00bb0px\u00a0\u00bb button_border_radius=\u00a0\u00bb5px\u00a0\u00bb button_icon=\u00a0\u00bb&#xe08e;||divi||400&Prime; button_icon_placement=\u00a0\u00bbleft\u00a0\u00bb button_on_hover=\u00a0\u00bboff\u00a0\u00bb hover_enabled=\u00a0\u00bb0&Prime; locked=\u00a0\u00bboff\u00a0\u00bb global_colors_info=\u00a0\u00bb{%22gcid-929d50d3-7c67-4b13-8919-22366598db4e%22:%91%22button_bg_color%22%93,%22gcid-103d397a-6f46-4147-b0c5-92a84b92f997%22:%91%22button_bg_color__hover%22%93}\u00a0\u00bb button_bg_color__hover_enabled=\u00a0\u00bbon|hover\u00a0\u00bb button_bg_color__hover=\u00a0\u00bb#cd1418&Prime; button_bg_enable_color__hover=\u00a0\u00bbon\u00a0\u00bb sticky_enabled=\u00a0\u00bb0&Prime;][\/et_pb_button][\/et_pb_column][\/et_pb_row][\/et_pb_section][et_pb_section fb_built=\u00a0\u00bb1&Prime; _builder_version=\u00a0\u00bb4.25.1&Prime; _module_preset=\u00a0\u00bbdefault\u00a0\u00bb background_color=\u00a0\u00bbgcid-929d50d3-7c67-4b13-8919-22366598db4e\u00a0\u00bb da_disable_devices=\u00a0\u00bboff|off|off\u00a0\u00bb locked=\u00a0\u00bboff\u00a0\u00bb global_colors_info=\u00a0\u00bb{%22gcid-929d50d3-7c67-4b13-8919-22366598db4e%22:%91%22background_color%22%93}\u00a0\u00bb da_is_popup=\u00a0\u00bboff\u00a0\u00bb da_exit_intent=\u00a0\u00bboff\u00a0\u00bb da_has_close=\u00a0\u00bbon\u00a0\u00bb da_alt_close=\u00a0\u00bboff\u00a0\u00bb da_dark_close=\u00a0\u00bboff\u00a0\u00bb da_not_modal=\u00a0\u00bbon\u00a0\u00bb da_is_singular=\u00a0\u00bboff\u00a0\u00bb da_with_loader=\u00a0\u00bboff\u00a0\u00bb da_has_shadow=\u00a0\u00bbon\u00a0\u00bb][et_pb_row use_custom_gutter=\u00a0\u00bbon\u00a0\u00bb _builder_version=\u00a0\u00bb4.25.1&Prime; _module_preset=\u00a0\u00bbdefault\u00a0\u00bb max_width=\u00a0\u00bb100%\u00a0\u00bb custom_margin=\u00a0\u00bb||5vw||false|false\u00a0\u00bb global_colors_info=\u00a0\u00bb{}\u00a0\u00bb][et_pb_column type=\u00a0\u00bb4_4&Prime; _builder_version=\u00a0\u00bb4.25.0&Prime; _module_preset=\u00a0\u00bbdefault\u00a0\u00bb global_colors_info=\u00a0\u00bb{}\u00a0\u00bb][et_pb_text _builder_version=\u00a0\u00bb4.25.1&Prime; _module_preset=\u00a0\u00bbdefault\u00a0\u00bb text_font=\u00a0\u00bbPT Serif|600|||||||\u00a0\u00bb text_text_color=\u00a0\u00bbgcid-838371e4-a8f8-4035-b85f-7c6baccdd10f\u00a0\u00bb text_font_size=\u00a0\u00bb38px\u00a0\u00bb text_line_height=\u00a0\u00bb1.8em\u00a0\u00bb header_font=\u00a0\u00bbSource Sans Pro|700|||||||\u00a0\u00bb header_text_color=\u00a0\u00bbgcid-c7284100-d0cd-4053-bf2d-cc274126826c\u00a0\u00bb header_line_height=\u00a0\u00bb1.3em\u00a0\u00bb header_2_font=\u00a0\u00bbPT Serif|600|||||||\u00a0\u00bb header_2_text_color=\u00a0\u00bb#FFFFFF\u00a0\u00bb header_font_size_tablet=\u00a0\u00bb\u00a0\u00bb header_font_size_phone=\u00a0\u00bb25px\u00a0\u00bb header_font_size_last_edited=\u00a0\u00bbon|desktop\u00a0\u00bb global_colors_info=\u00a0\u00bb{%22gcid-c7284100-d0cd-4053-bf2d-cc274126826c%22:%91%22header_text_color%22,%22header_text_color%22,%22header_text_color%22,%22header_text_color%22%93,%22gcid-838371e4-a8f8-4035-b85f-7c6baccdd10f%22:%91%22text_text_color%22%93}\u00a0\u00bb]<\/p>\n<h2>L&rsquo;Histoire de la Vall\u00e9e d&rsquo;Ambre en images<\/h2>\n<p>[\/et_pb_text][dggm_imagegallery image_to_display=\u00a0\u00bb6&Prime; use_orientation=\u00a0\u00bbon\u00a0\u00bb item_gutter=\u00a0\u00bb5px\u00a0\u00bb show_pagination=\u00a0\u00bbon\u00a0\u00bb pagination_img_count=\u00a0\u00bb12&Prime; use_number_pagination=\u00a0\u00bbon\u00a0\u00bb older_text=\u00a0\u00bbPrevious\u00a0\u00bb newer_text=\u00a0\u00bbNext \u00a0\u00bb use_lightbox=\u00a0\u00bbon\u00a0\u00bb use_lightbox_content=\u00a0\u00bbon\u00a0\u00bb border_anim=\u00a0\u00bbon\u00a0\u00bb anm_border_color=\u00a0\u00bbgcid-103d397a-6f46-4147-b0c5-92a84b92f997&Prime; anm_border_margin=\u00a0\u00bb0px\u00a0\u00bb pagination_background_bgcolor=\u00a0\u00bbRGBA(255,255,255,0)\u00a0\u00bb _builder_version=\u00a0\u00bb4.25.1&Prime; _module_preset=\u00a0\u00bbdefault\u00a0\u00bb pagination_text_color=\u00a0\u00bb#FFFFFF\u00a0\u00bb locked=\u00a0\u00bboff\u00a0\u00bb global_colors_info=\u00a0\u00bb{%22gcid-103d397a-6f46-4147-b0c5-92a84b92f997%22:%91%22anm_border_color%22%93}\u00a0\u00bb][dggm_imagegalleryitem gallery_ids=\u00a0\u00bb230731,231548,231540,231518,231511,231503,231497,231493,231489,231476,231472,231452,231446,231442,231428,231409,231405,231401,231389,231377,231375,231371,231362,231358,231354,231350,231342,231338,231326,231318,231262,231221,231215,231956&Prime; _builder_version=\u00a0\u00bb4.25.1&Prime; _module_preset=\u00a0\u00bbdefault\u00a0\u00bb global_colors_info=\u00a0\u00bb{}\u00a0\u00bb][\/dggm_imagegalleryitem][\/dggm_imagegallery][\/et_pb_column][\/et_pb_row][\/et_pb_section]<\/p>\n","protected":false},"excerpt":{"rendered":"<p>L&rsquo;histoire de Campsie, AlbertaCampsie, une autre colonie noire notable de l&rsquo;Alberta, partage une histoire similaire de pers\u00e9v\u00e9rance et de renforcement de la communaut\u00e9. Install\u00e9 \u00e0 peu pr\u00e8s \u00e0 la m\u00eame \u00e9poque qu&rsquo;Amber Valley, Campsie a attir\u00e9 des familles afro-am\u00e9ricaines qui cherchaient \u00e0 \u00e9chapper au racisme syst\u00e9mique du sud des \u00c9tats-Unis. Ces colons ont d\u00fb faire\u2026 <a href=\"https:\/\/www.afroheritage.ca\/fr\/et_pb_layout\/footer-6\/\">Read More &raquo;<\/a><\/p>\n","protected":false},"author":1,"featured_media":0,"parent":230780,"menu_order":0,"comment_status":"closed","ping_status":"closed","template":"","meta":{"_acf_changed":false,"_et_pb_use_builder":"on","_et_pb_old_content":"","_et_gb_content_width":"","footnotes":""},"class_list":["post-230848","page","type-page","status-publish","hentry"],"acf":[],"_links":{"self":[{"href":"https:\/\/www.afroheritage.ca\/fr\/wp-json\/wp\/v2\/pages\/230848","targetHints":{"allow":["GET"]}}],"collection":[{"href":"https:\/\/www.afroheritage.ca\/fr\/wp-json\/wp\/v2\/pages"}],"about":[{"href":"https:\/\/www.afroheritage.ca\/fr\/wp-json\/wp\/v2\/types\/page"}],"author":[{"embeddable":true,"href":"https:\/\/www.afroheritage.ca\/fr\/wp-json\/wp\/v2\/users\/1"}],"replies":[{"embeddable":true,"href":"https:\/\/www.afroheritage.ca\/fr\/wp-json\/wp\/v2\/comments?post=230848"}],"version-history":[{"count":0,"href":"https:\/\/www.afroheritage.ca\/fr\/wp-json\/wp\/v2\/pages\/230848\/revisions"}],"up":[{"embeddable":true,"href":"https:\/\/www.afroheritage.ca\/fr\/wp-json\/wp\/v2\/pages\/230780"}],"wp:attachment":[{"href":"https:\/\/www.afroheritage.ca\/fr\/wp-json\/wp\/v2\/media?parent=230848"}],"curies":[{"name":"wp","href":"https:\/\/api.w.org\/{rel}","templated":true}]}}