{"id":231095,"date":"2024-06-12T15:35:46","date_gmt":"2024-06-12T15:35:46","guid":{"rendered":"https:\/\/www.afroheritage.ca\/locations\/wibca-quebec\/"},"modified":"2024-06-12T17:30:17","modified_gmt":"2024-06-12T17:30:17","slug":"wibca-quebec","status":"publish","type":"page","link":"https:\/\/www.afroheritage.ca\/fr\/locations\/wibca-quebec\/","title":{"rendered":"WIBCA &#8211; Quebec"},"content":{"rendered":"<p>[et_pb_section fb_built=\u00a0\u00bb1&Prime; _builder_version=\u00a0\u00bb4.25.0&Prime; _module_preset=\u00a0\u00bbdefault\u00a0\u00bb background_enable_color=\u00a0\u00bboff\u00a0\u00bb custom_padding=\u00a0\u00bb0px||0px|||\u00a0\u00bb animation_style=\u00a0\u00bbfade\u00a0\u00bb da_disable_devices=\u00a0\u00bboff|off|off\u00a0\u00bb global_colors_info=\u00a0\u00bb{%22gcid-545186c3-461f-4bd1-b176-21b403ccece3%22:%91%22background_color%22%93}\u00a0\u00bb theme_builder_area=\u00a0\u00bbpost_content\u00a0\u00bb da_is_popup=\u00a0\u00bboff\u00a0\u00bb da_exit_intent=\u00a0\u00bboff\u00a0\u00bb da_has_close=\u00a0\u00bbon\u00a0\u00bb da_alt_close=\u00a0\u00bboff\u00a0\u00bb da_dark_close=\u00a0\u00bboff\u00a0\u00bb da_not_modal=\u00a0\u00bbon\u00a0\u00bb da_is_singular=\u00a0\u00bboff\u00a0\u00bb da_with_loader=\u00a0\u00bboff\u00a0\u00bb da_has_shadow=\u00a0\u00bbon\u00a0\u00bb][et_pb_row _builder_version=\u00a0\u00bb4.25.0&Prime; _module_preset=\u00a0\u00bbdefault\u00a0\u00bb background_color=\u00a0\u00bbgcid-545186c3-461f-4bd1-b176-21b403ccece3&Prime; background_image=\u00a0\u00bbhttps:\/\/www.afroheritage.ca\/wp-content\/uploads\/2024\/05\/montreal-trans.png\u00a0\u00bb background_size=\u00a0\u00bbcustom\u00a0\u00bb background_image_width=\u00a0\u00bb50%\u00a0\u00bb background_image_height=\u00a0\u00bb100%\u00a0\u00bb background_position=\u00a0\u00bbcenter_right\u00a0\u00bb background_blend=\u00a0\u00bbexclusion\u00a0\u00bb width=\u00a0\u00bb100%\u00a0\u00bb max_width=\u00a0\u00bb100%\u00a0\u00bb global_colors_info=\u00a0\u00bb{%22gcid-545186c3-461f-4bd1-b176-21b403ccece3%22:%91%22background_color%22%93}\u00a0\u00bb theme_builder_area=\u00a0\u00bbpost_content\u00a0\u00bb][et_pb_column type=\u00a0\u00bb4_4&Prime; _builder_version=\u00a0\u00bb4.25.0&Prime; _module_preset=\u00a0\u00bbdefault\u00a0\u00bb global_colors_info=\u00a0\u00bb{}\u00a0\u00bb theme_builder_area=\u00a0\u00bbpost_content\u00a0\u00bb][et_pb_slider _builder_version=\u00a0\u00bb4.25.1&Prime; _module_preset=\u00a0\u00bbdefault\u00a0\u00bb header_font_size=\u00a0\u00bb28px\u00a0\u00bb hover_enabled=\u00a0\u00bb0&Prime; global_colors_info=\u00a0\u00bb{}\u00a0\u00bb theme_builder_area=\u00a0\u00bbpost_content\u00a0\u00bb admin_label=\u00a0\u00bbWest Island Black Community Association, Elizabeth-Ann Williams\u00a0\u00bb sticky_enabled=\u00a0\u00bb0&Prime;][et_pb_slide heading=\u00a0\u00bbAssociation de la communaut\u00e9 noire de l\u2019Ouest-de-l\u2019\u00cele, Elizabeth-Ann Williams\u00a0\u00bb video_url=\u00a0\u00bbhttps:\/\/youtu.be\/f1qvyGVrh90?rel=0&Prime; admin_title=\u00a0\u00bbWest Island Black Community Association, Elizabeth-Ann Williams\u00a0\u00bb _builder_version=\u00a0\u00bb4.25.1&Prime; _module_preset=\u00a0\u00bbdefault\u00a0\u00bb body_text_color=\u00a0\u00bb#FFFFFF\u00a0\u00bb body_font_size=\u00a0\u00bb18px\u00a0\u00bb background_color=\u00a0\u00bbRGBA(255,255,255,0)\u00a0\u00bb background_enable_color=\u00a0\u00bbon\u00a0\u00bb hover_enabled=\u00a0\u00bb0&Prime; global_colors_info=\u00a0\u00bb{}\u00a0\u00bb sticky_transition=\u00a0\u00bbon\u00a0\u00bb theme_builder_area=\u00a0\u00bbpost_content\u00a0\u00bb sticky_enabled=\u00a0\u00bb0&Prime;][\/et_pb_slide][\/et_pb_slider][\/et_pb_column][\/et_pb_row][\/et_pb_section][et_pb_section fb_built=\u00a0\u00bb1&Prime; _builder_version=\u00a0\u00bb4.25.1&Prime; _module_preset=\u00a0\u00bbdefault\u00a0\u00bb use_background_color_gradient=\u00a0\u00bbon\u00a0\u00bb background_color_gradient_stops=\u00a0\u00bb#ffffff 0%|rgba(255,255,255,0.5) 100%\u00a0\u00bb background_color_gradient_overlays_image=\u00a0\u00bbon\u00a0\u00bb background_image=\u00a0\u00bbhttps:\/\/www.afroheritage.ca\/wp-content\/uploads\/2024\/05\/montreal-united.png\u00a0\u00bb background_size=\u00a0\u00bbcustom\u00a0\u00bb background_image_width=\u00a0\u00bb100%\u00a0\u00bb background_image_height=\u00a0\u00bb100%\u00a0\u00bb da_disable_devices=\u00a0\u00bboff|off|off\u00a0\u00bb global_colors_info=\u00a0\u00bb{}\u00a0\u00bb theme_builder_area=\u00a0\u00bbpost_content\u00a0\u00bb da_is_popup=\u00a0\u00bboff\u00a0\u00bb da_exit_intent=\u00a0\u00bboff\u00a0\u00bb da_has_close=\u00a0\u00bbon\u00a0\u00bb da_alt_close=\u00a0\u00bboff\u00a0\u00bb da_dark_close=\u00a0\u00bboff\u00a0\u00bb da_not_modal=\u00a0\u00bbon\u00a0\u00bb da_is_singular=\u00a0\u00bboff\u00a0\u00bb da_with_loader=\u00a0\u00bboff\u00a0\u00bb da_has_shadow=\u00a0\u00bbon\u00a0\u00bb][et_pb_row use_custom_gutter=\u00a0\u00bbon\u00a0\u00bb _builder_version=\u00a0\u00bb4.25.0&Prime; _module_preset=\u00a0\u00bbdefault\u00a0\u00bb max_width=\u00a0\u00bb100%\u00a0\u00bb custom_padding=\u00a0\u00bb0px|||||\u00a0\u00bb global_colors_info=\u00a0\u00bb{}\u00a0\u00bb theme_builder_area=\u00a0\u00bbpost_content\u00a0\u00bb][et_pb_column type=\u00a0\u00bb4_4&Prime; _builder_version=\u00a0\u00bb4.25.0&Prime; _module_preset=\u00a0\u00bbdefault\u00a0\u00bb border_color_right=\u00a0\u00bbgcid-b1448838-5ff8-41b7-b62d-2d7afff5ed32&Prime; global_colors_info=\u00a0\u00bb{%22gcid-b1448838-5ff8-41b7-b62d-2d7afff5ed32%22:%91%22border_color_right%22%93}\u00a0\u00bb theme_builder_area=\u00a0\u00bbpost_content\u00a0\u00bb][et_pb_text _builder_version=\u00a0\u00bb4.25.0&Prime; _module_preset=\u00a0\u00bbdefault\u00a0\u00bb text_font=\u00a0\u00bbPT Serif|600|||||||\u00a0\u00bb text_text_color=\u00a0\u00bbgcid-838371e4-a8f8-4035-b85f-7c6baccdd10f\u00a0\u00bb text_font_size=\u00a0\u00bb38px\u00a0\u00bb text_line_height=\u00a0\u00bb1.8em\u00a0\u00bb header_font=\u00a0\u00bbSource Sans Pro|700|||||||\u00a0\u00bb header_text_color=\u00a0\u00bbgcid-c7284100-d0cd-4053-bf2d-cc274126826c\u00a0\u00bb header_line_height=\u00a0\u00bb1.3em\u00a0\u00bb header_2_font=\u00a0\u00bbPT Serif|600|||||||\u00a0\u00bb header_2_text_color=\u00a0\u00bbgcid-838371e4-a8f8-4035-b85f-7c6baccdd10f\u00a0\u00bb header_font_size_tablet=\u00a0\u00bb\u00a0\u00bb header_font_size_phone=\u00a0\u00bb25px\u00a0\u00bb header_font_size_last_edited=\u00a0\u00bbon|desktop\u00a0\u00bb global_colors_info=\u00a0\u00bb{%22gcid-c7284100-d0cd-4053-bf2d-cc274126826c%22:%91%22header_text_color%22,%22header_text_color%22,%22header_text_color%22,%22header_text_color%22%93,%22gcid-838371e4-a8f8-4035-b85f-7c6baccdd10f%22:%91%22text_text_color%22,%22header_2_text_color%22%93}\u00a0\u00bb theme_builder_area=\u00a0\u00bbpost_content\u00a0\u00bb]<\/p>\n<h2>Le patrimoine noir \u00e0 Montr\u00e9al : Un voyage dans le temps<\/h2>\n<p>[\/et_pb_text][\/et_pb_column][\/et_pb_row][et_pb_row column_structure=\u00a0\u00bb3_4,1_4&Prime; use_custom_gutter=\u00a0\u00bbon\u00a0\u00bb _builder_version=\u00a0\u00bb4.25.0&Prime; _module_preset=\u00a0\u00bbdefault\u00a0\u00bb max_width=\u00a0\u00bb100%\u00a0\u00bb custom_padding=\u00a0\u00bb0px|||||\u00a0\u00bb global_colors_info=\u00a0\u00bb{}\u00a0\u00bb theme_builder_area=\u00a0\u00bbpost_content\u00a0\u00bb][et_pb_column type=\u00a0\u00bb3_4&Prime; _builder_version=\u00a0\u00bb4.25.0&Prime; _module_preset=\u00a0\u00bbdefault\u00a0\u00bb background_color=\u00a0\u00bbRGBA(255,255,255,0)\u00a0\u00bb custom_padding_tablet=\u00a0\u00bb\u00a0\u00bb custom_padding_phone=\u00a0\u00bb\u00a0\u00bb custom_padding_last_edited=\u00a0\u00bbon|desktop\u00a0\u00bb border_width_right=\u00a0\u00bb1px\u00a0\u00bb border_color_right=\u00a0\u00bbgcid-4e73e465-b4cd-4b6c-bbd7-f30aefa40f37&Prime; global_colors_info=\u00a0\u00bb{%22gcid-4e73e465-b4cd-4b6c-bbd7-f30aefa40f37%22:%91%22border_color_right%22%93}\u00a0\u00bb custom_padding__hover_enabled=\u00a0\u00bbon|desktop\u00a0\u00bb theme_builder_area=\u00a0\u00bbpost_content\u00a0\u00bb][et_pb_text _builder_version=\u00a0\u00bb4.25.0&Prime; _module_preset=\u00a0\u00bbdefault\u00a0\u00bb text_font=\u00a0\u00bb&#8211;et_global_body_font|500|||||||\u00a0\u00bb text_text_color=\u00a0\u00bb#000000&Prime; text_font_size=\u00a0\u00bb18px\u00a0\u00bb custom_padding=\u00a0\u00bb|2vw|||false|false\u00a0\u00bb global_colors_info=\u00a0\u00bb{}\u00a0\u00bb theme_builder_area=\u00a0\u00bbpost_content\u00a0\u00bb]<\/p>\n<p data-sider-select-id=\"89c14aa1-ad4e-406d-9082-7d3ac28ccd71\">Le patrimoine noir de Montr\u00e9al est une tapisserie vibrante tiss\u00e9e d&rsquo;histoires de courage, de cr\u00e9ativit\u00e9 et de communaut\u00e9. Tout a commenc\u00e9 dans les ann\u00e9es 1600, lorsque Mathieu Da Costa, un interpr\u00e8te africain, a jou\u00e9 un r\u00f4le crucial en comblant le foss\u00e9 entre les premiers colons europ\u00e9ens et les peuples autochtones. Au fil du temps, de nombreux Noirs sont venus \u00e0 Montr\u00e9al en qu\u00eate de libert\u00e9 et de nouvelles opportunit\u00e9s, en particulier \u00e0 l&rsquo;\u00e9poque du chemin de fer clandestin, dans les ann\u00e9es 1800. Ce r\u00e9seau secret aidait les Afro-Am\u00e9ricains r\u00e9duits en esclavage \u00e0 s&rsquo;\u00e9chapper pour se r\u00e9fugier au Canada. Ces hommes et ces femmes courageux ont apport\u00e9 avec eux des cultures et des traditions riches, ainsi qu&rsquo;un profond sens de la r\u00e9silience, qui ont contribu\u00e9 \u00e0 faire de Montr\u00e9al la ville diversifi\u00e9e qu&rsquo;elle est aujourd&rsquo;hui.<\/p>\n<p>Au fil des ans, la communaut\u00e9 noire de Montr\u00e9al s&rsquo;est d\u00e9velopp\u00e9e et a prosp\u00e9r\u00e9, contribuant de mani\u00e8re significative au paysage culturel de la ville. De la sc\u00e8ne musicale jazz des ann\u00e9es 1920, qui a vu des l\u00e9gendes comme Oscar Peterson acc\u00e9der \u00e0 la c\u00e9l\u00e9brit\u00e9, aux voix fortes qui ont d\u00e9fendu les droits civiques et l&rsquo;\u00e9galit\u00e9, les Montr\u00e9alais noirs ont laiss\u00e9 leur marque dans de nombreux domaines. Aujourd&rsquo;hui, des quartiers comme la Petite Bourgogne rappellent fi\u00e8rement ce riche h\u00e9ritage. Des festivals, des mus\u00e9es et des centres communautaires c\u00e9l\u00e8brent l&rsquo;histoire et la culture des Noirs et veillent \u00e0 ce que les r\u00e9cits de ceux qui nous ont pr\u00e9c\u00e9d\u00e9s continuent d&rsquo;inspirer les g\u00e9n\u00e9rations futures.<\/p>\n<p>[\/et_pb_text][\/et_pb_column][et_pb_column type=\u00a0\u00bb1_4&Prime; _builder_version=\u00a0\u00bb4.25.0&Prime; _module_preset=\u00a0\u00bbdefault\u00a0\u00bb border_color_right=\u00a0\u00bbgcid-b1448838-5ff8-41b7-b62d-2d7afff5ed32&Prime; global_colors_info=\u00a0\u00bb{%22gcid-b1448838-5ff8-41b7-b62d-2d7afff5ed32%22:%91%22border_color_right%22%93}\u00a0\u00bb theme_builder_area=\u00a0\u00bbpost_content\u00a0\u00bb][et_pb_blurb title=\u00a0\u00bbAutres Locations\u00a0\u00bb use_icon=\u00a0\u00bbon\u00a0\u00bb font_icon=\u00a0\u00bb&#xf276;||fa||900&Prime; icon_color=\u00a0\u00bb#cd1418&Prime; icon_placement=\u00a0\u00bbleft\u00a0\u00bb _builder_version=\u00a0\u00bb4.25.1&Prime; _module_preset=\u00a0\u00bbdefault\u00a0\u00bb header_font=\u00a0\u00bbPT Serif|700|||||||\u00a0\u00bb header_text_color=\u00a0\u00bb#042a00&Prime; header_font_size=\u00a0\u00bb24px\u00a0\u00bb custom_margin=\u00a0\u00bb||9px|||\u00a0\u00bb custom_css_blurb_title=\u00a0\u00bbmargin-top: 6px;\u00a0\u00bb locked=\u00a0\u00bboff\u00a0\u00bb global_colors_info=\u00a0\u00bb{%22gcid-103d397a-6f46-4147-b0c5-92a84b92f997%22:%91%22icon_color%22%93,%22gcid-929d50d3-7c67-4b13-8919-22366598db4e%22:%91%22header_text_color%22%93}\u00a0\u00bb theme_builder_area=\u00a0\u00bbpost_content\u00a0\u00bb][\/et_pb_blurb][et_pb_menu menu_id=\u00a0\u00bb11&Prime; active_link_color=\u00a0\u00bb#cd1418&Prime; module_class=\u00a0\u00bblwp-vertical-menu\u00a0\u00bb _builder_version=\u00a0\u00bb4.25.1&Prime; _module_preset=\u00a0\u00bbdefault\u00a0\u00bb menu_font=\u00a0\u00bbPT Serif|700|||||||\u00a0\u00bb menu_text_color=\u00a0\u00bb#042a00&Prime; menu_font_size=\u00a0\u00bb18px\u00a0\u00bb background_enable_color=\u00a0\u00bboff\u00a0\u00bb border_width_bottom=\u00a0\u00bb1px\u00a0\u00bb border_color_bottom=\u00a0\u00bb#a0a0a0&Prime; locked=\u00a0\u00bboff\u00a0\u00bb global_colors_info=\u00a0\u00bb{%22gcid-103d397a-6f46-4147-b0c5-92a84b92f997%22:%91%22active_link_color%22%93,%22gcid-929d50d3-7c67-4b13-8919-22366598db4e%22:%91%22menu_text_color%22%93}\u00a0\u00bb theme_builder_area=\u00a0\u00bbpost_content\u00a0\u00bb][\/et_pb_menu][et_pb_text _builder_version=\u00a0\u00bb4.25.0&Prime; _module_preset=\u00a0\u00bbdefault\u00a0\u00bb header_3_font=\u00a0\u00bbPT Serif|700|||||||\u00a0\u00bb header_3_text_color=\u00a0\u00bb#cd1418&Prime; custom_margin=\u00a0\u00bb||12px|||\u00a0\u00bb locked=\u00a0\u00bboff\u00a0\u00bb global_colors_info=\u00a0\u00bb{%22gcid-103d397a-6f46-4147-b0c5-92a84b92f997%22:%91%22header_3_text_color%22%93}\u00a0\u00bb theme_builder_area=\u00a0\u00bbpost_content\u00a0\u00bb]<\/p>\n<h3>Le saviez-vous ?<\/h3>\n<p>[\/et_pb_text][et_pb_text _builder_version=\u00a0\u00bb4.25.0&Prime; _module_preset=\u00a0\u00bbdefault\u00a0\u00bb text_font=\u00a0\u00bb|600|||||||\u00a0\u00bb text_text_color=\u00a0\u00bb#000000&Prime; text_font_size=\u00a0\u00bb16px\u00a0\u00bb link_text_color=\u00a0\u00bb#cd1418&Prime; border_width_bottom=\u00a0\u00bb1px\u00a0\u00bb border_color_bottom=\u00a0\u00bb#a0a0a0&Prime; locked=\u00a0\u00bboff\u00a0\u00bb global_colors_info=\u00a0\u00bb{%22gcid-103d397a-6f46-4147-b0c5-92a84b92f997%22:%91%22link_text_color%22%93}\u00a0\u00bb theme_builder_area=\u00a0\u00bbpost_content\u00a0\u00bb]<\/p>\n<p style=\"text-align: left;\"><strong><span style=\"color: #042a00;\">JUNE 21, 1734<\/span><\/strong> &#8211; Ang\u00e9lique tortur\u00e9e et pendue.<br \/>\n<a href=\"https:\/\/www.thecanadianencyclopedia.ca\/fr\/article\/marie-joseph-angelique\" target=\"_blank\" rel=\"noopener\" style=\"text-align: right;\"><\/a><\/p>\n<p style=\"text-align: right;\"><a href=\"https:\/\/preserve.lib.unb.ca\/wayback\/20141205153643\/http:\/\/atlanticportal.hil.unb.ca\/acva\/blackloyalists\/en\/context\/becoming.html\" target=\"_blank\" rel=\"noopener\" style=\"text-align: right;\">Apprendre encore plus<\/a><\/p>\n<p>[\/et_pb_text][\/et_pb_column][\/et_pb_row][\/et_pb_section][et_pb_section fb_built=\u00a0\u00bb1&Prime; _builder_version=\u00a0\u00bb4.25.0&Prime; _module_preset=\u00a0\u00bbdefault\u00a0\u00bb da_disable_devices=\u00a0\u00bboff|off|off\u00a0\u00bb locked=\u00a0\u00bboff\u00a0\u00bb global_colors_info=\u00a0\u00bb{}\u00a0\u00bb theme_builder_area=\u00a0\u00bbpost_content\u00a0\u00bb da_is_popup=\u00a0\u00bboff\u00a0\u00bb da_exit_intent=\u00a0\u00bboff\u00a0\u00bb da_has_close=\u00a0\u00bbon\u00a0\u00bb da_alt_close=\u00a0\u00bboff\u00a0\u00bb da_dark_close=\u00a0\u00bboff\u00a0\u00bb da_not_modal=\u00a0\u00bbon\u00a0\u00bb da_is_singular=\u00a0\u00bboff\u00a0\u00bb da_with_loader=\u00a0\u00bboff\u00a0\u00bb da_has_shadow=\u00a0\u00bbon\u00a0\u00bb][et_pb_row column_structure=\u00a0\u00bb3_4,1_4&Prime; use_custom_gutter=\u00a0\u00bbon\u00a0\u00bb _builder_version=\u00a0\u00bb4.25.0&Prime; _module_preset=\u00a0\u00bbdefault\u00a0\u00bb max_width=\u00a0\u00bb100%\u00a0\u00bb custom_padding=\u00a0\u00bb0px||0px|||\u00a0\u00bb global_colors_info=\u00a0\u00bb{}\u00a0\u00bb theme_builder_area=\u00a0\u00bbpost_content\u00a0\u00bb][et_pb_column type=\u00a0\u00bb3_4&Prime; _builder_version=\u00a0\u00bb4.25.0&Prime; _module_preset=\u00a0\u00bbdefault\u00a0\u00bb global_colors_info=\u00a0\u00bb{}\u00a0\u00bb theme_builder_area=\u00a0\u00bbpost_content\u00a0\u00bb][et_pb_text _builder_version=\u00a0\u00bb4.25.0&Prime; _module_preset=\u00a0\u00bbdefault\u00a0\u00bb text_font=\u00a0\u00bbPT Serif|600|||||||\u00a0\u00bb text_text_color=\u00a0\u00bbgcid-838371e4-a8f8-4035-b85f-7c6baccdd10f\u00a0\u00bb text_font_size=\u00a0\u00bb38px\u00a0\u00bb text_line_height=\u00a0\u00bb1.8em\u00a0\u00bb header_font=\u00a0\u00bbSource Sans Pro|700|||||||\u00a0\u00bb header_text_color=\u00a0\u00bbgcid-c7284100-d0cd-4053-bf2d-cc274126826c\u00a0\u00bb header_line_height=\u00a0\u00bb1.3em\u00a0\u00bb header_2_font=\u00a0\u00bbPT Serif|600|||||||\u00a0\u00bb header_2_text_color=\u00a0\u00bbgcid-838371e4-a8f8-4035-b85f-7c6baccdd10f\u00a0\u00bb header_font_size_tablet=\u00a0\u00bb\u00a0\u00bb header_font_size_phone=\u00a0\u00bb25px\u00a0\u00bb header_font_size_last_edited=\u00a0\u00bbon|desktop\u00a0\u00bb global_colors_info=\u00a0\u00bb{%22gcid-c7284100-d0cd-4053-bf2d-cc274126826c%22:%91%22header_text_color%22,%22header_text_color%22,%22header_text_color%22,%22header_text_color%22%93,%22gcid-838371e4-a8f8-4035-b85f-7c6baccdd10f%22:%91%22text_text_color%22,%22header_2_text_color%22%93}\u00a0\u00bb theme_builder_area=\u00a0\u00bbpost_content\u00a0\u00bb]<\/p>\n<h2>ENTREVUES<\/h2>\n<p>[\/et_pb_text][el_video_gallery autoplay_video=\u00a0\u00bboff\u00a0\u00bb show_title=\u00a0\u00bbon\u00a0\u00bb title_area=\u00a0\u00bbgallery\u00a0\u00bb no_of_columns_tablet=\u00a0\u00bb2&Prime; no_of_columns_phone=\u00a0\u00bb1&Prime; no_of_columns_last_edited=\u00a0\u00bbon|phone\u00a0\u00bb _builder_version=\u00a0\u00bb4.25.1&Prime; _module_preset=\u00a0\u00bbdefault\u00a0\u00bb title_text_font=\u00a0\u00bbPT Serif|700|||||||\u00a0\u00bb title_text_text_color=\u00a0\u00bbgcid-929d50d3-7c67-4b13-8919-22366598db4e\u00a0\u00bb title_text_font_size=\u00a0\u00bb18px\u00a0\u00bb hover_enabled=\u00a0\u00bb0&Prime; global_colors_info=\u00a0\u00bb{%22gcid-929d50d3-7c67-4b13-8919-22366598db4e%22:%91%22title_text_text_color%22%93}\u00a0\u00bb theme_builder_area=\u00a0\u00bbpost_content\u00a0\u00bb sticky_enabled=\u00a0\u00bb0&Prime;][el_video_gallery_item title=\u00a0\u00bbWest Island Black Community Association, Elizabeth-Ann Williams\u00a0\u00bb src=\u00a0\u00bbhttps:\/\/youtu.be\/f1qvyGVrh90&Prime; image_src=\u00a0\u00bb\/\/i.ytimg.com\/vi\/f1qvyGVrh90\/hqdefault.jpg\u00a0\u00bb _builder_version=\u00a0\u00bb4.25.1&Prime; _module_preset=\u00a0\u00bbdefault\u00a0\u00bb global_colors_info=\u00a0\u00bb{}\u00a0\u00bb theme_builder_area=\u00a0\u00bbpost_content\u00a0\u00bb][\/el_video_gallery_item][el_video_gallery_item title=\u00a0\u00bbCIDIHCA, Montreal, Franz Voltaire\u00a0\u00bb src=\u00a0\u00bbhttps:\/\/youtu.be\/TKLiRfygSqk?si=lVjHGfBuqIgSIut4&Prime; image_src=\u00a0\u00bb\/\/i.ytimg.com\/vi\/TKLiRfygSqk\/hqdefault.jpg\u00a0\u00bb _builder_version=\u00a0\u00bb4.25.1&Prime; _module_preset=\u00a0\u00bbdefault\u00a0\u00bb global_colors_info=\u00a0\u00bb{}\u00a0\u00bb theme_builder_area=\u00a0\u00bbpost_content\u00a0\u00bb][\/el_video_gallery_item][el_video_gallery_item title=\u00a0\u00bbUnion United Church, Montreal, Anne Rockhead\u00a0\u00bb src=\u00a0\u00bbhttps:\/\/youtu.be\/qZ2PnFjMWL8&Prime; image_src=\u00a0\u00bb\/\/i.ytimg.com\/vi\/qZ2PnFjMWL8\/hqdefault.jpg\u00a0\u00bb _builder_version=\u00a0\u00bb4.25.1&Prime; _module_preset=\u00a0\u00bbdefault\u00a0\u00bb global_colors_info=\u00a0\u00bb{}\u00a0\u00bb theme_builder_area=\u00a0\u00bbpost_content\u00a0\u00bb][\/el_video_gallery_item][el_video_gallery_item title=\u00a0\u00bbDiscussing Black Heritage in Montreal, Dr. Oliver Jones\u00a0\u00bb src=\u00a0\u00bbhttps:\/\/youtu.be\/jCH3P64-21k\u00a0\u00bb image_src=\u00a0\u00bb\/\/i.ytimg.com\/vi\/jCH3P64-21k\/hqdefault.jpg\u00a0\u00bb _builder_version=\u00a0\u00bb4.25.1&Prime; _module_preset=\u00a0\u00bbdefault\u00a0\u00bb global_colors_info=\u00a0\u00bb{}\u00a0\u00bb theme_builder_area=\u00a0\u00bbpost_content\u00a0\u00bb][\/el_video_gallery_item][el_video_gallery_item title=\u00a0\u00bbUnion United Church, Montreal, Erene Anthony\u00a0\u00bb src=\u00a0\u00bbhttps:\/\/youtu.be\/BKagglvTdpQ?si=odA7fZKSNxINkSMV?rel=0&Prime; image_src=\u00a0\u00bb\/\/i.ytimg.com\/vi\/BKagglvTdpQ\/hqdefault.jpg\u00a0\u00bb _builder_version=\u00a0\u00bb4.25.1&Prime; _module_preset=\u00a0\u00bbdefault\u00a0\u00bb global_colors_info=\u00a0\u00bb{}\u00a0\u00bb theme_builder_area=\u00a0\u00bbpost_content\u00a0\u00bb][\/el_video_gallery_item][\/el_video_gallery][\/et_pb_column][et_pb_column type=\u00a0\u00bb1_4&Prime; _builder_version=\u00a0\u00bb4.25.0&Prime; _module_preset=\u00a0\u00bbdefault\u00a0\u00bb global_colors_info=\u00a0\u00bb{}\u00a0\u00bb theme_builder_area=\u00a0\u00bbpost_content\u00a0\u00bb][et_pb_blurb title=\u00a0\u00bbGriots musicaux\u00a0\u00bb use_icon=\u00a0\u00bbon\u00a0\u00bb font_icon=\u00a0\u00bb&#xf58f;||fa||900&Prime; icon_color=\u00a0\u00bbgcid-103d397a-6f46-4147-b0c5-92a84b92f997&Prime; icon_placement=\u00a0\u00bbleft\u00a0\u00bb _builder_version=\u00a0\u00bb4.25.1&Prime; _module_preset=\u00a0\u00bbdefault\u00a0\u00bb header_font=\u00a0\u00bbPT Serif|700|||||||\u00a0\u00bb header_text_color=\u00a0\u00bbgcid-929d50d3-7c67-4b13-8919-22366598db4e\u00a0\u00bb header_font_size=\u00a0\u00bb24px\u00a0\u00bb custom_css_blurb_title=\u00a0\u00bbmargin-top: 6px;\u00a0\u00bb global_colors_info=\u00a0\u00bb{%22gcid-103d397a-6f46-4147-b0c5-92a84b92f997%22:%91%22icon_color%22%93,%22gcid-929d50d3-7c67-4b13-8919-22366598db4e%22:%91%22header_text_color%22%93}\u00a0\u00bb theme_builder_area=\u00a0\u00bbpost_content\u00a0\u00bb][\/et_pb_blurb][et_pb_audio audio=\u00a0\u00bbhttps:\/\/www.afroheritage.ca\/wp-content\/uploads\/2024\/05\/20-U-Dont-Want-It-Posse-Kut.mp3&Prime; title=\u00a0\u00bbYou Don&apos;t Want It\u00a0\u00bb artist_name=\u00a0\u00bbButta Babees\u00a0\u00bb album_name=\u00a0\u00bbUrban Elo Mastered\u00a0\u00bb _builder_version=\u00a0\u00bb4.25.0&Prime; _module_preset=\u00a0\u00bbdefault\u00a0\u00bb background_color=\u00a0\u00bbgcid-103d397a-6f46-4147-b0c5-92a84b92f997&Prime; width=\u00a0\u00bb100%\u00a0\u00bb global_colors_info=\u00a0\u00bb{%22gcid-103d397a-6f46-4147-b0c5-92a84b92f997%22:%91%22background_color%22%93}\u00a0\u00bb theme_builder_area=\u00a0\u00bbpost_content\u00a0\u00bb][\/et_pb_audio][et_pb_button button_url=\u00a0\u00bb#sounds-of-montreal\u00a0\u00bb button_text=\u00a0\u00bbDes sons de Montr\u00e9al\u00a0\u00bb _builder_version=\u00a0\u00bb4.25.1&Prime; _module_preset=\u00a0\u00bbdefault\u00a0\u00bb custom_button=\u00a0\u00bbon\u00a0\u00bb button_text_size=\u00a0\u00bb18px\u00a0\u00bb button_text_color=\u00a0\u00bb#FFFFFF\u00a0\u00bb button_bg_color=\u00a0\u00bbgcid-929d50d3-7c67-4b13-8919-22366598db4e\u00a0\u00bb button_border_width=\u00a0\u00bb0px\u00a0\u00bb button_border_radius=\u00a0\u00bb5px\u00a0\u00bb button_icon=\u00a0\u00bb&#xe08e;||divi||400&Prime; button_icon_placement=\u00a0\u00bbleft\u00a0\u00bb button_on_hover=\u00a0\u00bboff\u00a0\u00bb locked=\u00a0\u00bboff\u00a0\u00bb global_colors_info=\u00a0\u00bb{%22gcid-929d50d3-7c67-4b13-8919-22366598db4e%22:%91%22button_bg_color%22%93,%22gcid-103d397a-6f46-4147-b0c5-92a84b92f997%22:%91%22button_bg_color__hover%22%93}\u00a0\u00bb button_bg_color__hover_enabled=\u00a0\u00bbon|hover\u00a0\u00bb button_bg_color__hover=\u00a0\u00bb#cd1418&Prime; button_bg_enable_color__hover=\u00a0\u00bbon\u00a0\u00bb theme_builder_area=\u00a0\u00bbpost_content\u00a0\u00bb][\/et_pb_button][\/et_pb_column][\/et_pb_row][\/et_pb_section][et_pb_section fb_built=\u00a0\u00bb1&Prime; _builder_version=\u00a0\u00bb4.25.1&Prime; _module_preset=\u00a0\u00bbdefault\u00a0\u00bb background_color=\u00a0\u00bbgcid-929d50d3-7c67-4b13-8919-22366598db4e\u00a0\u00bb da_disable_devices=\u00a0\u00bboff|off|off\u00a0\u00bb locked=\u00a0\u00bboff\u00a0\u00bb global_colors_info=\u00a0\u00bb{%22gcid-929d50d3-7c67-4b13-8919-22366598db4e%22:%91%22background_color%22%93}\u00a0\u00bb theme_builder_area=\u00a0\u00bbpost_content\u00a0\u00bb da_is_popup=\u00a0\u00bboff\u00a0\u00bb da_exit_intent=\u00a0\u00bboff\u00a0\u00bb da_has_close=\u00a0\u00bbon\u00a0\u00bb da_alt_close=\u00a0\u00bboff\u00a0\u00bb da_dark_close=\u00a0\u00bboff\u00a0\u00bb da_not_modal=\u00a0\u00bbon\u00a0\u00bb da_is_singular=\u00a0\u00bboff\u00a0\u00bb da_with_loader=\u00a0\u00bboff\u00a0\u00bb da_has_shadow=\u00a0\u00bbon\u00a0\u00bb][et_pb_row use_custom_gutter=\u00a0\u00bbon\u00a0\u00bb _builder_version=\u00a0\u00bb4.25.1&Prime; _module_preset=\u00a0\u00bbdefault\u00a0\u00bb max_width=\u00a0\u00bb100%\u00a0\u00bb custom_margin=\u00a0\u00bb||5vw||false|false\u00a0\u00bb global_colors_info=\u00a0\u00bb{}\u00a0\u00bb theme_builder_area=\u00a0\u00bbpost_content\u00a0\u00bb][et_pb_column type=\u00a0\u00bb4_4&Prime; _builder_version=\u00a0\u00bb4.25.0&Prime; _module_preset=\u00a0\u00bbdefault\u00a0\u00bb global_colors_info=\u00a0\u00bb{}\u00a0\u00bb theme_builder_area=\u00a0\u00bbpost_content\u00a0\u00bb][et_pb_text _builder_version=\u00a0\u00bb4.25.1&Prime; _module_preset=\u00a0\u00bbdefault\u00a0\u00bb text_font=\u00a0\u00bbPT Serif|600|||||||\u00a0\u00bb text_text_color=\u00a0\u00bbgcid-838371e4-a8f8-4035-b85f-7c6baccdd10f\u00a0\u00bb text_font_size=\u00a0\u00bb38px\u00a0\u00bb text_line_height=\u00a0\u00bb1.8em\u00a0\u00bb header_font=\u00a0\u00bbSource Sans Pro|700|||||||\u00a0\u00bb header_text_color=\u00a0\u00bbgcid-c7284100-d0cd-4053-bf2d-cc274126826c\u00a0\u00bb header_line_height=\u00a0\u00bb1.3em\u00a0\u00bb header_2_font=\u00a0\u00bbPT Serif|600|||||||\u00a0\u00bb header_2_text_color=\u00a0\u00bb#FFFFFF\u00a0\u00bb header_font_size_tablet=\u00a0\u00bb\u00a0\u00bb header_font_size_phone=\u00a0\u00bb25px\u00a0\u00bb header_font_size_last_edited=\u00a0\u00bbon|desktop\u00a0\u00bb global_colors_info=\u00a0\u00bb{%22gcid-c7284100-d0cd-4053-bf2d-cc274126826c%22:%91%22header_text_color%22,%22header_text_color%22,%22header_text_color%22,%22header_text_color%22%93,%22gcid-838371e4-a8f8-4035-b85f-7c6baccdd10f%22:%91%22text_text_color%22%93}\u00a0\u00bb theme_builder_area=\u00a0\u00bbpost_content\u00a0\u00bb]<\/p>\n<h2>L&rsquo;histoire de Montr\u00e9al en images<\/h2>\n<p>[\/et_pb_text][dggm_imagegallery image_to_display=\u00a0\u00bb5&Prime; use_orientation=\u00a0\u00bbon\u00a0\u00bb item_gutter=\u00a0\u00bb5px\u00a0\u00bb use_lightbox=\u00a0\u00bbon\u00a0\u00bb border_anim=\u00a0\u00bbon\u00a0\u00bb anm_border_color=\u00a0\u00bbgcid-103d397a-6f46-4147-b0c5-92a84b92f997&Prime; anm_border_margin=\u00a0\u00bb0px\u00a0\u00bb _builder_version=\u00a0\u00bb4.25.1&Prime; _module_preset=\u00a0\u00bbdefault\u00a0\u00bb global_colors_info=\u00a0\u00bb{%22gcid-103d397a-6f46-4147-b0c5-92a84b92f997%22:%91%22anm_border_color%22%93}\u00a0\u00bb theme_builder_area=\u00a0\u00bbpost_content\u00a0\u00bb][dggm_imagegalleryitem gallery_ids=\u00a0\u00bb230146,230147,230148,230149,230707&Prime; _builder_version=\u00a0\u00bb4.25.1&Prime; _module_preset=\u00a0\u00bbdefault\u00a0\u00bb global_colors_info=\u00a0\u00bb{}\u00a0\u00bb theme_builder_area=\u00a0\u00bbpost_content\u00a0\u00bb][\/dggm_imagegalleryitem][\/dggm_imagegallery][\/et_pb_column][\/et_pb_row][\/et_pb_section]<\/p>\n","protected":false},"excerpt":{"rendered":"<p>Le patrimoine noir \u00e0 Montr\u00e9al : Un voyage dans le tempsLe patrimoine noir de Montr\u00e9al est une tapisserie vibrante tiss\u00e9e d&rsquo;histoires de courage, de cr\u00e9ativit\u00e9 et de communaut\u00e9. Tout a commenc\u00e9 dans les ann\u00e9es 1600, lorsque Mathieu Da Costa, un interpr\u00e8te africain, a jou\u00e9 un r\u00f4le crucial en comblant le foss\u00e9 entre les premiers colons\u2026 <a href=\"https:\/\/www.afroheritage.ca\/fr\/et_pb_layout\/footer-6\/\">Read More &raquo;<\/a><\/p>\n","protected":false},"author":1,"featured_media":0,"parent":230780,"menu_order":0,"comment_status":"closed","ping_status":"closed","template":"","meta":{"_acf_changed":false,"_et_pb_use_builder":"on","_et_pb_old_content":"","_et_gb_content_width":"","footnotes":""},"class_list":["post-231095","page","type-page","status-publish","hentry"],"acf":[],"_links":{"self":[{"href":"https:\/\/www.afroheritage.ca\/fr\/wp-json\/wp\/v2\/pages\/231095","targetHints":{"allow":["GET"]}}],"collection":[{"href":"https:\/\/www.afroheritage.ca\/fr\/wp-json\/wp\/v2\/pages"}],"about":[{"href":"https:\/\/www.afroheritage.ca\/fr\/wp-json\/wp\/v2\/types\/page"}],"author":[{"embeddable":true,"href":"https:\/\/www.afroheritage.ca\/fr\/wp-json\/wp\/v2\/users\/1"}],"replies":[{"embeddable":true,"href":"https:\/\/www.afroheritage.ca\/fr\/wp-json\/wp\/v2\/comments?post=231095"}],"version-history":[{"count":0,"href":"https:\/\/www.afroheritage.ca\/fr\/wp-json\/wp\/v2\/pages\/231095\/revisions"}],"up":[{"embeddable":true,"href":"https:\/\/www.afroheritage.ca\/fr\/wp-json\/wp\/v2\/pages\/230780"}],"wp:attachment":[{"href":"https:\/\/www.afroheritage.ca\/fr\/wp-json\/wp\/v2\/media?parent=231095"}],"curies":[{"name":"wp","href":"https:\/\/api.w.org\/{rel}","templated":true}]}}