{"id":231690,"date":"2024-06-13T02:39:44","date_gmt":"2024-06-13T02:39:44","guid":{"rendered":"https:\/\/www.afroheritage.ca\/griots-de-la-nouvelle-ecosse\/"},"modified":"2024-06-15T14:00:58","modified_gmt":"2024-06-15T14:00:58","slug":"griots-de-la-nouvelle-ecosse","status":"publish","type":"page","link":"https:\/\/www.afroheritage.ca\/fr\/griots-de-la-nouvelle-ecosse\/","title":{"rendered":"Griots de la Nouvelle-\u00c9COSSE"},"content":{"rendered":"<p>[et_pb_section fb_built=\u00a0\u00bb1&Prime; _builder_version=\u00a0\u00bb4.25.1&Prime; background_color=\u00a0\u00bb#000000&Prime; custom_padding=\u00a0\u00bb0vw||0vw||true|false\u00a0\u00bb animation_style=\u00a0\u00bbfade\u00a0\u00bb da_disable_devices=\u00a0\u00bboff|off|off\u00a0\u00bb saved_tabs=\u00a0\u00bball\u00a0\u00bb locked=\u00a0\u00bboff\u00a0\u00bb global_colors_info=\u00a0\u00bb{}\u00a0\u00bb da_is_popup=\u00a0\u00bboff\u00a0\u00bb da_exit_intent=\u00a0\u00bboff\u00a0\u00bb da_has_close=\u00a0\u00bbon\u00a0\u00bb da_alt_close=\u00a0\u00bboff\u00a0\u00bb da_dark_close=\u00a0\u00bboff\u00a0\u00bb da_not_modal=\u00a0\u00bbon\u00a0\u00bb da_is_singular=\u00a0\u00bboff\u00a0\u00bb da_with_loader=\u00a0\u00bboff\u00a0\u00bb da_has_shadow=\u00a0\u00bbon\u00a0\u00bb][et_pb_row column_structure=\u00a0\u00bb1_2,1_2&Prime; make_equal=\u00a0\u00bbon\u00a0\u00bb _builder_version=\u00a0\u00bb4.25.1&Prime; background_color=\u00a0\u00bbgcid-929d50d3-7c67-4b13-8919-22366598db4e\u00a0\u00bb width=\u00a0\u00bb100%\u00a0\u00bb max_width=\u00a0\u00bb100%\u00a0\u00bb custom_padding=\u00a0\u00bb0px||0px|||\u00a0\u00bb global_colors_info=\u00a0\u00bb{%22gcid-929d50d3-7c67-4b13-8919-22366598db4e%22:%91%22background_color%22%93}\u00a0\u00bb][et_pb_column type=\u00a0\u00bb1_2&Prime; _builder_version=\u00a0\u00bb4.25.1&Prime; custom_padding=\u00a0\u00bb|||8vw|false|false\u00a0\u00bb custom_css_main_element=\u00a0\u00bbmargin: auto !important;\u00a0\u00bb global_colors_info=\u00a0\u00bb{}\u00a0\u00bb custom_padding__hover=\u00a0\u00bb|||\u00a0\u00bb][et_pb_post_title meta=\u00a0\u00bboff\u00a0\u00bb featured_image=\u00a0\u00bboff\u00a0\u00bb _builder_version=\u00a0\u00bb4.25.1&Prime; title_font=\u00a0\u00bbPT Serif|700||on|||||\u00a0\u00bb title_text_align=\u00a0\u00bbleft\u00a0\u00bb title_text_color=\u00a0\u00bb#ffffff\u00a0\u00bb title_font_size=\u00a0\u00bb30px\u00a0\u00bb title_font_size_tablet=\u00a0\u00bb\u00a0\u00bb title_font_size_phone=\u00a0\u00bb20px\u00a0\u00bb title_font_size_last_edited=\u00a0\u00bbon|desktop\u00a0\u00bb global_colors_info=\u00a0\u00bb{}\u00a0\u00bb][\/et_pb_post_title][\/et_pb_column][et_pb_column type=\u00a0\u00bb1_2&Prime; _builder_version=\u00a0\u00bb4.16&Prime; custom_padding=\u00a0\u00bb|||\u00a0\u00bb global_colors_info=\u00a0\u00bb{}\u00a0\u00bb custom_padding__hover=\u00a0\u00bb|||\u00a0\u00bb][et_pb_image src=\u00a0\u00bbhttps:\/\/www.afroheritage.ca\/wp-content\/uploads\/2024\/05\/green-definition.jpg\u00a0\u00bb title_text=\u00a0\u00bbgreen-definition\u00a0\u00bb _builder_version=\u00a0\u00bb4.25.1&Prime; _module_preset=\u00a0\u00bbdefault\u00a0\u00bb hover_enabled=\u00a0\u00bb0&Prime; global_colors_info=\u00a0\u00bb{}\u00a0\u00bb sticky_enabled=\u00a0\u00bb0&Prime;][\/et_pb_image][\/et_pb_column][\/et_pb_row][\/et_pb_section][et_pb_section fb_built=\u00a0\u00bb1&Prime; _builder_version=\u00a0\u00bb4.25.1&Prime; background_image=\u00a0\u00bbhttps:\/\/www.afroheritage.ca\/wp-content\/uploads\/2024\/05\/nova-scotia-trans.png\u00a0\u00bb custom_padding=\u00a0\u00bb80px|0px|80px|0px|true|false\u00a0\u00bb da_disable_devices=\u00a0\u00bboff|off|off\u00a0\u00bb global_colors_info=\u00a0\u00bb{}\u00a0\u00bb da_is_popup=\u00a0\u00bboff\u00a0\u00bb da_exit_intent=\u00a0\u00bboff\u00a0\u00bb da_has_close=\u00a0\u00bbon\u00a0\u00bb da_alt_close=\u00a0\u00bboff\u00a0\u00bb da_dark_close=\u00a0\u00bboff\u00a0\u00bb da_not_modal=\u00a0\u00bbon\u00a0\u00bb da_is_singular=\u00a0\u00bboff\u00a0\u00bb da_with_loader=\u00a0\u00bboff\u00a0\u00bb da_has_shadow=\u00a0\u00bbon\u00a0\u00bb][et_pb_row column_structure=\u00a0\u00bb2_5,3_5&Prime; use_custom_gutter=\u00a0\u00bbon\u00a0\u00bb gutter_width=\u00a0\u00bb2&Prime; make_equal=\u00a0\u00bbon\u00a0\u00bb _builder_version=\u00a0\u00bb4.25.1&Prime; width=\u00a0\u00bb90%\u00a0\u00bb max_width=\u00a0\u00bb100%\u00a0\u00bb custom_padding=\u00a0\u00bb|0px||0px|false|false\u00a0\u00bb global_colors_info=\u00a0\u00bb{}\u00a0\u00bb][et_pb_column type=\u00a0\u00bb2_5&Prime; _builder_version=\u00a0\u00bb4.16&Prime; custom_padding=\u00a0\u00bb|||\u00a0\u00bb global_colors_info=\u00a0\u00bb{}\u00a0\u00bb custom_padding__hover=\u00a0\u00bb|||\u00a0\u00bb][et_pb_text _builder_version=\u00a0\u00bb4.25.1&Prime; text_font=\u00a0\u00bbPoppins|700||on|||||\u00a0\u00bb text_text_color=\u00a0\u00bb#000000&Prime; text_font_size=\u00a0\u00bb30px\u00a0\u00bb text_line_height=\u00a0\u00bb1.3em\u00a0\u00bb header_2_font=\u00a0\u00bbPT Serif|700|||||||\u00a0\u00bb header_2_text_color=\u00a0\u00bbgcid-929d50d3-7c67-4b13-8919-22366598db4e\u00a0\u00bb text_font_size_tablet=\u00a0\u00bb\u00a0\u00bb text_font_size_phone=\u00a0\u00bb25px\u00a0\u00bb text_font_size_last_edited=\u00a0\u00bbon|desktop\u00a0\u00bb global_colors_info=\u00a0\u00bb{%22gcid-929d50d3-7c67-4b13-8919-22366598db4e%22:%91%22header_2_text_color%22%93}\u00a0\u00bb]<\/p>\n<h2>Africville,<br \/>Nouvelle-\u00c9cosse<\/h2>\n<p>[\/et_pb_text][et_pb_text _builder_version=\u00a0\u00bb4.25.1&Prime; text_font=\u00a0\u00bbNoto Sans||||||||\u00a0\u00bb text_text_color=\u00a0\u00bb#000000&Prime; max_width=\u00a0\u00bb100%\u00a0\u00bb max_width_tablet=\u00a0\u00bb100%\u00a0\u00bb max_width_phone=\u00a0\u00bb100%\u00a0\u00bb max_width_last_edited=\u00a0\u00bbon|tablet\u00a0\u00bb custom_margin=\u00a0\u00bb|||\u00a0\u00bb custom_margin_tablet=\u00a0\u00bb\u00a0\u00bb custom_margin_phone=\u00a0\u00bb-14px||\u00a0\u00bb custom_margin_last_edited=\u00a0\u00bbon|desktop\u00a0\u00bb custom_padding=\u00a0\u00bb|||||false\u00a0\u00bb global_colors_info=\u00a0\u00bb{}\u00a0\u00bb]<\/p>\n<p>Africville, une petite communaut\u00e9 de Halifax, en Nouvelle-\u00c9cosse, \u00e9tait essentiellement compos\u00e9e d&rsquo;Afro-Canadiens et t\u00e9moignait de sa r\u00e9silience et de sa culture malgr\u00e9 la discrimination syst\u00e9mique et la n\u00e9gligence dont elle \u00e9tait victime.<\/p>\n<p>L&rsquo;importance des r\u00e9cits d&rsquo;Africville r\u00e9side dans leur capacit\u00e9 \u00e0 mettre en lumi\u00e8re les luttes et les injustices auxquelles ses habitants ont \u00e9t\u00e9 confront\u00e9s, ainsi que leur force, leur unit\u00e9 et leur pers\u00e9v\u00e9rance. En pr\u00e9servant et en partageant ces r\u00e9cits, nous honourons l&rsquo;h\u00e9ritage de la communaut\u00e9, reconnaissons les erreurs du pass\u00e9 et inspirons les g\u00e9n\u00e9rations futures \u00e0 lutter pour l&rsquo;\u00e9quit\u00e9 et la justice.<\/p>\n<p>[\/et_pb_text][et_pb_button button_url=\u00a0\u00bb@ET-DC@eyJkeW5hbWljIjp0cnVlLCJjb250ZW50IjoicG9zdF9saW5rX3VybF9wYWdlIiwic2V0dGluZ3MiOnsicG9zdF9pZCI6IjIzMDg2NSJ9fQ==@\u00a0\u00bb button_text=\u00a0\u00bbApprendre encore plus\u00a0\u00bb button_alignment=\u00a0\u00bbleft\u00a0\u00bb _builder_version=\u00a0\u00bb4.25.1&Prime; _dynamic_attributes=\u00a0\u00bbbutton_url\u00a0\u00bb custom_button=\u00a0\u00bbon\u00a0\u00bb button_text_size=\u00a0\u00bb14px\u00a0\u00bb button_text_color=\u00a0\u00bbgcid-103d397a-6f46-4147-b0c5-92a84b92f997&Prime; button_bg_color=\u00a0\u00bbrgba(56,56,56,0)\u00a0\u00bb button_border_width=\u00a0\u00bb0px\u00a0\u00bb button_border_color=\u00a0\u00bb#383838&Prime; button_border_radius=\u00a0\u00bb0px\u00a0\u00bb button_letter_spacing=\u00a0\u00bb1px\u00a0\u00bb button_font=\u00a0\u00bbNoto Sans|||||on|||\u00a0\u00bb button_icon=\u00a0\u00bb&#x24;||divi||400&Prime; button_on_hover=\u00a0\u00bboff\u00a0\u00bb custom_margin=\u00a0\u00bb21px||\u00a0\u00bb custom_padding=\u00a0\u00bb0px|0px|0px|0px|true|true\u00a0\u00bb hover_enabled=\u00a0\u00bb0&Prime; global_colors_info=\u00a0\u00bb{%22gcid-103d397a-6f46-4147-b0c5-92a84b92f997%22:%91%22button_text_color%22%93}\u00a0\u00bb button_bg_color__hover_enabled=\u00a0\u00bbon\u00a0\u00bb button_bg_color__hover=\u00a0\u00bbrgba(191,191,191,0)\u00a0\u00bb button_letter_spacing__hover_enabled=\u00a0\u00bbon\u00a0\u00bb button_letter_spacing__hover=\u00a0\u00bb2px\u00a0\u00bb button_border_color__hover_enabled=\u00a0\u00bbon\u00a0\u00bb button_border_color__hover=\u00a0\u00bbrgba(191,191,191,0)\u00a0\u00bb button_text_color__hover_enabled=\u00a0\u00bbon\u00a0\u00bb button_text_color__hover=\u00a0\u00bb#000000&Prime; sticky_enabled=\u00a0\u00bb0&Prime;][\/et_pb_button][\/et_pb_column][et_pb_column type=\u00a0\u00bb3_5&Prime; _builder_version=\u00a0\u00bb4.25.1&Prime; background_color=\u00a0\u00bbRGBA(255,255,255,0)\u00a0\u00bb custom_padding=\u00a0\u00bb|||\u00a0\u00bb global_colors_info=\u00a0\u00bb{}\u00a0\u00bb custom_padding__hover=\u00a0\u00bb|||\u00a0\u00bb][aioc_team_carousel space_between_slides=\u00a0\u00bb10px\u00a0\u00bb slide_center_mode=\u00a0\u00bbon\u00a0\u00bb equalize_slides_height=\u00a0\u00bbon\u00a0\u00bb show_arrow=\u00a0\u00bbon\u00a0\u00bb show_arrow_on_hover=\u00a0\u00bbon\u00a0\u00bb arrows_position=\u00a0\u00bboutside\u00a0\u00bb content_alignment=\u00a0\u00bbbottom_center\u00a0\u00bb arrow_color=\u00a0\u00bbgcid-103d397a-6f46-4147-b0c5-92a84b92f997&Prime; content_bg_color=\u00a0\u00bb#FFFFFF\u00a0\u00bb _builder_version=\u00a0\u00bb4.25.1&Prime; _module_preset=\u00a0\u00bbdefault\u00a0\u00bb name_font=\u00a0\u00bbPT Serif|700|||||||\u00a0\u00bb name_text_color=\u00a0\u00bbgcid-103d397a-6f46-4147-b0c5-92a84b92f997&Prime; designation_text_color=\u00a0\u00bb#000000&Prime; background_color=\u00a0\u00bbRGBA(255,255,255,0)\u00a0\u00bb hover_enabled=\u00a0\u00bb0&Prime; border_width_top_image=\u00a0\u00bb4px\u00a0\u00bb border_color_top_image=\u00a0\u00bbgcid-103d397a-6f46-4147-b0c5-92a84b92f997&Prime; border_width_right_image=\u00a0\u00bb4px\u00a0\u00bb border_color_right_image=\u00a0\u00bbgcid-01adb228-1b97-42ae-9724-183fa58c86fe\u00a0\u00bb border_width_bottom_image=\u00a0\u00bb4px\u00a0\u00bb border_color_bottom_image=\u00a0\u00bbgcid-9c5a2f21-02da-43e2-9271-99be3f01116e\u00a0\u00bb border_width_left_image=\u00a0\u00bb4px\u00a0\u00bb border_color_left_image=\u00a0\u00bbgcid-929d50d3-7c67-4b13-8919-22366598db4e\u00a0\u00bb global_colors_info=\u00a0\u00bb{%22gcid-103d397a-6f46-4147-b0c5-92a84b92f997%22:%91%22name_text_color%22,%22border_color_top_image%22,%22arrow_color%22%93,%22gcid-01adb228-1b97-42ae-9724-183fa58c86fe%22:%91%22border_color_right_image%22%93,%22gcid-9c5a2f21-02da-43e2-9271-99be3f01116e%22:%91%22border_color_bottom_image%22%93,%22gcid-929d50d3-7c67-4b13-8919-22366598db4e%22:%91%22border_color_left_image%22%93}\u00a0\u00bb sticky_enabled=\u00a0\u00bb0&Prime;][aioc_team_carousel_item name=\u00a0\u00bbLinda Mantley\u00a0\u00bb designation=\u00a0\u00bbCo-Founder of the Africville Reunion\u00a0\u00bb image=\u00a0\u00bbhttps:\/\/www.afroheritage.ca\/wp-content\/uploads\/2024\/06\/LindaMantleyCoreyRossHALIFAX.jpg\u00a0\u00bb _builder_version=\u00a0\u00bb4.25.1&Prime; _dynamic_attributes=\u00a0\u00bblink_option_url\u00a0\u00bb _module_preset=\u00a0\u00bbdefault\u00a0\u00bb link_option_url=\u00a0\u00bb@ET-DC@eyJkeW5hbWljIjp0cnVlLCJjb250ZW50IjoicG9zdF9saW5rX3VybF9wYWdlIiwic2V0dGluZ3MiOnsicG9zdF9pZCI6IjIzMDgyMSJ9fQ==@\u00a0\u00bb hover_enabled=\u00a0\u00bb0&Prime; global_colors_info=\u00a0\u00bb{}\u00a0\u00bb sticky_enabled=\u00a0\u00bb0&Prime;][\/aioc_team_carousel_item][aioc_team_carousel_item name=\u00a0\u00bbRoland Williams (Mr. Jim)\u00a0\u00bb designation=\u00a0\u00bbCentre culturel noir de la Nouvelle-\u00c9cosse\u00a0\u00bb image=\u00a0\u00bbhttps:\/\/www.afroheritage.ca\/wp-content\/uploads\/2024\/06\/RollandWilliamsHalifax-1.jpg\u00a0\u00bb _builder_version=\u00a0\u00bb4.25.1&Prime; _module_preset=\u00a0\u00bbdefault\u00a0\u00bb hover_enabled=\u00a0\u00bb0&Prime; global_colors_info=\u00a0\u00bb{}\u00a0\u00bb link_option_url=\u00a0\u00bb@ET-DC@eyJkeW5hbWljIjp0cnVlLCJjb250ZW50IjoicG9zdF9saW5rX3VybF9wYWdlIiwic2V0dGluZ3MiOnsicG9zdF9pZCI6IjIzMDgyMSJ9fQ==@\u00a0\u00bb _dynamic_attributes=\u00a0\u00bblink_option_url\u00a0\u00bb sticky_enabled=\u00a0\u00bb0&Prime;][\/aioc_team_carousel_item][aioc_team_carousel_item name=\u00a0\u00bbEddie Carvery\u00a0\u00bb designation=\u00a0\u00bbR\u00e9sident et activiste d&rsquo;Africville\u00a0\u00bb image=\u00a0\u00bbhttps:\/\/www.afroheritage.ca\/wp-content\/uploads\/2024\/06\/carvery.jpg\u00a0\u00bb _builder_version=\u00a0\u00bb4.25.1&Prime; _dynamic_attributes=\u00a0\u00bblink_option_url\u00a0\u00bb _module_preset=\u00a0\u00bbdefault\u00a0\u00bb link_option_url=\u00a0\u00bb@ET-DC@eyJkeW5hbWljIjp0cnVlLCJjb250ZW50IjoicG9zdF9saW5rX3VybF9wYWdlIiwic2V0dGluZ3MiOnsicG9zdF9pZCI6IjIzMDgyMSJ9fQ==@\u00a0\u00bb hover_enabled=\u00a0\u00bb0&Prime; global_colors_info=\u00a0\u00bb{}\u00a0\u00bb sticky_enabled=\u00a0\u00bb0&Prime;][\/aioc_team_carousel_item][aioc_team_carousel_item name=\u00a0\u00bbColeman Howe\u00a0\u00bb image=\u00a0\u00bbhttps:\/\/www.afroheritage.ca\/wp-content\/uploads\/2024\/06\/CoreyRossColemanHoweAfricville.jpg\u00a0\u00bb _builder_version=\u00a0\u00bb4.25.1&Prime; _module_preset=\u00a0\u00bbdefault\u00a0\u00bb hover_enabled=\u00a0\u00bb0&Prime; global_colors_info=\u00a0\u00bb{}\u00a0\u00bb designation=\u00a0\u00bbR\u00e9sident et activiste d&rsquo;Africville\u00a0\u00bb link_option_url=\u00a0\u00bb@ET-DC@eyJkeW5hbWljIjp0cnVlLCJjb250ZW50IjoicG9zdF9saW5rX3VybF9wYWdlIiwic2V0dGluZ3MiOnsicG9zdF9pZCI6IjIzMDgyMSJ9fQ==@\u00a0\u00bb _dynamic_attributes=\u00a0\u00bblink_option_url\u00a0\u00bb sticky_enabled=\u00a0\u00bb0&Prime;][\/aioc_team_carousel_item][\/aioc_team_carousel][\/et_pb_column][\/et_pb_row][\/et_pb_section]<\/p>\n","protected":false},"excerpt":{"rendered":"<p>Africville,Nouvelle-\u00c9cosseAfricville, une petite communaut\u00e9 de Halifax, en Nouvelle-\u00c9cosse, \u00e9tait essentiellement compos\u00e9e d&rsquo;Afro-Canadiens et t\u00e9moignait de sa r\u00e9silience et de sa culture malgr\u00e9 la discrimination syst\u00e9mique et la n\u00e9gligence dont elle \u00e9tait victime. L&rsquo;importance des r\u00e9cits d&rsquo;Africville r\u00e9side dans leur capacit\u00e9 \u00e0 mettre en lumi\u00e8re les luttes et les injustices auxquelles ses habitants ont \u00e9t\u00e9 confront\u00e9s,\u2026 <a href=\"https:\/\/www.afroheritage.ca\/fr\/et_pb_layout\/footer-6\/\">Read More &raquo;<\/a><\/p>\n","protected":false},"author":1,"featured_media":0,"parent":0,"menu_order":0,"comment_status":"closed","ping_status":"closed","template":"","meta":{"_acf_changed":false,"_et_pb_use_builder":"on","_et_pb_old_content":"","_et_gb_content_width":"","footnotes":""},"class_list":["post-231690","page","type-page","status-publish","hentry"],"acf":[],"_links":{"self":[{"href":"https:\/\/www.afroheritage.ca\/fr\/wp-json\/wp\/v2\/pages\/231690","targetHints":{"allow":["GET"]}}],"collection":[{"href":"https:\/\/www.afroheritage.ca\/fr\/wp-json\/wp\/v2\/pages"}],"about":[{"href":"https:\/\/www.afroheritage.ca\/fr\/wp-json\/wp\/v2\/types\/page"}],"author":[{"embeddable":true,"href":"https:\/\/www.afroheritage.ca\/fr\/wp-json\/wp\/v2\/users\/1"}],"replies":[{"embeddable":true,"href":"https:\/\/www.afroheritage.ca\/fr\/wp-json\/wp\/v2\/comments?post=231690"}],"version-history":[{"count":0,"href":"https:\/\/www.afroheritage.ca\/fr\/wp-json\/wp\/v2\/pages\/231690\/revisions"}],"wp:attachment":[{"href":"https:\/\/www.afroheritage.ca\/fr\/wp-json\/wp\/v2\/media?parent=231690"}],"curies":[{"name":"wp","href":"https:\/\/api.w.org\/{rel}","templated":true}]}}