{"id":231797,"date":"2024-06-14T16:52:26","date_gmt":"2024-06-14T16:52:26","guid":{"rendered":"https:\/\/www.afroheritage.ca\/griots-de-lalberta\/"},"modified":"2024-06-14T17:01:04","modified_gmt":"2024-06-14T17:01:04","slug":"griots-de-lalberta","status":"publish","type":"page","link":"https:\/\/www.afroheritage.ca\/fr\/griots-de-lalberta\/","title":{"rendered":"Griots de l&rsquo;Alberta"},"content":{"rendered":"<p>[et_pb_section fb_built=\u00a0\u00bb1&Prime; _builder_version=\u00a0\u00bb4.25.1&Prime; background_color=\u00a0\u00bbgcid-c7284100-d0cd-4053-bf2d-cc274126826c\u00a0\u00bb custom_padding=\u00a0\u00bb0vw||0vw||true|false\u00a0\u00bb animation_style=\u00a0\u00bbfade\u00a0\u00bb da_disable_devices=\u00a0\u00bboff|off|off\u00a0\u00bb saved_tabs=\u00a0\u00bball\u00a0\u00bb locked=\u00a0\u00bboff\u00a0\u00bb global_colors_info=\u00a0\u00bb{%22gcid-c7284100-d0cd-4053-bf2d-cc274126826c%22:%91%22background_color%22%93}\u00a0\u00bb da_is_popup=\u00a0\u00bboff\u00a0\u00bb da_exit_intent=\u00a0\u00bboff\u00a0\u00bb da_has_close=\u00a0\u00bbon\u00a0\u00bb da_alt_close=\u00a0\u00bboff\u00a0\u00bb da_dark_close=\u00a0\u00bboff\u00a0\u00bb da_not_modal=\u00a0\u00bbon\u00a0\u00bb da_is_singular=\u00a0\u00bboff\u00a0\u00bb da_with_loader=\u00a0\u00bboff\u00a0\u00bb da_has_shadow=\u00a0\u00bbon\u00a0\u00bb][et_pb_row column_structure=\u00a0\u00bb1_2,1_2&Prime; make_equal=\u00a0\u00bbon\u00a0\u00bb _builder_version=\u00a0\u00bb4.25.1&Prime; background_enable_color=\u00a0\u00bboff\u00a0\u00bb width=\u00a0\u00bb100%\u00a0\u00bb max_width=\u00a0\u00bb100%\u00a0\u00bb custom_padding=\u00a0\u00bb0px||0px|||\u00a0\u00bb global_colors_info=\u00a0\u00bb{%22gcid-929d50d3-7c67-4b13-8919-22366598db4e%22:%91%22background_color%22%93}\u00a0\u00bb][et_pb_column type=\u00a0\u00bb1_2&Prime; _builder_version=\u00a0\u00bb4.25.1&Prime; custom_padding=\u00a0\u00bb|||8vw|false|false\u00a0\u00bb custom_css_main_element=\u00a0\u00bbmargin: auto !important;\u00a0\u00bb global_colors_info=\u00a0\u00bb{}\u00a0\u00bb custom_padding__hover=\u00a0\u00bb|||\u00a0\u00bb][et_pb_post_title meta=\u00a0\u00bboff\u00a0\u00bb featured_image=\u00a0\u00bboff\u00a0\u00bb _builder_version=\u00a0\u00bb4.25.1&Prime; title_font=\u00a0\u00bbPT Serif|700||on|||||\u00a0\u00bb title_text_align=\u00a0\u00bbleft\u00a0\u00bb title_text_color=\u00a0\u00bb#ffffff\u00a0\u00bb title_font_size=\u00a0\u00bb30px\u00a0\u00bb title_font_size_tablet=\u00a0\u00bb\u00a0\u00bb title_font_size_phone=\u00a0\u00bb20px\u00a0\u00bb title_font_size_last_edited=\u00a0\u00bbon|desktop\u00a0\u00bb global_colors_info=\u00a0\u00bb{}\u00a0\u00bb][\/et_pb_post_title][\/et_pb_column][et_pb_column type=\u00a0\u00bb1_2&Prime; _builder_version=\u00a0\u00bb4.16&Prime; custom_padding=\u00a0\u00bb|||\u00a0\u00bb global_colors_info=\u00a0\u00bb{}\u00a0\u00bb custom_padding__hover=\u00a0\u00bb|||\u00a0\u00bb][et_pb_image src=\u00a0\u00bbhttps:\/\/www.afroheritage.ca\/wp-content\/uploads\/2024\/06\/Griot-Definition-Banner-size-orange.png\u00a0\u00bb title_text=\u00a0\u00bbGriot-Definition-Banner-size-orange\u00a0\u00bb _builder_version=\u00a0\u00bb4.25.1&Prime; _module_preset=\u00a0\u00bbdefault\u00a0\u00bb width=\u00a0\u00bb100%\u00a0\u00bb global_colors_info=\u00a0\u00bb{}\u00a0\u00bb][\/et_pb_image][\/et_pb_column][\/et_pb_row][\/et_pb_section][et_pb_section fb_built=\u00a0\u00bb1&Prime; _builder_version=\u00a0\u00bb4.25.1&Prime; background_image=\u00a0\u00bbhttps:\/\/www.afroheritage.ca\/wp-content\/uploads\/2024\/05\/nova-scotia-trans.png\u00a0\u00bb custom_padding=\u00a0\u00bb80px|0px|80px|0px|true|false\u00a0\u00bb da_disable_devices=\u00a0\u00bboff|off|off\u00a0\u00bb locked=\u00a0\u00bboff\u00a0\u00bb global_colors_info=\u00a0\u00bb{}\u00a0\u00bb da_is_popup=\u00a0\u00bboff\u00a0\u00bb da_exit_intent=\u00a0\u00bboff\u00a0\u00bb da_has_close=\u00a0\u00bbon\u00a0\u00bb da_alt_close=\u00a0\u00bboff\u00a0\u00bb da_dark_close=\u00a0\u00bboff\u00a0\u00bb da_not_modal=\u00a0\u00bbon\u00a0\u00bb da_is_singular=\u00a0\u00bboff\u00a0\u00bb da_with_loader=\u00a0\u00bboff\u00a0\u00bb da_has_shadow=\u00a0\u00bbon\u00a0\u00bb][et_pb_row column_structure=\u00a0\u00bb2_5,3_5&Prime; use_custom_gutter=\u00a0\u00bbon\u00a0\u00bb gutter_width=\u00a0\u00bb2&Prime; make_equal=\u00a0\u00bbon\u00a0\u00bb _builder_version=\u00a0\u00bb4.25.1&Prime; width=\u00a0\u00bb90%\u00a0\u00bb max_width=\u00a0\u00bb100%\u00a0\u00bb custom_padding=\u00a0\u00bb|0px||0px|false|false\u00a0\u00bb global_colors_info=\u00a0\u00bb{}\u00a0\u00bb][et_pb_column type=\u00a0\u00bb2_5&Prime; _builder_version=\u00a0\u00bb4.16&Prime; custom_padding=\u00a0\u00bb|||\u00a0\u00bb global_colors_info=\u00a0\u00bb{}\u00a0\u00bb custom_padding__hover=\u00a0\u00bb|||\u00a0\u00bb][et_pb_text _builder_version=\u00a0\u00bb4.25.1&Prime; text_font=\u00a0\u00bbPoppins|700||on|||||\u00a0\u00bb text_text_color=\u00a0\u00bb#000000&Prime; text_font_size=\u00a0\u00bb30px\u00a0\u00bb text_line_height=\u00a0\u00bb1.3em\u00a0\u00bb header_2_font=\u00a0\u00bbPT Serif|700|||||||\u00a0\u00bb header_2_text_color=\u00a0\u00bbgcid-929d50d3-7c67-4b13-8919-22366598db4e\u00a0\u00bb text_font_size_tablet=\u00a0\u00bb\u00a0\u00bb text_font_size_phone=\u00a0\u00bb25px\u00a0\u00bb text_font_size_last_edited=\u00a0\u00bbon|desktop\u00a0\u00bb global_colors_info=\u00a0\u00bb{%22gcid-929d50d3-7c67-4b13-8919-22366598db4e%22:%91%22header_2_text_color%22%93}\u00a0\u00bb]<\/p>\n<h2>Campsie et Vall\u00e9e de l&rsquo;Ambre<br \/>\nAlberta<\/h2>\n<p>[\/et_pb_text][et_pb_text _builder_version=\u00a0\u00bb4.25.1&Prime; text_font=\u00a0\u00bbNoto Sans||||||||\u00a0\u00bb text_text_color=\u00a0\u00bb#000000&Prime; max_width=\u00a0\u00bb100%\u00a0\u00bb max_width_tablet=\u00a0\u00bb100%\u00a0\u00bb max_width_phone=\u00a0\u00bb100%\u00a0\u00bb max_width_last_edited=\u00a0\u00bbon|tablet\u00a0\u00bb custom_margin=\u00a0\u00bb|||\u00a0\u00bb custom_margin_tablet=\u00a0\u00bb\u00a0\u00bb custom_margin_phone=\u00a0\u00bb-14px||\u00a0\u00bb custom_margin_last_edited=\u00a0\u00bbon|desktop\u00a0\u00bb custom_padding=\u00a0\u00bb|||||false\u00a0\u00bb hover_enabled=\u00a0\u00bb0&Prime; global_colors_info=\u00a0\u00bb{}\u00a0\u00bb sticky_enabled=\u00a0\u00bb0&Prime;]<\/p>\n<p>Les communaut\u00e9s noires de l&rsquo;Alberta, comme celles de Campsie et d&rsquo;Amber Valley \u00e0 Edmonton, ont contribu\u00e9 de mani\u00e8re significative au tissu culturel et social de la province. Ces communaut\u00e9s, dont les racines remontent aux colons et aux immigrants du d\u00e9but du XXe si\u00e8cle, ont prosp\u00e9r\u00e9 malgr\u00e9 les d\u00e9fis historiques et actuels auxquels elles sont confront\u00e9es.<\/p>\n<p>Les r\u00e9cits des communaut\u00e9s noires de l&rsquo;Alberta sont essentiels pour reconna\u00eetre leur r\u00e9silience, c\u00e9l\u00e9brer leur patrimoine culturel et lutter contre les in\u00e9galit\u00e9s syst\u00e9miques auxquelles elles ont \u00e9t\u00e9 confront\u00e9es. En pr\u00e9servant et en partageant ces r\u00e9cits, nous assurons une compr\u00e9hension plus inclusive de l&rsquo;histoire de l&rsquo;Alberta et nous inspirons des progr\u00e8s continus vers l&rsquo;\u00e9quit\u00e9 et la justice.<\/p>\n<p>[\/et_pb_text][et_pb_button button_url=\u00a0\u00bb@ET-DC@eyJkeW5hbWljIjp0cnVlLCJjb250ZW50IjoicG9zdF9saW5rX3VybF9wYWdlIiwic2V0dGluZ3MiOnsicG9zdF9pZCI6IjIzMDU1NSJ9fQ==@\u00a0\u00bb button_text=\u00a0\u00bbApprendre encore plus\u00a0\u00bb button_alignment=\u00a0\u00bbleft\u00a0\u00bb _builder_version=\u00a0\u00bb4.25.1&Prime; _dynamic_attributes=\u00a0\u00bbbutton_url\u00a0\u00bb custom_button=\u00a0\u00bbon\u00a0\u00bb button_text_size=\u00a0\u00bb14px\u00a0\u00bb button_text_color=\u00a0\u00bbgcid-103d397a-6f46-4147-b0c5-92a84b92f997&Prime; button_bg_color=\u00a0\u00bbrgba(56,56,56,0)\u00a0\u00bb button_border_width=\u00a0\u00bb0px\u00a0\u00bb button_border_color=\u00a0\u00bb#383838&Prime; button_border_radius=\u00a0\u00bb0px\u00a0\u00bb button_letter_spacing=\u00a0\u00bb1px\u00a0\u00bb button_font=\u00a0\u00bbNoto Sans|||||on|||\u00a0\u00bb button_icon=\u00a0\u00bb&#x24;||divi||400&Prime; button_on_hover=\u00a0\u00bboff\u00a0\u00bb custom_margin=\u00a0\u00bb21px||\u00a0\u00bb custom_padding=\u00a0\u00bb0px|0px|0px|0px|true|true\u00a0\u00bb global_colors_info=\u00a0\u00bb{%22gcid-103d397a-6f46-4147-b0c5-92a84b92f997%22:%91%22button_text_color%22%93}\u00a0\u00bb button_bg_color__hover_enabled=\u00a0\u00bbon\u00a0\u00bb button_bg_color__hover=\u00a0\u00bbrgba(191,191,191,0)\u00a0\u00bb button_letter_spacing__hover_enabled=\u00a0\u00bbon\u00a0\u00bb button_letter_spacing__hover=\u00a0\u00bb2px\u00a0\u00bb button_border_color__hover_enabled=\u00a0\u00bbon\u00a0\u00bb button_border_color__hover=\u00a0\u00bbrgba(191,191,191,0)\u00a0\u00bb button_text_color__hover_enabled=\u00a0\u00bbon\u00a0\u00bb button_text_color__hover=\u00a0\u00bb#000000&Prime;][\/et_pb_button][\/et_pb_column][et_pb_column type=\u00a0\u00bb3_5&Prime; _builder_version=\u00a0\u00bb4.25.1&Prime; background_color=\u00a0\u00bbRGBA(255,255,255,0)\u00a0\u00bb custom_padding=\u00a0\u00bb|||\u00a0\u00bb global_colors_info=\u00a0\u00bb{}\u00a0\u00bb custom_padding__hover=\u00a0\u00bb|||\u00a0\u00bb][aioc_team_carousel space_between_slides=\u00a0\u00bb10px\u00a0\u00bb slide_center_mode=\u00a0\u00bbon\u00a0\u00bb equalize_slides_height=\u00a0\u00bbon\u00a0\u00bb show_arrow=\u00a0\u00bbon\u00a0\u00bb show_arrow_on_hover=\u00a0\u00bbon\u00a0\u00bb arrows_position=\u00a0\u00bboutside\u00a0\u00bb content_alignment=\u00a0\u00bbbottom_center\u00a0\u00bb arrow_color=\u00a0\u00bbgcid-103d397a-6f46-4147-b0c5-92a84b92f997&Prime; content_bg_color=\u00a0\u00bb#FFFFFF\u00a0\u00bb _builder_version=\u00a0\u00bb4.25.1&Prime; _module_preset=\u00a0\u00bbdefault\u00a0\u00bb name_font=\u00a0\u00bbPT Serif|700|||||||\u00a0\u00bb name_text_color=\u00a0\u00bbgcid-103d397a-6f46-4147-b0c5-92a84b92f997&Prime; designation_text_color=\u00a0\u00bb#000000&Prime; background_color=\u00a0\u00bbRGBA(255,255,255,0)\u00a0\u00bb border_width_top_image=\u00a0\u00bb4px\u00a0\u00bb border_color_top_image=\u00a0\u00bbgcid-103d397a-6f46-4147-b0c5-92a84b92f997&Prime; border_width_right_image=\u00a0\u00bb4px\u00a0\u00bb border_color_right_image=\u00a0\u00bbgcid-01adb228-1b97-42ae-9724-183fa58c86fe\u00a0\u00bb border_width_bottom_image=\u00a0\u00bb4px\u00a0\u00bb border_color_bottom_image=\u00a0\u00bbgcid-9c5a2f21-02da-43e2-9271-99be3f01116e\u00a0\u00bb border_width_left_image=\u00a0\u00bb4px\u00a0\u00bb border_color_left_image=\u00a0\u00bbgcid-929d50d3-7c67-4b13-8919-22366598db4e\u00a0\u00bb global_colors_info=\u00a0\u00bb{%22gcid-103d397a-6f46-4147-b0c5-92a84b92f997%22:%91%22name_text_color%22,%22border_color_top_image%22,%22arrow_color%22%93,%22gcid-01adb228-1b97-42ae-9724-183fa58c86fe%22:%91%22border_color_right_image%22%93,%22gcid-9c5a2f21-02da-43e2-9271-99be3f01116e%22:%91%22border_color_bottom_image%22%93,%22gcid-929d50d3-7c67-4b13-8919-22366598db4e%22:%91%22border_color_left_image%22%93}\u00a0\u00bb][aioc_team_carousel_item name=\u00a0\u00bbDebbie Beaver\u00a0\u00bb designation=\u00a0\u00bbAmber Valley &amp; Campsie\u00a0\u00bb image=\u00a0\u00bbhttps:\/\/www.afroheritage.ca\/wp-content\/uploads\/2024\/06\/Debbie-Beaver.jpg\u00a0\u00bb _builder_version=\u00a0\u00bb4.25.1&Prime; _dynamic_attributes=\u00a0\u00bblink_option_url\u00a0\u00bb _module_preset=\u00a0\u00bbdefault\u00a0\u00bb link_option_url=\u00a0\u00bb@ET-DC@eyJkeW5hbWljIjp0cnVlLCJjb250ZW50IjoicG9zdF9saW5rX3VybF9wYWdlIiwic2V0dGluZ3MiOnsicG9zdF9pZCI6IjIzMDMyOSJ9fQ==@\u00a0\u00bb global_colors_info=\u00a0\u00bb{}\u00a0\u00bb][\/aioc_team_carousel_item][aioc_team_carousel_item name=\u00a0\u00bbGilbert Williams\u00a0\u00bb designation=\u00a0\u00bbAmber Valley Cultural Centre\u00a0\u00bb image=\u00a0\u00bbhttps:\/\/www.afroheritage.ca\/wp-content\/uploads\/2024\/06\/cvwDjGPEPKo-HD.jpg\u00a0\u00bb _builder_version=\u00a0\u00bb4.25.1&Prime; _dynamic_attributes=\u00a0\u00bblink_option_url\u00a0\u00bb _module_preset=\u00a0\u00bbdefault\u00a0\u00bb link_option_url=\u00a0\u00bb@ET-DC@eyJkeW5hbWljIjp0cnVlLCJjb250ZW50IjoicG9zdF9saW5rX3VybF9wYWdlIiwic2V0dGluZ3MiOnsicG9zdF9pZCI6IjIzMDMyOSJ9fQ==@\u00a0\u00bb global_colors_info=\u00a0\u00bb{}\u00a0\u00bb][\/aioc_team_carousel_item][aioc_team_carousel_item name=\u00a0\u00bbAshley Yeates\u00a0\u00bb image=\u00a0\u00bbhttps:\/\/www.afroheritage.ca\/wp-content\/uploads\/2024\/06\/4KjvILvBnEk-HD.jpg\u00a0\u00bb _builder_version=\u00a0\u00bb4.25.1&Prime; _dynamic_attributes=\u00a0\u00bblink_option_url\u00a0\u00bb _module_preset=\u00a0\u00bbdefault\u00a0\u00bb link_option_url=\u00a0\u00bb@ET-DC@eyJkeW5hbWljIjp0cnVlLCJjb250ZW50IjoicG9zdF9saW5rX3VybF9wYWdlIiwic2V0dGluZ3MiOnsicG9zdF9pZCI6IjIzMDE1MSJ9fQ==@\u00a0\u00bb global_colors_info=\u00a0\u00bb{}\u00a0\u00bb][\/aioc_team_carousel_item][\/aioc_team_carousel][\/et_pb_column][\/et_pb_row][\/et_pb_section]<\/p>\n","protected":false},"excerpt":{"rendered":"<p>Campsie et Vall\u00e9e de l&rsquo;Ambre AlbertaLes communaut\u00e9s noires de l&rsquo;Alberta, comme celles de Campsie et d&rsquo;Amber Valley \u00e0 Edmonton, ont contribu\u00e9 de mani\u00e8re significative au tissu culturel et social de la province. Ces communaut\u00e9s, dont les racines remontent aux colons et aux immigrants du d\u00e9but du XXe si\u00e8cle, ont prosp\u00e9r\u00e9 malgr\u00e9 les d\u00e9fis historiques et\u2026 <a href=\"https:\/\/www.afroheritage.ca\/fr\/et_pb_layout\/footer-6\/\">Read More &raquo;<\/a><\/p>\n","protected":false},"author":1,"featured_media":0,"parent":0,"menu_order":0,"comment_status":"closed","ping_status":"closed","template":"","meta":{"_acf_changed":false,"_et_pb_use_builder":"on","_et_pb_old_content":"","_et_gb_content_width":"","footnotes":""},"class_list":["post-231797","page","type-page","status-publish","hentry"],"acf":[],"_links":{"self":[{"href":"https:\/\/www.afroheritage.ca\/fr\/wp-json\/wp\/v2\/pages\/231797","targetHints":{"allow":["GET"]}}],"collection":[{"href":"https:\/\/www.afroheritage.ca\/fr\/wp-json\/wp\/v2\/pages"}],"about":[{"href":"https:\/\/www.afroheritage.ca\/fr\/wp-json\/wp\/v2\/types\/page"}],"author":[{"embeddable":true,"href":"https:\/\/www.afroheritage.ca\/fr\/wp-json\/wp\/v2\/users\/1"}],"replies":[{"embeddable":true,"href":"https:\/\/www.afroheritage.ca\/fr\/wp-json\/wp\/v2\/comments?post=231797"}],"version-history":[{"count":0,"href":"https:\/\/www.afroheritage.ca\/fr\/wp-json\/wp\/v2\/pages\/231797\/revisions"}],"wp:attachment":[{"href":"https:\/\/www.afroheritage.ca\/fr\/wp-json\/wp\/v2\/media?parent=231797"}],"curies":[{"name":"wp","href":"https:\/\/api.w.org\/{rel}","templated":true}]}}